{"id":2605,"date":"2025-04-09T17:10:28","date_gmt":"2025-04-09T17:10:28","guid":{"rendered":"https:\/\/crnaknjiga.com\/?post_type=organizacije&#038;p=2605"},"modified":"2025-04-09T17:10:37","modified_gmt":"2025-04-09T17:10:37","slug":"fondacija-za-srpski-narod-i-drzavu","status":"publish","type":"organizacije","link":"https:\/\/crnaknjiga.com\/en\/organizacije\/fondacija-za-srpski-narod-i-drzavu\/","title":{"rendered":"Fondacija Za srpski narod i dr\u017eavu"},"content":{"rendered":"<p><b>Fondacija \u201eZa srpski narod i dr\u017eavu\u201d<\/b>\u00a0jeste\u00a0<a title=\"Fondacija\" href=\"https:\/\/sr.wikipedia.org\/wiki\/%D0%A4%D0%BE%D0%BD%D0%B4%D0%B0%D1%86%D0%B8%D1%98%D0%B0\">fondacija<\/a>\u00a0<a title=\"Srpska napredna stranka\" href=\"https:\/\/sr.wikipedia.org\/wiki\/%D0%A1%D1%80%D0%BF%D1%81%D0%BA%D0%B0_%D0%BD%D0%B0%D0%BF%D1%80%D0%B5%D0%B4%D0%BD%D0%B0_%D1%81%D1%82%D1%80%D0%B0%D0%BD%D0%BA%D0%B0\">Srpske napredne stranke<\/a>, osnovana\u00a0<a class=\"mw-redirect\" title=\"1. oktobra\" href=\"https:\/\/sr.wikipedia.org\/wiki\/1._%D0%BE%D0%BA%D1%82%D0%BE%D0%B1%D1%80%D0%B0\">1. oktobra<\/a>\u00a0<a title=\"2019\" href=\"https:\/\/sr.wikipedia.org\/wiki\/2019\">2019<\/a>. godine.<\/p>\n<p>Organi fondacije su: Upravni odbor, koji \u010dine predsednik i osam \u010dlanova, i Direktor Fondacije, s mandatom od \u010detiri godine. Predsednik Upravnog odbora Fondacije je\u00a0<a title=\"Dejan Mihajlov\" href=\"https:\/\/sr.wikipedia.org\/wiki\/%D0%94%D0%B5%D1%98%D0%B0%D0%BD_%D0%9C%D0%B8%D1%85%D0%B0%D1%98%D0%BB%D0%BE%D0%B2\">Dejan Mihajlov<\/a>. Rad Fondacije je javan, a najvi\u0161i akt je Statut.<sup id=\"cite_ref-1\" class=\"reference\"><a href=\"https:\/\/sr.wikipedia.org\/sr-el\/%D0%A4%D0%BE%D0%BD%D0%B4%D0%B0%D1%86%D0%B8%D1%98%D0%B0_%D0%97%D0%B0_%D1%81%D1%80%D0%BF%D1%81%D0%BA%D0%B8_%D0%BD%D0%B0%D1%80%D0%BE%D0%B4_%D0%B8_%D0%B4%D1%80%D0%B6%D0%B0%D0%B2%D1%83#cite_note-1\"><span class=\"cite-bracket\">[<\/span>1<span class=\"cite-bracket\">]<\/span><\/a><\/sup><\/p>\n<div class=\"mw-heading mw-heading2\">\n<h2 id=\"\u0418\u0441\u0442\u043e\u0440\u0438\u0458\u0430\u0442\"><span id=\".D0.98.D1.81.D1.82.D0.BE.D1.80.D0.B8.D1.98.D0.B0.D1.82\"><\/span>Istorijat<\/h2>\n<p><span class=\"mw-editsection\"><span class=\"mw-editsection-bracket\">[<\/span><a class=\"mw-editsection-visualeditor\" title=\"Uredite odeljak \u201eIstorijat\u201d\" href=\"https:\/\/sr.wikipedia.org\/w\/index.php?title=%D0%A4%D0%BE%D0%BD%D0%B4%D0%B0%D1%86%D0%B8%D1%98%D0%B0_%D0%97%D0%B0_%D1%81%D1%80%D0%BF%D1%81%D0%BA%D0%B8_%D0%BD%D0%B0%D1%80%D0%BE%D0%B4_%D0%B8_%D0%B4%D1%80%D0%B6%D0%B0%D0%B2%D1%83&amp;veaction=edit&amp;section=1\">uredi<\/a><span class=\"mw-editsection-divider\">\u00a0|\u00a0<\/span><a title=\"Edit section's source code: Istorijat\" href=\"https:\/\/sr.wikipedia.org\/w\/index.php?title=%D0%A4%D0%BE%D0%BD%D0%B4%D0%B0%D1%86%D0%B8%D1%98%D0%B0_%D0%97%D0%B0_%D1%81%D1%80%D0%BF%D1%81%D0%BA%D0%B8_%D0%BD%D0%B0%D1%80%D0%BE%D0%B4_%D0%B8_%D0%B4%D1%80%D0%B6%D0%B0%D0%B2%D1%83&amp;action=edit&amp;section=1\">uredi izvor<\/a><span class=\"mw-editsection-bracket\">]<\/span><\/span><\/div>\n<p>Fondacija je osnovana 1. oktobra 2019. godine, na inicijativu predsednika\u00a0<a title=\"Srpska napredna stranka\" href=\"https:\/\/sr.wikipedia.org\/wiki\/%D0%A1%D1%80%D0%BF%D1%81%D0%BA%D0%B0_%D0%BD%D0%B0%D0%BF%D1%80%D0%B5%D0%B4%D0%BD%D0%B0_%D1%81%D1%82%D1%80%D0%B0%D0%BD%D0%BA%D0%B0\">Srpske napredne stranke<\/a>\u00a0<a title=\"Aleksandar Vu\u010di\u0107\" href=\"https:\/\/sr.wikipedia.org\/wiki\/%D0%90%D0%BB%D0%B5%D0%BA%D1%81%D0%B0%D0%BD%D0%B4%D0%B0%D1%80_%D0%92%D1%83%D1%87%D0%B8%D1%9B\">Aleksandra Vu\u010di\u0107a<\/a>.<\/p>\n<p>Ranije je bilo najavljeno da \u0107e fondacija nositi ime knji\u017eevnika\u00a0<a title=\"Branislav Crn\u010devi\u0107\" href=\"https:\/\/sr.wikipedia.org\/wiki\/%D0%91%D1%80%D0%B0%D0%BD%D0%B8%D1%81%D0%BB%D0%B0%D0%B2_%D0%A6%D1%80%D0%BD%D1%87%D0%B5%D0%B2%D0%B8%D1%9B\">Brane Crn\u010devi\u0107a<\/a>, jednog od osniva\u010da\u00a0<a title=\"Srpska napredna stranka\" href=\"https:\/\/sr.wikipedia.org\/wiki\/%D0%A1%D1%80%D0%BF%D1%81%D0%BA%D0%B0_%D0%BD%D0%B0%D0%BF%D1%80%D0%B5%D0%B4%D0%BD%D0%B0_%D1%81%D1%82%D1%80%D0%B0%D0%BD%D0%BA%D0%B0\">Srpske napredne stranke<\/a>, a da \u0107e uzor u delovanju biti\u00a0<a title=\"Fondacija Konrad Adenauer\" href=\"https:\/\/sr.wikipedia.org\/wiki\/%D0%A4%D0%BE%D0%BD%D0%B4%D0%B0%D1%86%D0%B8%D1%98%D0%B0_%D0%9A%D0%BE%D0%BD%D1%80%D0%B0%D0%B4_%D0%90%D0%B4%D0%B5%D0%BD%D0%B0%D1%83%D0%B5%D1%80\">Fondacija Konrad Adenauer<\/a>, \u010diji je osniva\u010d\u00a0<a title=\"Hri\u0161\u0107ansko-demokratska unija Nema\u010dke\" href=\"https:\/\/sr.wikipedia.org\/wiki\/%D0%A5%D1%80%D0%B8%D1%88%D1%9B%D0%B0%D0%BD%D1%81%D0%BA%D0%BE-%D0%B4%D0%B5%D0%BC%D0%BE%D0%BA%D1%80%D0%B0%D1%82%D1%81%D0%BA%D0%B0_%D1%83%D0%BD%D0%B8%D1%98%D0%B0_%D0%9D%D0%B5%D0%BC%D0%B0%D1%87%D0%BA%D0%B5\">Hri\u0161\u0107ansko-demokratska unija Nema\u010dke<\/a>.<sup id=\"cite_ref-2\" class=\"reference\"><a href=\"https:\/\/sr.wikipedia.org\/sr-el\/%D0%A4%D0%BE%D0%BD%D0%B4%D0%B0%D1%86%D0%B8%D1%98%D0%B0_%D0%97%D0%B0_%D1%81%D1%80%D0%BF%D1%81%D0%BA%D0%B8_%D0%BD%D0%B0%D1%80%D0%BE%D0%B4_%D0%B8_%D0%B4%D1%80%D0%B6%D0%B0%D0%B2%D1%83#cite_note-2\"><span class=\"cite-bracket\">[<\/span>2<span class=\"cite-bracket\">]<\/span><\/a><\/sup><\/p>\n<div class=\"mw-heading mw-heading2\">\n<h2 id=\"\u0410\u043a\u0442\u0438\u0432\u043d\u043e\u0441\u0442\u0438\"><span id=\".D0.90.D0.BA.D1.82.D0.B8.D0.B2.D0.BD.D0.BE.D1.81.D1.82.D0.B8\"><\/span>Aktivnosti<\/h2>\n<p><span class=\"mw-editsection\"><span class=\"mw-editsection-bracket\">[<\/span><a class=\"mw-editsection-visualeditor\" title=\"Uredite odeljak \u201eAktivnosti\u201d\" href=\"https:\/\/sr.wikipedia.org\/w\/index.php?title=%D0%A4%D0%BE%D0%BD%D0%B4%D0%B0%D1%86%D0%B8%D1%98%D0%B0_%D0%97%D0%B0_%D1%81%D1%80%D0%BF%D1%81%D0%BA%D0%B8_%D0%BD%D0%B0%D1%80%D0%BE%D0%B4_%D0%B8_%D0%B4%D1%80%D0%B6%D0%B0%D0%B2%D1%83&amp;veaction=edit&amp;section=2\">uredi<\/a><span class=\"mw-editsection-divider\">\u00a0|\u00a0<\/span><a title=\"Edit section's source code: Aktivnosti\" href=\"https:\/\/sr.wikipedia.org\/w\/index.php?title=%D0%A4%D0%BE%D0%BD%D0%B4%D0%B0%D1%86%D0%B8%D1%98%D0%B0_%D0%97%D0%B0_%D1%81%D1%80%D0%BF%D1%81%D0%BA%D0%B8_%D0%BD%D0%B0%D1%80%D0%BE%D0%B4_%D0%B8_%D0%B4%D1%80%D0%B6%D0%B0%D0%B2%D1%83&amp;action=edit&amp;section=2\">uredi izvor<\/a><span class=\"mw-editsection-bracket\">]<\/span><\/span><\/div>\n<div class=\"mw-heading mw-heading3\">\n<h3 id=\"\u0410\u043a\u0430\u0434\u0435\u043c\u0438\u0458\u0430_\u043c\u043b\u0430\u0434\u0438\u0445_\u043b\u0438\u0434\u0435\u0440\u0430\"><span id=\".D0.90.D0.BA.D0.B0.D0.B4.D0.B5.D0.BC.D0.B8.D1.98.D0.B0_.D0.BC.D0.BB.D0.B0.D0.B4.D0.B8.D1.85_.D0.BB.D0.B8.D0.B4.D0.B5.D1.80.D0.B0\"><\/span>Akademija mladih lidera<\/h3>\n<p><span class=\"mw-editsection\"><span class=\"mw-editsection-bracket\">[<\/span><a class=\"mw-editsection-visualeditor\" title=\"Uredite odeljak \u201eAkademija mladih lidera\u201d\" href=\"https:\/\/sr.wikipedia.org\/w\/index.php?title=%D0%A4%D0%BE%D0%BD%D0%B4%D0%B0%D1%86%D0%B8%D1%98%D0%B0_%D0%97%D0%B0_%D1%81%D1%80%D0%BF%D1%81%D0%BA%D0%B8_%D0%BD%D0%B0%D1%80%D0%BE%D0%B4_%D0%B8_%D0%B4%D1%80%D0%B6%D0%B0%D0%B2%D1%83&amp;veaction=edit&amp;section=3\">uredi<\/a><span class=\"mw-editsection-divider\">\u00a0|\u00a0<\/span><a title=\"Edit section's source code: Akademija mladih lidera\" href=\"https:\/\/sr.wikipedia.org\/w\/index.php?title=%D0%A4%D0%BE%D0%BD%D0%B4%D0%B0%D1%86%D0%B8%D1%98%D0%B0_%D0%97%D0%B0_%D1%81%D1%80%D0%BF%D1%81%D0%BA%D0%B8_%D0%BD%D0%B0%D1%80%D0%BE%D0%B4_%D0%B8_%D0%B4%D1%80%D0%B6%D0%B0%D0%B2%D1%83&amp;action=edit&amp;section=3\">uredi izvor<\/a><span class=\"mw-editsection-bracket\">]<\/span><\/span><\/div>\n<p>Fondacija organizuje Akademiju mladih lidera, na kojoj se vr\u0161i obuka kroz predavanja mladim \u010dlanovima\u00a0<a title=\"Srpska napredna stranka\" href=\"https:\/\/sr.wikipedia.org\/wiki\/%D0%A1%D1%80%D0%BF%D1%81%D0%BA%D0%B0_%D0%BD%D0%B0%D0%BF%D1%80%D0%B5%D0%B4%D0%BD%D0%B0_%D1%81%D1%82%D1%80%D0%B0%D0%BD%D0%BA%D0%B0\">Srpske napredne stranke<\/a>.<sup id=\"cite_ref-3\" class=\"reference\"><a href=\"https:\/\/sr.wikipedia.org\/sr-el\/%D0%A4%D0%BE%D0%BD%D0%B4%D0%B0%D1%86%D0%B8%D1%98%D0%B0_%D0%97%D0%B0_%D1%81%D1%80%D0%BF%D1%81%D0%BA%D0%B8_%D0%BD%D0%B0%D1%80%D0%BE%D0%B4_%D0%B8_%D0%B4%D1%80%D0%B6%D0%B0%D0%B2%D1%83#cite_note-3\"><span class=\"cite-bracket\">[<\/span>3<span class=\"cite-bracket\">]<\/span><\/a><\/sup><sup id=\"cite_ref-4\" class=\"reference\"><a href=\"https:\/\/sr.wikipedia.org\/sr-el\/%D0%A4%D0%BE%D0%BD%D0%B4%D0%B0%D1%86%D0%B8%D1%98%D0%B0_%D0%97%D0%B0_%D1%81%D1%80%D0%BF%D1%81%D0%BA%D0%B8_%D0%BD%D0%B0%D1%80%D0%BE%D0%B4_%D0%B8_%D0%B4%D1%80%D0%B6%D0%B0%D0%B2%D1%83#cite_note-4\"><span class=\"cite-bracket\">[<\/span>4<span class=\"cite-bracket\">]<\/span><\/a><\/sup><sup id=\"cite_ref-5\" class=\"reference\"><a href=\"https:\/\/sr.wikipedia.org\/sr-el\/%D0%A4%D0%BE%D0%BD%D0%B4%D0%B0%D1%86%D0%B8%D1%98%D0%B0_%D0%97%D0%B0_%D1%81%D1%80%D0%BF%D1%81%D0%BA%D0%B8_%D0%BD%D0%B0%D1%80%D0%BE%D0%B4_%D0%B8_%D0%B4%D1%80%D0%B6%D0%B0%D0%B2%D1%83#cite_note-5\"><span class=\"cite-bracket\">[<\/span>5<span class=\"cite-bracket\">]<\/span><\/a><\/sup>\u00a0Osim predavanja, za polaznike se organizuju i studijske posete, uklju\u010duju\u0107i i posete Kosovu i Metohiji.<sup id=\"cite_ref-6\" class=\"reference\"><a href=\"https:\/\/sr.wikipedia.org\/sr-el\/%D0%A4%D0%BE%D0%BD%D0%B4%D0%B0%D1%86%D0%B8%D1%98%D0%B0_%D0%97%D0%B0_%D1%81%D1%80%D0%BF%D1%81%D0%BA%D0%B8_%D0%BD%D0%B0%D1%80%D0%BE%D0%B4_%D0%B8_%D0%B4%D1%80%D0%B6%D0%B0%D0%B2%D1%83#cite_note-6\"><span class=\"cite-bracket\">[<\/span>6<span class=\"cite-bracket\">]<\/span><\/a><\/sup><\/p>\n<p>Nekoliko polaznika prve generacije Akademije, bilo je na izbornoj listi Srpske napredne stranke na\u00a0<a class=\"mw-redirect\" title=\"Izbori za narodne poslanike Srbije 2020.\" href=\"https:\/\/sr.wikipedia.org\/wiki\/%D0%98%D0%B7%D0%B1%D0%BE%D1%80%D0%B8_%D0%B7%D0%B0_%D0%BD%D0%B0%D1%80%D0%BE%D0%B4%D0%BD%D0%B5_%D0%BF%D0%BE%D1%81%D0%BB%D0%B0%D0%BD%D0%B8%D0%BA%D0%B5_%D0%A1%D1%80%D0%B1%D0%B8%D1%98%D0%B5_2020.\">parlamentarnim izborima 2020<\/a>. godine, a me\u0111u onima, koji su postali narodni poslanici su:\u00a0<a title=\"Vuk Mir\u010deti\u0107\" href=\"https:\/\/sr.wikipedia.org\/wiki\/%D0%92%D1%83%D0%BA_%D0%9C%D0%B8%D1%80%D1%87%D0%B5%D1%82%D0%B8%D1%9B\">Vuk Mir\u010deti\u0107<\/a>, Marijana Krajnovi\u0107, Milo\u0161 Terzi\u0107, Luka Kebara, Milan Ili\u0107 i\u00a0<a title=\"Janko Langura\" href=\"https:\/\/sr.wikipedia.org\/wiki\/%D0%88%D0%B0%D0%BD%D0%BA%D0%BE_%D0%9B%D0%B0%D0%BD%D0%B3%D1%83%D1%80%D0%B0\">Janko Langura<\/a>.<\/p>\n<div class=\"mw-heading mw-heading3\">\n<h3 id=\"\u0418\u0437\u0434\u0430\u0432\u0430\u0447\u043a\u0430_\u0434\u0435\u043b\u0430\u0442\u043d\u043e\u0441\u0442\"><span id=\".D0.98.D0.B7.D0.B4.D0.B0.D0.B2.D0.B0.D1.87.D0.BA.D0.B0_.D0.B4.D0.B5.D0.BB.D0.B0.D1.82.D0.BD.D0.BE.D1.81.D1.82\"><\/span>Izdava\u010dka delatnost<\/h3>\n<p><span class=\"mw-editsection\"><span class=\"mw-editsection-bracket\">[<\/span><a class=\"mw-editsection-visualeditor\" title=\"Uredite odeljak \u201eIzdava\u010dka delatnost\u201d\" href=\"https:\/\/sr.wikipedia.org\/w\/index.php?title=%D0%A4%D0%BE%D0%BD%D0%B4%D0%B0%D1%86%D0%B8%D1%98%D0%B0_%D0%97%D0%B0_%D1%81%D1%80%D0%BF%D1%81%D0%BA%D0%B8_%D0%BD%D0%B0%D1%80%D0%BE%D0%B4_%D0%B8_%D0%B4%D1%80%D0%B6%D0%B0%D0%B2%D1%83&amp;veaction=edit&amp;section=4\">uredi<\/a><span class=\"mw-editsection-divider\">\u00a0|\u00a0<\/span><a title=\"Edit section's source code: Izdava\u010dka delatnost\" href=\"https:\/\/sr.wikipedia.org\/w\/index.php?title=%D0%A4%D0%BE%D0%BD%D0%B4%D0%B0%D1%86%D0%B8%D1%98%D0%B0_%D0%97%D0%B0_%D1%81%D1%80%D0%BF%D1%81%D0%BA%D0%B8_%D0%BD%D0%B0%D1%80%D0%BE%D0%B4_%D0%B8_%D0%B4%D1%80%D0%B6%D0%B0%D0%B2%D1%83&amp;action=edit&amp;section=4\">uredi izvor<\/a><span class=\"mw-editsection-bracket\">]<\/span><\/span><\/div>\n<p>Fondacija izdaje publikacije iz oblasti politi\u010dke teorije. Me\u0111u autorima \u010dije su publikacije do sada objavljene, jesu\u00a0<a title=\"Uro\u0161 \u0160uvakovi\u0107\" href=\"https:\/\/sr.wikipedia.org\/wiki\/%D0%A3%D1%80%D0%BE%D1%88_%D0%A8%D1%83%D0%B2%D0%B0%D0%BA%D0%BE%D0%B2%D0%B8%D1%9B\">Uro\u0161 \u0160uvakovi\u0107<\/a>,\u00a0<a class=\"new\" title=\"Dejan Vuk Stankovi\u0107 (stranica ne postoji)\" href=\"https:\/\/sr.wikipedia.org\/w\/index.php?title=%D0%94%D0%B5%D1%98%D0%B0%D0%BD_%D0%92%D1%83%D0%BA_%D0%A1%D1%82%D0%B0%D0%BD%D0%BA%D0%BE%D0%B2%D0%B8%D1%9B&amp;action=edit&amp;redlink=1\">Dejan Vuk Stankovi\u0107<\/a>,\u00a0<a title=\"Milenko Jovanov\" href=\"https:\/\/sr.wikipedia.org\/wiki\/%D0%9C%D0%B8%D0%BB%D0%B5%D0%BD%D0%BA%D0%BE_%D0%88%D0%BE%D0%B2%D0%B0%D0%BD%D0%BE%D0%B2\">Milenko Jovanov<\/a>,\u00a0<a class=\"new\" title=\"Zoran \u010cupi\u0107 (stranica ne postoji)\" href=\"https:\/\/sr.wikipedia.org\/w\/index.php?title=%D0%97%D0%BE%D1%80%D0%B0%D0%BD_%D0%A7%D1%83%D0%BF%D0%B8%D1%9B&amp;action=edit&amp;redlink=1\">Zoran \u010cupi\u0107<\/a>,\u00a0<a title=\"\u017divojin \u0110uri\u0107\" href=\"https:\/\/sr.wikipedia.org\/wiki\/%D0%96%D0%B8%D0%B2%D0%BE%D1%98%D0%B8%D0%BD_%D0%82%D1%83%D1%80%D0%B8%D1%9B\">\u017divojin \u0110uri\u0107<\/a>,\u00a0<a class=\"new\" title=\"Mi\u0161a Stojanovi\u0107 (stranica ne postoji)\" href=\"https:\/\/sr.wikipedia.org\/w\/index.php?title=%D0%9C%D0%B8%D1%88%D0%B0_%D0%A1%D1%82%D0%BE%D1%98%D0%B0%D0%BD%D0%BE%D0%B2%D0%B8%D1%9B&amp;action=edit&amp;redlink=1\">Mi\u0161a Stojanovi\u0107<\/a>,\u00a0<a title=\"Darko Goli\u0107\" href=\"https:\/\/sr.wikipedia.org\/wiki\/%D0%94%D0%B0%D1%80%D0%BA%D0%BE_%D0%93%D0%BE%D0%BB%D0%B8%D1%9B\">Darko Goli\u0107<\/a>,\u00a0<a title=\"Sini\u0161a Mali\" href=\"https:\/\/sr.wikipedia.org\/wiki\/%D0%A1%D0%B8%D0%BD%D0%B8%D1%88%D0%B0_%D0%9C%D0%B0%D0%BB%D0%B8\">Sini\u0161a Mali<\/a>&#8230;<\/p>\n<div class=\"mw-heading mw-heading3\">\n<h3 id=\"\u0427\u0430\u0441\u043e\u043f\u0438\u0441_\u0437\u0430_\u043f\u043e\u043b\u0438\u0442\u0438\u0447\u043a\u0443_\u0442\u0435\u043e\u0440\u0438\u0458\u0443_\u0438_\u043f\u0440\u0430\u043a\u0441\u0443_\u201e\u041d\u0430\u043f\u0440\u0435\u0434\u0430\u043a\u201d\"><span id=\".D0.A7.D0.B0.D1.81.D0.BE.D0.BF.D0.B8.D1.81_.D0.B7.D0.B0_.D0.BF.D0.BE.D0.BB.D0.B8.D1.82.D0.B8.D1.87.D0.BA.D1.83_.D1.82.D0.B5.D0.BE.D1.80.D0.B8.D1.98.D1.83_.D0.B8_.D0.BF.D1.80.D0.B0.D0.BA.D1.81.D1.83_.E2.80.9E.D0.9D.D0.B0.D0.BF.D1.80.D0.B5.D0.B4.D0.B0.D0.BA.E2.80.9D\"><\/span>\u010casopis za politi\u010dku teoriju i praksu \u201eNapredak\u201d<\/h3>\n<p><span class=\"mw-editsection\"><span class=\"mw-editsection-bracket\">[<\/span><a class=\"mw-editsection-visualeditor\" title=\"Uredite odeljak \u201e\u010casopis za politi\u010dku teoriju i praksu \u201eNapredak\u201d\u201d\" href=\"https:\/\/sr.wikipedia.org\/w\/index.php?title=%D0%A4%D0%BE%D0%BD%D0%B4%D0%B0%D1%86%D0%B8%D1%98%D0%B0_%D0%97%D0%B0_%D1%81%D1%80%D0%BF%D1%81%D0%BA%D0%B8_%D0%BD%D0%B0%D1%80%D0%BE%D0%B4_%D0%B8_%D0%B4%D1%80%D0%B6%D0%B0%D0%B2%D1%83&amp;veaction=edit&amp;section=5\">uredi<\/a><span class=\"mw-editsection-divider\">\u00a0|\u00a0<\/span><a title=\"Edit section's source code: \u010casopis za politi\u010dku teoriju i praksu \u201eNapredak\u201d\" href=\"https:\/\/sr.wikipedia.org\/w\/index.php?title=%D0%A4%D0%BE%D0%BD%D0%B4%D0%B0%D1%86%D0%B8%D1%98%D0%B0_%D0%97%D0%B0_%D1%81%D1%80%D0%BF%D1%81%D0%BA%D0%B8_%D0%BD%D0%B0%D1%80%D0%BE%D0%B4_%D0%B8_%D0%B4%D1%80%D0%B6%D0%B0%D0%B2%D1%83&amp;action=edit&amp;section=5\">uredi izvor<\/a><span class=\"mw-editsection-bracket\">]<\/span><\/span><\/div>\n<p>Fondacija izdaje \u010casopis za politi\u010dku teoriju i praksu &#8222;Napredak&#8220;, koji izlazi tri puta godi\u0161nje. Prvi broj \u010dasopisa je iza\u0161ao na\u00a0<a title=\"Vidovdan\" href=\"https:\/\/sr.wikipedia.org\/wiki\/%D0%92%D0%B8%D0%B4%D0%BE%D0%B2%D0%B4%D0%B0%D0%BD\">Vidovdan<\/a>\u00a0<a class=\"mw-redirect\" title=\"28. juna\" href=\"https:\/\/sr.wikipedia.org\/wiki\/28._%D1%98%D1%83%D0%BD%D0%B0\">28. juna<\/a>\u00a0<a title=\"2020\" href=\"https:\/\/sr.wikipedia.org\/wiki\/2020\">2020<\/a>. godine.<\/p>\n<p>Glavni i odgovorni urednik \u010dasopisa je prof. dr\u00a0<a title=\"Zoran Jevtovi\u0107\" href=\"https:\/\/sr.wikipedia.org\/wiki\/%D0%97%D0%BE%D1%80%D0%B0%D0%BD_%D0%88%D0%B5%D0%B2%D1%82%D0%BE%D0%B2%D0%B8%D1%9B\">Zoran Jevtovi\u0107<\/a>, a u redakciji \u010dasopisa su\u00a0<a title=\"Uro\u0161 \u0160uvakovi\u0107\" href=\"https:\/\/sr.wikipedia.org\/wiki\/%D0%A3%D1%80%D0%BE%D1%88_%D0%A8%D1%83%D0%B2%D0%B0%D0%BA%D0%BE%D0%B2%D0%B8%D1%9B\">Uro\u0161 \u0160uvakovi\u0107<\/a>,\u00a0<a title=\"Ivan Mrki\u0107\" href=\"https:\/\/sr.wikipedia.org\/wiki\/%D0%98%D0%B2%D0%B0%D0%BD_%D0%9C%D1%80%D0%BA%D0%B8%D1%9B\">Ivan Mrki\u0107<\/a>, prof. dr\u00a0<a title=\"Branko Raki\u0107 (pravnik)\" href=\"https:\/\/sr.wikipedia.org\/wiki\/%D0%91%D1%80%D0%B0%D0%BD%D0%BA%D0%BE_%D0%A0%D0%B0%D0%BA%D0%B8%D1%9B_(%D0%BF%D1%80%D0%B0%D0%B2%D0%BD%D0%B8%D0%BA)\">Branko Raki\u0107<\/a>, doc. dr\u00a0<a class=\"new\" title=\"Zoran \u010cupi\u0107 (stranica ne postoji)\" href=\"https:\/\/sr.wikipedia.org\/w\/index.php?title=%D0%97%D0%BE%D1%80%D0%B0%D0%BD_%D0%A7%D1%83%D0%BF%D0%B8%D1%9B&amp;action=edit&amp;redlink=1\">Zoran \u010cupi\u0107<\/a>, dr\u00a0<a class=\"new\" title=\"Ljubi\u0161a Despotovi\u0107 (stranica ne postoji)\" href=\"https:\/\/sr.wikipedia.org\/w\/index.php?title=%D0%89%D1%83%D0%B1%D0%B8%D1%88%D0%B0_%D0%94%D0%B5%D1%81%D0%BF%D0%BE%D1%82%D0%BE%D0%B2%D0%B8%D1%9B&amp;action=edit&amp;redlink=1\">Ljubi\u0161a Despotovi\u0107<\/a>, dr\u00a0<a title=\"Radoslav Ga\u0107inovi\u0107\" href=\"https:\/\/sr.wikipedia.org\/wiki\/%D0%A0%D0%B0%D0%B4%D0%BE%D1%81%D0%BB%D0%B0%D0%B2_%D0%93%D0%B0%D1%9B%D0%B8%D0%BD%D0%BE%D0%B2%D0%B8%D1%9B\">Radoslav Ga\u0107inovi\u0107<\/a>, prof. dr\u00a0<a title=\"Marko Atlagi\u0107\" href=\"https:\/\/sr.wikipedia.org\/wiki\/%D0%9C%D0%B0%D1%80%D0%BA%D0%BE_%D0%90%D1%82%D0%BB%D0%B0%D0%B3%D0%B8%D1%9B\">Marko Atlagi\u0107<\/a>, prof. dr\u00a0<a title=\"Dalibor Elezovi\u0107\" href=\"https:\/\/sr.wikipedia.org\/wiki\/%D0%94%D0%B0%D0%BB%D0%B8%D0%B1%D0%BE%D1%80_%D0%95%D0%BB%D0%B5%D0%B7%D0%BE%D0%B2%D0%B8%D1%9B\">Dalibor Elezovi\u0107<\/a>, Bojana Bori\u0107 Bre\u0161kovi\u0107, prof. dr Darko Nadi\u0107 i prof. dr Dejan Vuk Stankovi\u0107.<\/p>\n<p>Tekstove u \u010dasopisu \u201eNapredak\u201d su objavljivali\u00a0<a title=\"\u010cen Bo\" href=\"https:\/\/sr.wikipedia.org\/wiki\/%D0%A7%D0%B5%D0%BD_%D0%91%D0%BE\">\u010cen Bo<\/a>\u00a0(<a title=\"Ambasada NR Kine u Republici Srbiji\" href=\"https:\/\/sr.wikipedia.org\/wiki\/%D0%90%D0%BC%D0%B1%D0%B0%D1%81%D0%B0%D0%B4%D0%B0_%D0%9D%D0%A0_%D0%9A%D0%B8%D0%BD%D0%B5_%D1%83_%D0%A0%D0%B5%D0%BF%D1%83%D0%B1%D0%BB%D0%B8%D1%86%D0%B8_%D0%A1%D1%80%D0%B1%D0%B8%D1%98%D0%B8\">ambasadorka NR Kine u Srbiji<\/a>),<sup id=\"cite_ref-7\" class=\"reference\"><a href=\"https:\/\/sr.wikipedia.org\/sr-el\/%D0%A4%D0%BE%D0%BD%D0%B4%D0%B0%D1%86%D0%B8%D1%98%D0%B0_%D0%97%D0%B0_%D1%81%D1%80%D0%BF%D1%81%D0%BA%D0%B8_%D0%BD%D0%B0%D1%80%D0%BE%D0%B4_%D0%B8_%D0%B4%D1%80%D0%B6%D0%B0%D0%B2%D1%83#cite_note-7\"><span class=\"cite-bracket\">[<\/span>7<span class=\"cite-bracket\">]<\/span><\/a><\/sup>\u00a0<a title=\"Aleksandar Bocan-Har\u010denko\" href=\"https:\/\/sr.wikipedia.org\/wiki\/%D0%90%D0%BB%D0%B5%D0%BA%D1%81%D0%B0%D0%BD%D0%B4%D0%B0%D1%80_%D0%91%D0%BE%D1%86%D0%B0%D0%BD-%D0%A5%D0%B0%D1%80%D1%87%D0%B5%D0%BD%D0%BA%D0%BE\">Aleksandar Bocan-Har\u010denko<\/a>\u00a0(<a title=\"Ambasada Ruske Federacije u Republici Srbiji\" href=\"https:\/\/sr.wikipedia.org\/wiki\/%D0%90%D0%BC%D0%B1%D0%B0%D1%81%D0%B0%D0%B4%D0%B0_%D0%A0%D1%83%D1%81%D0%BA%D0%B5_%D0%A4%D0%B5%D0%B4%D0%B5%D1%80%D0%B0%D1%86%D0%B8%D1%98%D0%B5_%D1%83_%D0%A0%D0%B5%D0%BF%D1%83%D0%B1%D0%BB%D0%B8%D1%86%D0%B8_%D0%A1%D1%80%D0%B1%D0%B8%D1%98%D0%B8\">ambasador Ruske Federacije u Srbiji<\/a>),<sup id=\"cite_ref-8\" class=\"reference\"><a href=\"https:\/\/sr.wikipedia.org\/sr-el\/%D0%A4%D0%BE%D0%BD%D0%B4%D0%B0%D1%86%D0%B8%D1%98%D0%B0_%D0%97%D0%B0_%D1%81%D1%80%D0%BF%D1%81%D0%BA%D0%B8_%D0%BD%D0%B0%D1%80%D0%BE%D0%B4_%D0%B8_%D0%B4%D1%80%D0%B6%D0%B0%D0%B2%D1%83#cite_note-8\"><span class=\"cite-bracket\">[<\/span>8<span class=\"cite-bracket\">]<\/span><\/a><\/sup>\u00a0dr\u00a0<a class=\"new\" title=\"Milan Brdar (stranica ne postoji)\" href=\"https:\/\/sr.wikipedia.org\/w\/index.php?title=%D0%9C%D0%B8%D0%BB%D0%B0%D0%BD_%D0%91%D1%80%D0%B4%D0%B0%D1%80&amp;action=edit&amp;redlink=1\">Milan Brdar<\/a>&#8230;<\/p>\n<div class=\"mw-heading mw-heading3\">\n<h3 id=\"\u041e\u0442\u0432\u0430\u0440\u0430\u045a\u0435_\u043a\u0430\u043d\u0446\u0435\u043b\u0430\u0440\u0438\u0458\u0435_\u0424\u043e\u043d\u0434\u0430\u0446\u0438\u0458\u0435_\u0443_\u041a\u0440\u0443\u0448\u0435\u0432\u0446\u0443\"><span id=\".D0.9E.D1.82.D0.B2.D0.B0.D1.80.D0.B0.D1.9A.D0.B5_.D0.BA.D0.B0.D0.BD.D1.86.D0.B5.D0.BB.D0.B0.D1.80.D0.B8.D1.98.D0.B5_.D0.A4.D0.BE.D0.BD.D0.B4.D0.B0.D1.86.D0.B8.D1.98.D0.B5_.D1.83_.D0.9A.D1.80.D1.83.D1.88.D0.B5.D0.B2.D1.86.D1.83\"><\/span>Otvaranje kancelarije Fondacije u Kru\u0161evcu<\/h3>\n<p><span class=\"mw-editsection\"><span class=\"mw-editsection-bracket\">[<\/span><a class=\"mw-editsection-visualeditor\" title=\"Uredite odeljak \u201eOtvaranje kancelarije Fondacije u Kru\u0161evcu\u201d\" href=\"https:\/\/sr.wikipedia.org\/w\/index.php?title=%D0%A4%D0%BE%D0%BD%D0%B4%D0%B0%D1%86%D0%B8%D1%98%D0%B0_%D0%97%D0%B0_%D1%81%D1%80%D0%BF%D1%81%D0%BA%D0%B8_%D0%BD%D0%B0%D1%80%D0%BE%D0%B4_%D0%B8_%D0%B4%D1%80%D0%B6%D0%B0%D0%B2%D1%83&amp;veaction=edit&amp;section=6\">uredi<\/a><span class=\"mw-editsection-divider\">\u00a0|\u00a0<\/span><a title=\"Edit section's source code: Otvaranje kancelarije Fondacije u Kru\u0161evcu\" href=\"https:\/\/sr.wikipedia.org\/w\/index.php?title=%D0%A4%D0%BE%D0%BD%D0%B4%D0%B0%D1%86%D0%B8%D1%98%D0%B0_%D0%97%D0%B0_%D1%81%D1%80%D0%BF%D1%81%D0%BA%D0%B8_%D0%BD%D0%B0%D1%80%D0%BE%D0%B4_%D0%B8_%D0%B4%D1%80%D0%B6%D0%B0%D0%B2%D1%83&amp;action=edit&amp;section=6\">uredi izvor<\/a><span class=\"mw-editsection-bracket\">]<\/span><\/span><\/div>\n<p>Na praznik\u00a0<a title=\"Vidovdan\" href=\"https:\/\/sr.wikipedia.org\/wiki\/%D0%92%D0%B8%D0%B4%D0%BE%D0%B2%D0%B4%D0%B0%D0%BD\">Vidovdan<\/a>, 28. juna 2021. godine, otvorena je kancelarije Fondacije u Kru\u0161evcu. Tom prilikom, sve\u010danosti su prisustvovali: predsednik stranke Aleksandar Vu\u010di\u0107,\u00a0<a title=\"Bratislav Ga\u0161i\u0107\" href=\"https:\/\/sr.wikipedia.org\/wiki\/%D0%91%D1%80%D0%B0%D1%82%D0%B8%D1%81%D0%BB%D0%B0%D0%B2_%D0%93%D0%B0%D1%88%D0%B8%D1%9B\">Bratislav Ga\u0161i\u0107<\/a>, kao i mnoge druge zvanice. Objavljena je i vest, da se raspisuje javni konkurs za dodelu studentskih stipendija za akademsku 2021\/2022. godinu. Tako\u0111e, tom prilikom, podeljene su nagrade studentima, koji su pisali eseje, na zadate teme, koje je ocenjivao peto\u010dlani \u017eiri, a na \u010dijem se \u010delu, kao predsednik \u017eirija, nalazio profesor\u00a0<a title=\"\u017dika Bujukli\u0107\" href=\"https:\/\/sr.wikipedia.org\/wiki\/%D0%96%D0%B8%D0%BA%D0%B0_%D0%91%D1%83%D1%98%D1%83%D0%BA%D0%BB%D0%B8%D1%9B\">\u017dika Bujukli\u0107<\/a>.<sup id=\"cite_ref-9\" class=\"reference\"><a href=\"https:\/\/sr.wikipedia.org\/sr-el\/%D0%A4%D0%BE%D0%BD%D0%B4%D0%B0%D1%86%D0%B8%D1%98%D0%B0_%D0%97%D0%B0_%D1%81%D1%80%D0%BF%D1%81%D0%BA%D0%B8_%D0%BD%D0%B0%D1%80%D0%BE%D0%B4_%D0%B8_%D0%B4%D1%80%D0%B6%D0%B0%D0%B2%D1%83#cite_note-9\"><span class=\"cite-bracket\">[<\/span>9<span class=\"cite-bracket\">]<\/span><\/a><\/sup><\/p>\n<div class=\"mw-heading mw-heading2\">\n<h2 id=\"\u0423\u043f\u0440\u0430\u0432\u043d\u0438_\u043e\u0434\u0431\u043e\u0440\"><span id=\".D0.A3.D0.BF.D1.80.D0.B0.D0.B2.D0.BD.D0.B8_.D0.BE.D0.B4.D0.B1.D0.BE.D1.80\"><\/span>Upravni odbor<\/h2>\n<p><span class=\"mw-editsection\"><span class=\"mw-editsection-bracket\">[<\/span><a class=\"mw-editsection-visualeditor\" title=\"Uredite odeljak \u201eUpravni odbor\u201d\" href=\"https:\/\/sr.wikipedia.org\/w\/index.php?title=%D0%A4%D0%BE%D0%BD%D0%B4%D0%B0%D1%86%D0%B8%D1%98%D0%B0_%D0%97%D0%B0_%D1%81%D1%80%D0%BF%D1%81%D0%BA%D0%B8_%D0%BD%D0%B0%D1%80%D0%BE%D0%B4_%D0%B8_%D0%B4%D1%80%D0%B6%D0%B0%D0%B2%D1%83&amp;veaction=edit&amp;section=7\">uredi<\/a><span class=\"mw-editsection-divider\">\u00a0|\u00a0<\/span><a title=\"Edit section's source code: Upravni odbor\" href=\"https:\/\/sr.wikipedia.org\/w\/index.php?title=%D0%A4%D0%BE%D0%BD%D0%B4%D0%B0%D1%86%D0%B8%D1%98%D0%B0_%D0%97%D0%B0_%D1%81%D1%80%D0%BF%D1%81%D0%BA%D0%B8_%D0%BD%D0%B0%D1%80%D0%BE%D0%B4_%D0%B8_%D0%B4%D1%80%D0%B6%D0%B0%D0%B2%D1%83&amp;action=edit&amp;section=7\">uredi izvor<\/a><span class=\"mw-editsection-bracket\">]<\/span><\/span><\/div>\n<ul>\n<li><a title=\"Dejan Mihajlov\" href=\"https:\/\/sr.wikipedia.org\/wiki\/%D0%94%D0%B5%D1%98%D0%B0%D0%BD_%D0%9C%D0%B8%D1%85%D0%B0%D1%98%D0%BB%D0%BE%D0%B2\">Dejan Mihajlov<\/a>, predsednik Upravnog odbora<sup id=\"cite_ref-10\" class=\"reference\"><a href=\"https:\/\/sr.wikipedia.org\/sr-el\/%D0%A4%D0%BE%D0%BD%D0%B4%D0%B0%D1%86%D0%B8%D1%98%D0%B0_%D0%97%D0%B0_%D1%81%D1%80%D0%BF%D1%81%D0%BA%D0%B8_%D0%BD%D0%B0%D1%80%D0%BE%D0%B4_%D0%B8_%D0%B4%D1%80%D0%B6%D0%B0%D0%B2%D1%83#cite_note-10\"><span class=\"cite-bracket\">[<\/span>10<span class=\"cite-bracket\">]<\/span><\/a><\/sup><\/li>\n<li>dr\u00a0<a class=\"new\" title=\"Dejan \u0110ur\u0111evi\u0107 (stranica ne postoji)\" href=\"https:\/\/sr.wikipedia.org\/w\/index.php?title=%D0%94%D0%B5%D1%98%D0%B0%D0%BD_%D0%82%D1%83%D1%80%D1%92%D0%B5%D0%B2%D0%B8%D1%9B&amp;action=edit&amp;redlink=1\">Dejan \u0110ur\u0111evi\u0107<\/a>, redovni profesor\u00a0<a title=\"Pravni fakultet Univerziteta u Beogradu\" href=\"https:\/\/sr.wikipedia.org\/wiki\/%D0%9F%D1%80%D0%B0%D0%B2%D0%BD%D0%B8_%D1%84%D0%B0%D0%BA%D1%83%D0%BB%D1%82%D0%B5%D1%82_%D0%A3%D0%BD%D0%B8%D0%B2%D0%B5%D1%80%D0%B7%D0%B8%D1%82%D0%B5%D1%82%D0%B0_%D1%83_%D0%91%D0%B5%D0%BE%D0%B3%D1%80%D0%B0%D0%B4%D1%83\">Pravnog fakulteta Univerziteta u Beogradu<\/a><\/li>\n<li>dr\u00a0<a class=\"new\" title=\"Ljiljana Markovi\u0107 (profesorka) (stranica ne postoji)\" href=\"https:\/\/sr.wikipedia.org\/w\/index.php?title=%D0%89%D0%B8%D1%99%D0%B0%D0%BD%D0%B0_%D0%9C%D0%B0%D1%80%D0%BA%D0%BE%D0%B2%D0%B8%D1%9B_(%D0%BF%D1%80%D0%BE%D1%84%D0%B5%D1%81%D0%BE%D1%80%D0%BA%D0%B0)&amp;action=edit&amp;redlink=1\">Ljiljana Markovi\u0107<\/a>, redovni profesor i dekan\u00a0<a title=\"Filolo\u0161ki fakultet Univerziteta u Beogradu\" href=\"https:\/\/sr.wikipedia.org\/wiki\/%D0%A4%D0%B8%D0%BB%D0%BE%D0%BB%D0%BE%D1%88%D0%BA%D0%B8_%D1%84%D0%B0%D0%BA%D1%83%D0%BB%D1%82%D0%B5%D1%82_%D0%A3%D0%BD%D0%B8%D0%B2%D0%B5%D1%80%D0%B7%D0%B8%D1%82%D0%B5%D1%82%D0%B0_%D1%83_%D0%91%D0%B5%D0%BE%D0%B3%D1%80%D0%B0%D0%B4%D1%83\">Filolo\u0161kog fakulteta Univerziteta u Beogradu<\/a><sup id=\"cite_ref-11\" class=\"reference\"><a href=\"https:\/\/sr.wikipedia.org\/sr-el\/%D0%A4%D0%BE%D0%BD%D0%B4%D0%B0%D1%86%D0%B8%D1%98%D0%B0_%D0%97%D0%B0_%D1%81%D1%80%D0%BF%D1%81%D0%BA%D0%B8_%D0%BD%D0%B0%D1%80%D0%BE%D0%B4_%D0%B8_%D0%B4%D1%80%D0%B6%D0%B0%D0%B2%D1%83#cite_note-11\"><span class=\"cite-bracket\">[<\/span>11<span class=\"cite-bracket\">]<\/span><\/a><\/sup><\/li>\n<li>dr\u00a0<a title=\"Uro\u0161 \u0160uvakovi\u0107\" href=\"https:\/\/sr.wikipedia.org\/wiki\/%D0%A3%D1%80%D0%BE%D1%88_%D0%A8%D1%83%D0%B2%D0%B0%D0%BA%D0%BE%D0%B2%D0%B8%D1%9B\">Uro\u0161 \u0160uvakovi\u0107<\/a>, redovni profesor na\u00a0<a class=\"mw-redirect\" title=\"U\u010diteljski fakultet Univerziteta u Beogradu\" href=\"https:\/\/sr.wikipedia.org\/wiki\/%D0%A3%D1%87%D0%B8%D1%82%D0%B5%D1%99%D1%81%D0%BA%D0%B8_%D1%84%D0%B0%D0%BA%D1%83%D0%BB%D1%82%D0%B5%D1%82_%D0%A3%D0%BD%D0%B8%D0%B2%D0%B5%D1%80%D0%B7%D0%B8%D1%82%D0%B5%D1%82%D0%B0_%D1%83_%D0%91%D0%B5%D0%BE%D0%B3%D1%80%D0%B0%D0%B4%D1%83\">U\u010diteljskom fakultetu<\/a>\u00a0<a title=\"Univerzitet u Beogradu\" href=\"https:\/\/sr.wikipedia.org\/wiki\/%D0%A3%D0%BD%D0%B8%D0%B2%D0%B5%D1%80%D0%B7%D0%B8%D1%82%D0%B5%D1%82_%D1%83_%D0%91%D0%B5%D0%BE%D0%B3%D1%80%D0%B0%D0%B4%D1%83\">Univerziteta u Beogradu<\/a><sup id=\"cite_ref-12\" class=\"reference\"><a href=\"https:\/\/sr.wikipedia.org\/sr-el\/%D0%A4%D0%BE%D0%BD%D0%B4%D0%B0%D1%86%D0%B8%D1%98%D0%B0_%D0%97%D0%B0_%D1%81%D1%80%D0%BF%D1%81%D0%BA%D0%B8_%D0%BD%D0%B0%D1%80%D0%BE%D0%B4_%D0%B8_%D0%B4%D1%80%D0%B6%D0%B0%D0%B2%D1%83#cite_note-12\"><span class=\"cite-bracket\">[<\/span>12<span class=\"cite-bracket\">]<\/span><\/a><\/sup><\/li>\n<li><a class=\"new\" title=\"Ivan Radovanovi\u0107 (novinar) (stranica ne postoji)\" href=\"https:\/\/sr.wikipedia.org\/w\/index.php?title=%D0%98%D0%B2%D0%B0%D0%BD_%D0%A0%D0%B0%D0%B4%D0%BE%D0%B2%D0%B0%D0%BD%D0%BE%D0%B2%D0%B8%D1%9B_(%D0%BD%D0%BE%D0%B2%D0%B8%D0%BD%D0%B0%D1%80)&amp;action=edit&amp;redlink=1\">Ivan Radovanovi\u0107<\/a><\/li>\n<\/ul>\n<div class=\"mw-heading mw-heading2\">\n<h2 id=\"\u0412\u0438\u0434\u0438_\u0458\u043e\u0448\"><span id=\".D0.92.D0.B8.D0.B4.D0.B8_.D1.98.D0.BE.D1.88\"><\/span>Vidi jo\u0161<\/h2>\n<p><span class=\"mw-editsection\"><span class=\"mw-editsection-bracket\">[<\/span><a class=\"mw-editsection-visualeditor\" title=\"Uredite odeljak \u201eVidi jo\u0161\u201d\" href=\"https:\/\/sr.wikipedia.org\/w\/index.php?title=%D0%A4%D0%BE%D0%BD%D0%B4%D0%B0%D1%86%D0%B8%D1%98%D0%B0_%D0%97%D0%B0_%D1%81%D1%80%D0%BF%D1%81%D0%BA%D0%B8_%D0%BD%D0%B0%D1%80%D0%BE%D0%B4_%D0%B8_%D0%B4%D1%80%D0%B6%D0%B0%D0%B2%D1%83&amp;veaction=edit&amp;section=8\">uredi<\/a><span class=\"mw-editsection-divider\">\u00a0|\u00a0<\/span><a title=\"Edit section's source code: Vidi jo\u0161\" href=\"https:\/\/sr.wikipedia.org\/w\/index.php?title=%D0%A4%D0%BE%D0%BD%D0%B4%D0%B0%D1%86%D0%B8%D1%98%D0%B0_%D0%97%D0%B0_%D1%81%D1%80%D0%BF%D1%81%D0%BA%D0%B8_%D0%BD%D0%B0%D1%80%D0%BE%D0%B4_%D0%B8_%D0%B4%D1%80%D0%B6%D0%B0%D0%B2%D1%83&amp;action=edit&amp;section=8\">uredi izvor<\/a><span class=\"mw-editsection-bracket\">]<\/span><\/span><\/div>\n<ul>\n<li><a title=\"Srpska napredna stranka\" href=\"https:\/\/sr.wikipedia.org\/wiki\/%D0%A1%D1%80%D0%BF%D1%81%D0%BA%D0%B0_%D0%BD%D0%B0%D0%BF%D1%80%D0%B5%D0%B4%D0%BD%D0%B0_%D1%81%D1%82%D1%80%D0%B0%D0%BD%D0%BA%D0%B0\">Srpska napredna stranka<\/a><\/li>\n<li><a title=\"Aleksandar Vu\u010di\u0107\" href=\"https:\/\/sr.wikipedia.org\/wiki\/%D0%90%D0%BB%D0%B5%D0%BA%D1%81%D0%B0%D0%BD%D0%B4%D0%B0%D1%80_%D0%92%D1%83%D1%87%D0%B8%D1%9B\">Aleksandar Vu\u010di\u0107<\/a><\/li>\n<\/ul>","protected":false},"featured_media":0,"template":"","class_list":["post-2605","organizacije","type-organizacije","status-publish","hentry"],"acf":[],"_links":{"self":[{"href":"https:\/\/crnaknjiga.com\/en\/wp-json\/wp\/v2\/organizacije\/2605","targetHints":{"allow":["GET"]}}],"collection":[{"href":"https:\/\/crnaknjiga.com\/en\/wp-json\/wp\/v2\/organizacije"}],"about":[{"href":"https:\/\/crnaknjiga.com\/en\/wp-json\/wp\/v2\/types\/organizacije"}],"wp:attachment":[{"href":"https:\/\/crnaknjiga.com\/en\/wp-json\/wp\/v2\/media?parent=2605"}],"curies":[{"name":"wp","href":"https:\/\/api.w.org\/{rel}","templated":true}]}}