{"id":1324,"date":"2022-12-13T08:42:16","date_gmt":"2022-12-13T08:42:16","guid":{"rendered":"https:\/\/crnaknjiga.com\/?post_type=organizacije&#038;p=1324"},"modified":"2022-12-13T08:45:13","modified_gmt":"2022-12-13T08:45:13","slug":"srpska-dobrovoljacka-garda","status":"publish","type":"organizacije","link":"https:\/\/crnaknjiga.com\/en\/organizacije\/srpska-dobrovoljacka-garda\/","title":{"rendered":"Srpska dobrovolja\u010dka garda"},"content":{"rendered":"<p><b>Srpska dobrovolja\u010dka garda<\/b>\u00a0je bila\u00a0<a title=\"Srbija\" href=\"https:\/\/sh.wikipedia.org\/wiki\/Srbija\">srpska<\/a>\u00a0<a title=\"Nacionalizam\" href=\"https:\/\/sh.wikipedia.org\/wiki\/Nacionalizam\">nacionalisti\u010dka<\/a>\u00a0<a title=\"Paravojna formacija\" href=\"https:\/\/sh.wikipedia.org\/wiki\/Paravojna_formacija\">paravojna formacija<\/a>\u00a0koju je za vreme\u00a0<a class=\"mw-redirect\" title=\"Jugoslovenski ratovi\" href=\"https:\/\/sh.wikipedia.org\/wiki\/Jugoslovenski_ratovi\">Jugoslovenskih ratova<\/a>\u00a0osnovao i predvodio\u00a0<a class=\"mw-redirect\" title=\"\u017deljko Ra\u017enatovi\u0107 Arkan\" href=\"https:\/\/sh.wikipedia.org\/wiki\/%C5%BDeljko_Ra%C5%BEnatovi%C4%87_Arkan\">\u017deljko Ra\u017enatovi\u0107 Arkan<\/a>, usled \u010dega je bila poznata i pod imenom\u00a0<b>Arkanovi tigrovi<\/b>\u00a0ili\u00a0<b>Arkanovci<\/b>.<\/p>\n<p>Srpska dobrovolja\u010dka garda je bila osu\u0111ivana za ratne zlo\u010dine za koje se veruje da su njezini pripadnici po\u010dinili u\u00a0<a title=\"Rat u Bosni i Hercegovini\" href=\"https:\/\/sh.wikipedia.org\/wiki\/Rat_u_Bosni_i_Hercegovini\">ratu u Bosni i Hercegovini<\/a>\u00a0i\u00a0<a title=\"Rat u Hrvatskoj\" href=\"https:\/\/sh.wikipedia.org\/wiki\/Rat_u_Hrvatskoj\">Hrvatskoj<\/a>.<\/p>\n<h2><span id=\"Istorijat\" class=\"mw-headline\">Istorijat<\/span><\/h2>\n<p>Srpsku dobrovolja\u010dku gardu je\u00a0<a class=\"mw-redirect\" title=\"11. oktobar\" href=\"https:\/\/sh.wikipedia.org\/wiki\/11._oktobar\">11. oktobra<\/a>\u00a0<a title=\"1990\" href=\"https:\/\/sh.wikipedia.org\/wiki\/1990\">1990<\/a>. u okolini manastira\u00a0<a class=\"new\" title=\"Pokajnica (stranica ne postoji)\" href=\"https:\/\/sh.wikipedia.org\/w\/index.php?title=Pokajnica&amp;action=edit&amp;redlink=1\">Pokajnica<\/a>\u00a0kod\u00a0<a title=\"Velika Plana\" href=\"https:\/\/sh.wikipedia.org\/wiki\/Velika_Plana\">Velike Plane<\/a>,<sup id=\"cite_ref-1\" class=\"reference\"><a href=\"https:\/\/sh.wikipedia.org\/wiki\/Srpska_dobrovolja%C4%8Dka_garda#cite_note-1\">[1]<\/a><\/sup>\u00a0a na konsternaciju monaha, osnovao\u00a0<a title=\"\u017deljko Ra\u017enatovi\u0107\" href=\"https:\/\/sh.wikipedia.org\/wiki\/%C5%BDeljko_Ra%C5%BEnatovi%C4%87\">\u017deljko Ra\u017enatovi\u0107<\/a>\u00a0zvani Arkan, uglavnom regrutuju\u0107i navija\u010de\u00a0<a class=\"mw-redirect\" title=\"FK Crvena Zvezda\" href=\"https:\/\/sh.wikipedia.org\/wiki\/FK_Crvena_Zvezda\">FK Crvena Zvezda<\/a>. Ova paravojna formacija je od po\u010detka delovala uz podr\u0161ku slu\u017ebe dr\u017eavne bezbednosti.<sup id=\"cite_ref-2\" class=\"reference\"><a href=\"https:\/\/sh.wikipedia.org\/wiki\/Srpska_dobrovolja%C4%8Dka_garda#cite_note-2\">[2]<\/a><\/sup>\u00a0\u0160tab Garde i Centar za obuku, su se nalazili u\u00a0<a title=\"Erdut\" href=\"https:\/\/sh.wikipedia.org\/wiki\/Erdut\">Erdutu<\/a>, u isto\u010dnoj\u00a0<a title=\"Slavonija\" href=\"https:\/\/sh.wikipedia.org\/wiki\/Slavonija\">Slavoniji<\/a>,\u00a0<a title=\"Hrvatska\" href=\"https:\/\/sh.wikipedia.org\/wiki\/Hrvatska\">Hrvatska<\/a>. Jedinica je bila operativno aktivna za vrijeme\u00a0<a title=\"Rat u Hrvatskoj\" href=\"https:\/\/sh.wikipedia.org\/wiki\/Rat_u_Hrvatskoj\">rata u Hrvatskoj<\/a>\u00a0kao i tokom\u00a0<a title=\"Rat u Bosni i Hercegovini\" href=\"https:\/\/sh.wikipedia.org\/wiki\/Rat_u_Bosni_i_Hercegovini\">sukoba u Bosni i Hercegovini<\/a>.<\/p>\n<p>Arkan i njegova postrojba se prvi put pojavila na rati\u0161tu u Tenji pored\u00a0<a title=\"Osijek\" href=\"https:\/\/sh.wikipedia.org\/wiki\/Osijek\">Osijeka<\/a>\u00a0u lipnju 1991. Postrojba potom djeluje u razbojstvima diljem Hrvatske, uglavnom po\u00a0<a title=\"Lika\" href=\"https:\/\/sh.wikipedia.org\/wiki\/Lika\">Lici<\/a>,\u00a0<a title=\"Banija\" href=\"https:\/\/sh.wikipedia.org\/wiki\/Banija\">Baniji<\/a>,\u00a0<a title=\"Kordun\" href=\"https:\/\/sh.wikipedia.org\/wiki\/Kordun\">Kordunu<\/a>\u00a0i\u00a0<a title=\"Dalmacija\" href=\"https:\/\/sh.wikipedia.org\/wiki\/Dalmacija\">Dalmaciji<\/a>. Stacioniran u Erdutu sa svojom jedinicom izvr\u0161io je ubojstva ve\u0107eg broja mje\u0161tana civila u Dalju, Aljma\u0161u i Erdutu, hrvatske i ma\u0111arske nacionalnosti. Postrojba je nasilno mobilizirala veliki broj izbjeglih u Srbiju i slala u njihovu bazu u\u00a0<a title=\"Erdut\" href=\"https:\/\/sh.wikipedia.org\/wiki\/Erdut\">Erdutu<\/a>. Kao dio programa &#8222;obuke&#8220; njegove postrojbe je bilo i ubijanje hrvatskih civila na okupiranom podru\u010dju, na na\u010din da bi hrvatski civil bio doveden u kamp za obuku, gdje bi ga pripadnici Arkanove garde smaknuli.<\/p>\n<blockquote class=\"toccolours\">\n<div>Paravojne jedinice su odgovorne za neke od najbrutalnijih aspekata \u00ab<a title=\"Etni\u010dko \u010di\u0161\u0107enje\" href=\"https:\/\/sh.wikipedia.org\/wiki\/Etni%C4%8Dko_%C4%8Di%C5%A1%C4%87enje\">etni\u010dkog \u010di\u0161\u0107enja<\/a>\u00bb. Dve jedinice koje su odigrale glavnu ulogu u kampanji \u00abetni\u010dkog \u010di\u0161\u0107enja\u00bb u\u00a0<a title=\"Bosna i Hercegovina\" href=\"https:\/\/sh.wikipedia.org\/wiki\/Bosna_i_Hercegovina\">BiH<\/a>, \u00ab<a title=\"\u010cetnici\" href=\"https:\/\/sh.wikipedia.org\/wiki\/%C4%8Cetnici\">\u010cetnici<\/a>\u00bb povezani sa\u00a0<a title=\"Vojislav \u0160e\u0161elj\" href=\"https:\/\/sh.wikipedia.org\/wiki\/Vojislav_%C5%A0e%C5%A1elj\">Vojislavom \u0160e\u0161eljem<\/a>\u00a0i \u00abTigrovi\u00bb povezani sa \u017deljkom Raznatovi\u0107em (Arkanom), su tako\u0111e bile aktivne u\u00a0<a class=\"mw-disambig\" title=\"Republika Srbija\" href=\"https:\/\/sh.wikipedia.org\/wiki\/Republika_Srbija\">Republici Srbiji<\/a>\u00a0&#8230; Arkanovi \u00abTigrovi\u00bb su izvodili vojne ve\u017ebe navodno osmi\u0161ljene da zapla\u0161e albanske stanovnike\u00a0<a title=\"Kosovo\" href=\"https:\/\/sh.wikipedia.org\/wiki\/Kosovo\">Kosova<\/a>.<sup id=\"cite_ref-3\" class=\"reference\"><a href=\"https:\/\/sh.wikipedia.org\/wiki\/Srpska_dobrovolja%C4%8Dka_garda#cite_note-3\">[3]<\/a><\/sup><cite>\u2014\u2009Izve\u0161taj Ujedinjenih Nacija<\/cite><\/div>\n<\/blockquote>\n<p>31. o\u017eujka\u00a0<a title=\"1992\" href=\"https:\/\/sh.wikipedia.org\/wiki\/1992\">1992<\/a>. godine paravojne snage pod rukovodstvom Arkana i po nare\u0111enju\u00a0<a title=\"Jovica Stani\u0161i\u0107\" href=\"https:\/\/sh.wikipedia.org\/wiki\/Jovica_Stani%C5%A1i%C4%87\">Jovice Stani\u0161i\u0107a<\/a>\u00a0prelaza srbijansko-bosanskohercegova\u010dku granicu i napadaju grad\u00a0<a title=\"Bijeljina\" href=\"https:\/\/sh.wikipedia.org\/wiki\/Bijeljina\">Bijeljinu<\/a>, \u0161to se \u010desto uzima kao po\u010detak\u00a0<a title=\"Rat u Bosni i Hercegovini\" href=\"https:\/\/sh.wikipedia.org\/wiki\/Rat_u_Bosni_i_Hercegovini\">rata u BiH<\/a>.<sup id=\"cite_ref-4\" class=\"reference\"><a href=\"https:\/\/sh.wikipedia.org\/wiki\/Srpska_dobrovolja%C4%8Dka_garda#cite_note-4\">[4]<\/a><\/sup>\u00a0Arkanovi &#8222;Tigrovi&#8220; su razme\u0161teni u vi\u0161e naselja sa zna\u010dajnim brojem nesrpskog stanovni\u0161tva, me\u0111u kojima su Bijeljina i\u00a0<a title=\"Zvornik\" href=\"https:\/\/sh.wikipedia.org\/wiki\/Zvornik\">Zvornik<\/a>. U svim tim mestima je silom ostvarena dominacija Srba, a veliki deo muslimanskog stanovni\u0161tva ubijen je ili proteran.<sup id=\"cite_ref-Optu\u017enica_5-0\" class=\"reference\"><a href=\"https:\/\/sh.wikipedia.org\/wiki\/Srpska_dobrovolja%C4%8Dka_garda#cite_note-Optu%C5%BEnica-5\">[5]<\/a><\/sup>\u00a0U tom razdoblju Arkanovcima se priklju\u010dio i\u00a0<a class=\"mw-redirect\" title=\"Milorad Ulemek\" href=\"https:\/\/sh.wikipedia.org\/wiki\/Milorad_Ulemek\">Milorad Ulemek<\/a>, kasnije osu\u0111en kao organizator ubojstva Zorana \u0110in\u0111i\u0107a. Arkanovci \u0107e u Bosni i Hercegovini djelovati sve do kraja rata.<\/p>\n<p>Oko 15. septembra 1995, na poziv lokalnog srpskog rukovodstva, Arkanovi &#8222;Tigrovi&#8220; su u\u0161li na podru\u010dje\u00a0<a title=\"Sanski Most\" href=\"https:\/\/sh.wikipedia.org\/wiki\/Sanski_Most\">Sanskog Mosta<\/a>\u00a0(Bosna i Hercegovina) sa ciljem da zadr\u017ee napredovanje\u00a0<a title=\"Armija Republike Bosne i Hercegovine\" href=\"https:\/\/sh.wikipedia.org\/wiki\/Armija_Republike_Bosne_i_Hercegovine\">Armije BiH<\/a>. Arkan se smestio u kancelariji direktora hotela i sa tog mesta je upravljao aktivnostima pripadnika svoje paravojne jedinice koji su svuda postavili kontrolne punktove i po\u010deli silom regrutovati Srbe za borbu protiv Armije BiH.<sup id=\"cite_ref-Optu\u017enica_5-1\" class=\"reference\"><a href=\"https:\/\/sh.wikipedia.org\/wiki\/Srpska_dobrovolja%C4%8Dka_garda#cite_note-Optu%C5%BEnica-5\">[5]<\/a><\/sup>\u00a0Vojnici pod njegovom komandom su sistematski patrolirali gradom i zatvarali, tukli, silovali i pogubljivali lica nesrpske nacionalnosti.<sup id=\"cite_ref-Optu\u017enica_5-2\" class=\"reference\"><a href=\"https:\/\/sh.wikipedia.org\/wiki\/Srpska_dobrovolja%C4%8Dka_garda#cite_note-Optu%C5%BEnica-5\">[5]<\/a><\/sup>\u00a0Oni su otimali vredne predmete od nesrpskih porodica i isterivali ne-Srbe iz ku\u0107a, kako bi ih dali na kori\u0161\u0107enje srpskim izbeglicama.<sup id=\"cite_ref-Optu\u017enica_5-3\" class=\"reference\"><a href=\"https:\/\/sh.wikipedia.org\/wiki\/Srpska_dobrovolja%C4%8Dka_garda#cite_note-Optu%C5%BEnica-5\">[5]<\/a><\/sup>\u00a0Nakon\u00a0<a class=\"mw-redirect\" title=\"Dejtonski sporazum\" href=\"https:\/\/sh.wikipedia.org\/wiki\/Dejtonski_sporazum\">Dejtonskog sporazuma<\/a>\u00a0i okon\u010danja rata u BiH, vodio je\u00a0<a title=\"FK Obili\u0107\" href=\"https:\/\/sh.wikipedia.org\/wiki\/FK_Obili%C4%87\">FK Obili\u0107<\/a>\u00a0do titule prvaka\u00a0<a title=\"Savezna Republika Jugoslavija\" href=\"https:\/\/sh.wikipedia.org\/wiki\/Savezna_Republika_Jugoslavija\">SR Jugoslavije<\/a>\u00a0<a class=\"mw-redirect\" title=\"1998.\" href=\"https:\/\/sh.wikipedia.org\/wiki\/1998.\">1998.<\/a>\u00a0godine.<\/p>\n<p>Sa po\u010detkom\u00a0<a class=\"mw-redirect\" title=\"NATO bombardovanje SR Jugoslavije\" href=\"https:\/\/sh.wikipedia.org\/wiki\/NATO_bombardovanje_SR_Jugoslavije\">NATO intervencije u Jugoslaviji<\/a>, Arkanovi &#8222;Tigrovi&#8220; se ponovo aktiviraju na\u00a0<a title=\"Kosovo\" href=\"https:\/\/sh.wikipedia.org\/wiki\/Kosovo\">Kosovu<\/a>, \u010dime svedo\u010de razni izve\u0161taji iz\u00a0<a class=\"mw-redirect\" title=\"Kosovski rat\" href=\"https:\/\/sh.wikipedia.org\/wiki\/Kosovski_rat\">Kosovskog rata<\/a>.<sup id=\"cite_ref-6\" class=\"reference\"><a href=\"https:\/\/sh.wikipedia.org\/wiki\/Srpska_dobrovolja%C4%8Dka_garda#cite_note-6\">[6]<\/a><\/sup><sup id=\"cite_ref-7\" class=\"reference\"><a href=\"https:\/\/sh.wikipedia.org\/wiki\/Srpska_dobrovolja%C4%8Dka_garda#cite_note-7\">[7]<\/a><\/sup><\/p>\n<p>Glavni tu\u017eilac\u00a0<a title=\"Me\u0111unarodni krivi\u010dni sud za biv\u0161u Jugoslaviju\" href=\"https:\/\/sh.wikipedia.org\/wiki\/Me%C4%91unarodni_krivi%C4%8Dni_sud_za_biv%C5%A1u_Jugoslaviju\">Me\u0111unarodnog krivi\u010dnog suda za biv\u0161u Jugoslaviju<\/a>\u00a0<a class=\"new\" title=\"Luiz Arbur (stranica ne postoji)\" href=\"https:\/\/sh.wikipedia.org\/w\/index.php?title=Luiz_Arbur&amp;action=edit&amp;redlink=1\">Luiz Arbur<\/a>\u00a0je\u00a0<a class=\"mw-redirect\" title=\"31. mart\" href=\"https:\/\/sh.wikipedia.org\/wiki\/31._mart\">31. marta<\/a>\u00a0<a title=\"1999\" href=\"https:\/\/sh.wikipedia.org\/wiki\/1999\">1999<\/a>\u00a0obelodanila optu\u017enicu protiv Ra\u017enatovi\u0107a, napisanu septembra\u00a0<a title=\"1997\" href=\"https:\/\/sh.wikipedia.org\/wiki\/1997\">1997<\/a>. Optu\u017enica ga tereti za zlo\u010dine protiv \u010dove\u010dnosti (ubistva i druga nehumana dela), te\u0161ke povrede \u017eenevskih konvencija (hotimi\u010dno nano\u0161enje velikih patnji) i kr\u0161enja zakona i obi\u010daja ratovanja (okrutno postupanje).<\/p>\n<p>\u017deljko Ra\u017enatovi\u0107 je likvidiran\u00a0<a class=\"mw-redirect\" title=\"15. januar\" href=\"https:\/\/sh.wikipedia.org\/wiki\/15._januar\">15. januara<\/a>\u00a0<a title=\"2000\" href=\"https:\/\/sh.wikipedia.org\/wiki\/2000\">2000<\/a>. u\u00a0<a title=\"Beograd\" href=\"https:\/\/sh.wikipedia.org\/wiki\/Beograd\">Beogradu<\/a>. Mnogi smatraju da je njegovo ubistvo politi\u010dki motivisano, navodno jer je pregovarao sa Ha\u0161kim tribunalom o dokazima protiv\u00a0<a title=\"Slobodan Milo\u0161evi\u0107\" href=\"https:\/\/sh.wikipedia.org\/wiki\/Slobodan_Milo%C5%A1evi%C4%87\">Milo\u0161evi\u0107a<\/a>\u00a0u zamenu za osloba\u0111anje od optu\u017enice.<sup id=\"cite_ref-8\" class=\"reference\"><a href=\"https:\/\/sh.wikipedia.org\/wiki\/Srpska_dobrovolja%C4%8Dka_garda#cite_note-8\">[8]<\/a><\/sup>\u00a0Poslije njegove smrti niko od pripadnika jedinice nije optu\u017een za ratne zlo\u010dine.<\/p>\n<h2><span id=\"Izvori\" class=\"mw-headline\">Izvori<\/span><\/h2>\n<div class=\"reflist references-column-count references-column-count-2\">\n<ol class=\"references\">\n<li id=\"cite_note-1\"><span class=\"mw-cite-backlink\"><a title=\"Vrati se na vrh\" href=\"https:\/\/sh.wikipedia.org\/wiki\/Srpska_dobrovolja%C4%8Dka_garda#cite_ref-1\" aria-label=\"Vrati se na vrh\">\u2191<\/a><\/span>\u00a0<span class=\"reference-text\"><a class=\"external free\" href=\"https:\/\/www.espreso.rs\/vesti\/hronika\/706331\/neka-bude-sto-biti-ne-moze-pojavila-se-citulja-za-arkana-nema-sanse-da-pogodite-ko-je-objavio-foto\" rel=\"nofollow\">https:\/\/www.espreso.rs\/vesti\/hronika\/706331\/neka-bude-sto-biti-ne-moze-pojavila-se-citulja-za-arkana-nema-sanse-da-pogodite-ko-je-objavio-foto<\/a><\/span><\/li>\n<li id=\"cite_note-2\"><span class=\"mw-cite-backlink\"><a title=\"Vrati se na vrh\" href=\"https:\/\/sh.wikipedia.org\/wiki\/Srpska_dobrovolja%C4%8Dka_garda#cite_ref-2\" aria-label=\"Vrati se na vrh\">\u2191<\/a><\/span>\u00a0<span class=\"reference-text\"><a class=\"external text\" href=\"http:\/\/www.slobodnaevropa.org\/content\/article\/1329127.html\" rel=\"nofollow\">Od ratnih heroja do poslijeratnih antijunaka<\/a><\/span><\/li>\n<li id=\"cite_note-3\"><span class=\"mw-cite-backlink\"><a title=\"Vrati se na vrh\" href=\"https:\/\/sh.wikipedia.org\/wiki\/Srpska_dobrovolja%C4%8Dka_garda#cite_ref-3\" aria-label=\"Vrati se na vrh\">\u2191<\/a><\/span>\u00a0<span class=\"reference-text\"><a class=\"external text\" href=\"http:\/\/www.ess.uwe.ac.uk\/comexpert\/ANX\/IV.htm\" rel=\"nofollow\">The policy of ethnic cleansing (Final report of the United Nations Commission of Experts)<\/a><\/span><\/li>\n<li id=\"cite_note-4\"><span class=\"mw-cite-backlink\"><a title=\"Vrati se na vrh\" href=\"https:\/\/sh.wikipedia.org\/wiki\/Srpska_dobrovolja%C4%8Dka_garda#cite_ref-4\" aria-label=\"Vrati se na vrh\">\u2191<\/a><\/span>\u00a0<span class=\"reference-text\"><a class=\"external text\" href=\"http:\/\/www.armijabih.com\/index-1992.html\" rel=\"nofollow\">REFERENDUM &#8211; ULOGA TZV. JNA I AGRESIJA NA BiH&#8230;<\/a><\/span><\/li>\n<li id=\"cite_note-Optu\u017enica-5\"><span class=\"mw-cite-backlink\">\u2191\u00a0<sup><a href=\"https:\/\/sh.wikipedia.org\/wiki\/Srpska_dobrovolja%C4%8Dka_garda#cite_ref-Optu%C5%BEnica_5-0\"><span class=\"cite-accessibility-label\">Vrati se na:<\/span>5,0<\/a><\/sup>\u00a0<sup><a href=\"https:\/\/sh.wikipedia.org\/wiki\/Srpska_dobrovolja%C4%8Dka_garda#cite_ref-Optu%C5%BEnica_5-1\">5,1<\/a><\/sup>\u00a0<sup><a href=\"https:\/\/sh.wikipedia.org\/wiki\/Srpska_dobrovolja%C4%8Dka_garda#cite_ref-Optu%C5%BEnica_5-2\">5,2<\/a><\/sup>\u00a0<sup><a href=\"https:\/\/sh.wikipedia.org\/wiki\/Srpska_dobrovolja%C4%8Dka_garda#cite_ref-Optu%C5%BEnica_5-3\">5,3<\/a><\/sup><\/span>\u00a0<span class=\"reference-text\"><span class=\"citation web\"><a class=\"external text\" href=\"http:\/\/www.un.org\/icty\/bhs\/cases\/arkan\/indictment\/raz-ii970927b.htm\" rel=\"nofollow\">\u201eOptu\u017enica protiv Ra\u017enatovi\u0107a\u201d<\/a>.\u00a0<a class=\"external text\" href=\"https:\/\/web.archive.org\/web\/20080628050314\/http:\/\/www.un.org\/icty\/bhs\/cases\/arkan\/indictment\/raz-ii970927b.htm\" rel=\"nofollow\">Arhivirano<\/a>\u00a0iz originala na datum 2008-06-28<span class=\"reference-accessdate\">. Pristupljeno 2008-06-28<\/span>.<\/span><\/span><\/li>\n<li id=\"cite_note-6\"><span class=\"mw-cite-backlink\"><a title=\"Vrati se na vrh\" href=\"https:\/\/sh.wikipedia.org\/wiki\/Srpska_dobrovolja%C4%8Dka_garda#cite_ref-6\" aria-label=\"Vrati se na vrh\">\u2191<\/a><\/span>\u00a0<span class=\"reference-text\"><a class=\"external text\" href=\"http:\/\/www.osce.org\/publications\/odihr\/1999\/11\/17755_506_sr.pdf\" rel=\"nofollow\">Kosovo: kako vi\u0111eno, tako re\u010deno<\/a>\u00a0<a class=\"external text\" href=\"https:\/\/web.archive.org\/web\/20101114133046\/http:\/\/www.osce.org\/publications\/odihr\/1999\/11\/17755_506_sr.pdf\" rel=\"nofollow\">Arhivirano<\/a>\u00a02010-11-14 na\u00a0<a title=\"Wayback Machine\" href=\"https:\/\/sh.wikipedia.org\/wiki\/Wayback_Machine\">Wayback Machine-u<\/a>\u00a0(Izve\u0161taj OEBS-a)<\/span><\/li>\n<li id=\"cite_note-7\"><span class=\"mw-cite-backlink\"><a title=\"Vrati se na vrh\" href=\"https:\/\/sh.wikipedia.org\/wiki\/Srpska_dobrovolja%C4%8Dka_garda#cite_ref-7\" aria-label=\"Vrati se na vrh\">\u2191<\/a><\/span>\u00a0<span class=\"reference-text\"><a class=\"external text\" href=\"http:\/\/www.hrw.org\/legacy\/reports\/2001\/kosovo\/Po_naredjenju.pdf\" rel=\"nofollow\">Po nare\u0111enju: ratni zlo\u010dini na Kosovu<\/a>\u00a0(Izve\u0161taj Human Right Watch-a)<\/span><\/li>\n<li id=\"cite_note-8\"><span class=\"mw-cite-backlink\"><a title=\"Vrati se na vrh\" href=\"https:\/\/sh.wikipedia.org\/wiki\/Srpska_dobrovolja%C4%8Dka_garda#cite_ref-8\" aria-label=\"Vrati se na vrh\">\u2191<\/a><\/span>\u00a0<span class=\"reference-text\"><a class=\"external text\" href=\"http:\/\/www.xs4all.nl\/~freeserb\/specials\/topspot\/16012000.html\" rel=\"nofollow\">Smrt kriminalca ili smrt svedoka?<\/a><\/span><\/li>\n<\/ol>\n<\/div>\n<h2><span id=\"Vidi_jo.C5.A1\"><\/span><span id=\"Vidi_jo\u0161\" class=\"mw-headline\">Vidi jo\u0161<\/span><\/h2>\n<ul>\n<li>Jovica Stani\u0161i\u0107\u00a0&#8211; zapovjednik svih srpskih paravojnih formacija<\/li>\n<li>\u017deljko Ra\u017enatovi\u0107<\/li>\n<\/ul>","protected":false},"featured_media":1326,"template":"","class_list":["post-1324","organizacije","type-organizacije","status-publish","has-post-thumbnail","hentry"],"acf":[],"_links":{"self":[{"href":"https:\/\/crnaknjiga.com\/en\/wp-json\/wp\/v2\/organizacije\/1324","targetHints":{"allow":["GET"]}}],"collection":[{"href":"https:\/\/crnaknjiga.com\/en\/wp-json\/wp\/v2\/organizacije"}],"about":[{"href":"https:\/\/crnaknjiga.com\/en\/wp-json\/wp\/v2\/types\/organizacije"}],"wp:featuredmedia":[{"embeddable":true,"href":"https:\/\/crnaknjiga.com\/en\/wp-json\/wp\/v2\/media\/1326"}],"wp:attachment":[{"href":"https:\/\/crnaknjiga.com\/en\/wp-json\/wp\/v2\/media?parent=1324"}],"curies":[{"name":"wp","href":"https:\/\/api.w.org\/{rel}","templated":true}]}}