{"id":1259,"date":"2022-12-11T09:19:07","date_gmt":"2022-12-11T09:19:07","guid":{"rendered":"https:\/\/crnaknjiga.com\/?post_type=organizacije&#038;p=1259"},"modified":"2022-12-12T05:31:43","modified_gmt":"2022-12-12T05:31:43","slug":"zemunski-klan","status":"publish","type":"organizacije","link":"https:\/\/crnaknjiga.com\/en\/organizacije\/zemunski-klan\/","title":{"rendered":"Zemunski Klan"},"content":{"rendered":"<p><b>Zemunski klan<\/b>\u00a0(2000\u20142003) bila je organizovana kriminalna grupa koja je osnovana u\u00a0<a title=\"Zemun\" href=\"https:\/\/sr.wikipedia.org\/wiki\/%D0%97%D0%B5%D0%BC%D1%83%D0%BD\">Zemunu<\/a>. Klan se bavio svim kriminalnim radnjama:\u00a0<a title=\"Iznuda\" href=\"https:\/\/sr.wikipedia.org\/wiki\/Iznuda\">iznudama<\/a>\u00a0(<a class=\"new\" title=\"Reket (kriminal) (stranica ne postoji)\" href=\"https:\/\/sr.wikipedia.org\/w\/index.php?title=%D0%A0%D0%B5%D0%BA%D0%B5%D1%82_(%D0%BA%D1%80%D0%B8%D0%BC%D0%B8%D0%BD%D0%B0%D0%BB)&amp;action=edit&amp;redlink=1\">reket<\/a>), prodajom\u00a0<a class=\"mw-redirect\" title=\"Narkotik\" href=\"https:\/\/sr.wikipedia.org\/wiki\/%D0%9D%D0%B0%D1%80%D0%BA%D0%BE%D1%82%D0%B8%D0%BA\">narkotika<\/a>, kra\u0111om automobila,\u00a0<a title=\"Otmica\" href=\"https:\/\/sr.wikipedia.org\/wiki\/%D0%9E%D1%82%D0%BC%D0%B8%D1%86%D0%B0\">otmicama<\/a>\u00a0i ubistvima.<\/p>\n<h2><span id=\".D0.9F.D0.BE.D1.87.D0.B5.D1.82.D0.B0.D0.BA_.D0.BE.D1.81.D0.BD.D0.B8.D0.B2.D0.B0.D1.9A.D0.B0_.D0.BA.D0.BB.D0.B0.D0.BD.D0.B0_.D0.B8_.D1.83.D1.81.D0.BF.D0.BE.D0.BD\"><\/span><span id=\"\u041f\u043e\u0447\u0435\u0442\u0430\u043a_\u043e\u0441\u043d\u0438\u0432\u0430\u045a\u0430_\u043a\u043b\u0430\u043d\u0430_\u0438_\u0443\u0441\u043f\u043e\u043d\" class=\"mw-headline\">Po\u010detak osnivanja klana i uspon<\/span><\/h2>\n<p>Takozvani &#8222;Zemunski klan&#8220; nastao je u beogradskoj op\u0161tini\u00a0<a title=\"Zemun\" href=\"https:\/\/sr.wikipedia.org\/wiki\/%D0%97%D0%B5%D0%BC%D1%83%D0%BD\">Zemun<\/a>, gde je u to vreme veliki kriminalni kredibilitet imao\u00a0<a class=\"new\" title=\"Sur\u010dinski klan (stranica ne postoji)\" href=\"https:\/\/sr.wikipedia.org\/w\/index.php?title=%D0%A1%D1%83%D1%80%D1%87%D0%B8%D0%BD%D1%81%D0%BA%D0%B8_%D0%BA%D0%BB%D0%B0%D0%BD&amp;action=edit&amp;redlink=1\">Sur\u010dinski klan<\/a>\u00a0i njegov glavni \u010dlan\u00a0<a class=\"new\" title=\"Ljubi\u0161a Buha (stranica ne postoji)\" href=\"https:\/\/sr.wikipedia.org\/w\/index.php?title=%D0%89%D1%83%D0%B1%D0%B8%D1%88%D0%B0_%D0%91%D1%83%D1%85%D0%B0&amp;action=edit&amp;redlink=1\">Ljubi\u0161a Buha<\/a>\u00a0zvani &#8222;\u010cume&#8220;. Klan je u po\u010detku imao dva \u010dlana to su bili\u00a0<a title=\"Du\u0161an Spasojevi\u0107\" href=\"https:\/\/sr.wikipedia.org\/wiki\/%D0%94%D1%83%D1%88%D0%B0%D0%BD_%D0%A1%D0%BF%D0%B0%D1%81%D0%BE%D1%98%D0%B5%D0%B2%D0%B8%D1%9B\">Du\u0161an Spasojevi\u0107<\/a>\u00a0zvani &#8222;\u0160iptar&#8220; i\u00a0<a title=\"Mile Lukovi\u0107\" href=\"https:\/\/sr.wikipedia.org\/wiki\/%D0%9C%D0%B8%D0%BB%D0%B5_%D0%9B%D1%83%D0%BA%D0%BE%D0%B2%D0%B8%D1%9B\">Mile Lukovi\u0107<\/a>\u00a0zvani &#8222;Kum&#8220;. Klan se u po\u010detku bavio sitnim kriminalom kra\u0111om automobila i prodajom narkotika. Mo\u0107 klana je iz dana u dan rasla, povezanost\u00a0<a title=\"Policija\" href=\"https:\/\/sr.wikipedia.org\/wiki\/%D0%9F%D0%BE%D0%BB%D0%B8%D1%86%D0%B8%D1%98%D0%B0\">policije<\/a>\u00a0i kriminalne grupe je funkcionisala jako uspe\u0161no. Poznanstvo sa\u00a0<a title=\"Milorad Ulemek Legija\" href=\"https:\/\/sr.wikipedia.org\/wiki\/%D0%9C%D0%B8%D0%BB%D0%BE%D1%80%D0%B0%D0%B4_%D0%A3%D0%BB%D0%B5%D0%BC%D0%B5%D0%BA_%D0%9B%D0%B5%D0%B3%D0%B8%D1%98%D0%B0\">Miloradom Ulemekom Legijom<\/a>\u00a0je Zemunskom klanu dalo jo\u0161 ve\u0107i autoritet i mo\u0107. Glavni \u010dlan Zemunskog klana je novac delio \u010dlanovima u zavisnosti od toga koliko je ko doprineo uspe\u0161nosti operacije.<\/p>\n<p><a title=\"Du\u0161an Spasojevi\u0107\" href=\"https:\/\/sr.wikipedia.org\/wiki\/%D0%94%D1%83%D1%88%D0%B0%D0%BD_%D0%A1%D0%BF%D0%B0%D1%81%D0%BE%D1%98%D0%B5%D0%B2%D0%B8%D1%9B\">Du\u0161an Spasojevi\u0107<\/a>\u00a0je za klan imao posebnu re\u010d, &#8222;<b>firma<\/b>&#8222;, koja je ujedno bila \u0161ifra za razgovor preko telefona, koji su bili pra\u0107eni od strane\u00a0<a title=\"Bezbednosno-informativna agencija\" href=\"https:\/\/sr.wikipedia.org\/wiki\/%D0%91%D0%B5%D0%B7%D0%B1%D0%B5%D0%B4%D0%BD%D0%BE%D1%81%D0%BD%D0%BE-%D0%B8%D0%BD%D1%84%D0%BE%D1%80%D0%BC%D0%B0%D1%82%D0%B8%D0%B2%D0%BD%D0%B0_%D0%B0%D0%B3%D0%B5%D0%BD%D1%86%D0%B8%D1%98%D0%B0\">BIA<\/a>. Carstvo Zemunskog klana je ujedno zna\u010dilo i sklanjanje drugih klanova sa ulica. \u0160ifra koju je koristio Du\u0161an Spasojevi\u0107 prilikom pripreme likvidacija bila je: &#8222;<i>Ide za Kanadu&#8220;.<\/i><\/p>\n<h2><span id=\".D0.A8.D0.B8.D0.BB.D0.B5.D1.80.D0.BE.D0.B2.D0.B0\"><\/span><span id=\"\u0428\u0438\u043b\u0435\u0440\u043e\u0432\u0430\" class=\"mw-headline\">\u0160ilerova<\/span><\/h2>\n<p>\u0160ilerova ulica u\u00a0<a title=\"Zemun\" href=\"https:\/\/sr.wikipedia.org\/wiki\/%D0%97%D0%B5%D0%BC%D1%83%D0%BD\">Zemunu<\/a>\u00a0je bila glavno sedi\u0161te zemunskog klana. Gradnja vile je trajala 3 godine. U \u0160ilerovu ulicu dolazili su\u00a0<a title=\"Politi\u010dar\" href=\"https:\/\/sr.wikipedia.org\/wiki\/%D0%9F%D0%BE%D0%BB%D0%B8%D1%82%D0%B8%D1%87%D0%B0%D1%80\">politi\u010dari<\/a>,\u00a0<a title=\"Ministar\" href=\"https:\/\/sr.wikipedia.org\/wiki\/%D0%9C%D0%B8%D0%BD%D0%B8%D1%81%D1%82%D0%B0%D1%80\">ministri<\/a>, njihovi savetnici, vo\u0111e opozicionih stranaka u to vreme, peva\u010dice, glumice. Mnogi su tu dolazili zbog provoda, a ve\u0107ina tra\u017ee\u0107i neku vrstu pomo\u0107i ili saradnje. Gra\u0111enje vile u \u0160ilerovoj ulici je ozna\u010davalo ulazak velike koli\u010dine novca u gra\u0111enje bazena i rasko\u0161nih salona. Preduzetnik koji je preuzeo posao gradnje uvideo je da je u pitanju veliki novac i da bi bilo dobro da se uklju\u010di i zavr\u0161i izgradnju. Preduzetniku je, u po\u010detku, novac ispla\u0107ivan uredno, sve do onog trenutka kada je po\u010deo sa probijanjem rokova za izgradnju pravdaju\u0107i to time da mu je potrebno vi\u0161e novaca kako bi zavr\u0161io radove.<\/p>\n<p>Re\u010denica koja je upotrebljena u zlo\u010dina\u010dkom \u017eargonu je bila: &#8222;<i>Ti si rekao da \u0107e\u0161 da zavr\u0161i\u0161 i ima da zavr\u0161i\u0161&#8220;.<\/i>\u00a0Preduzetnik je morao da ulo\u017ei sopstveni novac i njime pla\u0107a radove umesto investitora.\u00a0Droga\u00a0se prodavala u vili gde su kasnije \u010dlanovi klana donosili sav novac.<\/p>\n<p>Ina\u010de, ru\u0161enje zdanja u \u0160ilerovoj zbog nezakonite gradnje po\u010delo je 13. marta u 14 \u010dasova i trajalo je do 27. marta 2003. Sada je ostao plac, \u010dija se vrednost procenjuje na oko 1.200.000 evra.<\/p>\n<p>U javnosti su kru\u017eile pri\u010de o famoznim snimcima iz \u0160ilerove, ali nikada ni jedan od tih snimaka nije objavljen iako je deo tih snimaka sa\u010duvan.<\/p>\n<h2><span id=\".D0.9E.D1.82.D0.BC.D0.B8.D1.86.D0.B5\"><\/span><span id=\"\u041e\u0442\u043c\u0438\u0446\u0435\" class=\"mw-headline\">Otmice<\/span><\/h2>\n<p>Zemunski klan je uvideo da najvi\u0161e novca donose otmice. Njihove glavne mete su bili ljudi sa velikim kapitalom i ugledom. Najve\u0107a otmica koja im je donela najvi\u0161e novca bila je otmica\u00a0<a title=\"Miroslav Mi\u0161kovi\u0107\" href=\"https:\/\/sr.wikipedia.org\/wiki\/%D0%9C%D0%B8%D1%80%D0%BE%D1%81%D0%BB%D0%B0%D0%B2_%D0%9C%D0%B8%D1%88%D0%BA%D0%BE%D0%B2%D0%B8%D1%9B\">Miroslava Mi\u0161kovi\u0107a<\/a>\u00a0u kojoj su uzeli oko 10 miliona maraka. Otmice su ra\u0111ene sa velikom oprezno\u0161\u0107u. Novac je morao biti u sportskoj torbi i ba\u010den negde na auto-putu, gde bi odre\u0111eni \u010dlan pratio vozilo koje je prevozilo novac. Poziv sa telefona bi ozna\u010davao jo\u0161 novca ili promena lokacije gde novac treba da se ostavi. Saradnik\u00a0<a title=\"Miroslav Mi\u0161kovi\u0107\" href=\"https:\/\/sr.wikipedia.org\/wiki\/%D0%9C%D0%B8%D1%80%D0%BE%D1%81%D0%BB%D0%B0%D0%B2_%D0%9C%D0%B8%D1%88%D0%BA%D0%BE%D0%B2%D0%B8%D1%9B\">Miroslava Mi\u0161kovi\u0107a<\/a>\u00a0je u to vreme bio Milan Spasojevi\u0107 koji je bio veoma upla\u0161en da je preko telefona kojim su mu javljali gde da vozi bili veoma bezobzirni. Milan Spasojevi\u0107 je vozio \u010dak do\u00a0<a class=\"new\" title=\"Hrvatske granice (stranica ne postoji)\" href=\"https:\/\/sr.wikipedia.org\/w\/index.php?title=%D0%A5%D1%80%D0%B2%D0%B0%D1%82%D1%81%D0%BA%D0%B5_%D0%B3%D1%80%D0%B0%D0%BD%D0%B8%D1%86%D0%B5&amp;action=edit&amp;redlink=1\">Hrvatske granice<\/a>\u00a0gde bi mu rekli da se vra\u0107a nazad za\u00a0<a title=\"Beograd\" href=\"https:\/\/sr.wikipedia.org\/wiki\/%D0%91%D0%B5%D0%BE%D0%B3%D1%80%D0%B0%D0%B4\">Beograd<\/a>\u00a0i kada bi stigao do Beograda, zvali bi opet i rekli da je javio policiji i da \u0107e ubiti Miroslava Mi\u0161kovi\u0107a ako ne\u0161to poku\u0161a. Odlazak do Beograda i ponovo vra\u0107anje na auto-put je bilo psihi\u010dki iscrpljuju\u0107e za Milana. U knjizi Mileta Novakovi\u0107a &#8222;<i>Otmice Zemunskog klana&#8220;<\/i>\u00a0su detaljno opisane otmice.<\/p>\n<table class=\"wikitable\">\n<caption>Dokumentovane otmice klana<\/caption>\n<tbody>\n<tr>\n<th width=\"140\">\u017drtva<\/th>\n<th>Starost<\/th>\n<th>Datum otmice<\/th>\n<th>Mesto otmice<\/th>\n<th width=\"70\">Trajanje otmice<\/th>\n<th width=\"120\">Pla\u0107eni iznos<\/th>\n<th>Napomena<\/th>\n<\/tr>\n<tr>\n<td>Novak Stevani\u0107<\/td>\n<td align=\"center\">17<\/td>\n<td>22.8.1997.<\/td>\n<td>centar\u00a0<a title=\"Beograd\" href=\"https:\/\/sr.wikipedia.org\/wiki\/%D0%91%D0%B5%D0%BE%D0%B3%D1%80%D0%B0%D0%B4\">Beograda<\/a><\/td>\n<td>1 dan<\/td>\n<td>60.000\u00a0<a title=\"Nema\u010dka marka\" href=\"https:\/\/sr.wikipedia.org\/wiki\/%D0%9D%D0%B5%D0%BC%D0%B0%D1%87%D0%BA%D0%B0_%D0%BC%D0%B0%D1%80%D0%BA%D0%B0\">DEM<\/a>\u00a0i 4,5<span class=\"nowrap\">\u00a0<\/span><a title=\"Kilogram\" href=\"https:\/\/sr.wikipedia.org\/wiki\/%D0%9A%D0%B8%D0%BB%D0%BE%D0%B3%D1%80%D0%B0%D0%BC\">kg<\/a>\u00a0nakita<\/td>\n<td><small>Pretu\u010den; nakon jo\u0161 nekoliko meseci pretnji, izvr\u0161io samoubistvo<\/small><\/td>\n<\/tr>\n<tr>\n<td>Sr\u0111an Jov\u010di\u0107<sup id=\"cite_ref-FOOTNOTE\u041d\u043e\u0432\u0430\u043a\u043e\u0432\u0438\u045b2013214_2-0\" class=\"reference\"><a href=\"https:\/\/sr.wikipedia.org\/sr-el\/%D0%97%D0%B5%D0%BC%D1%83%D0%BD%D1%81%D0%BA%D0%B8_%D0%BA%D0%BB%D0%B0%D0%BD#cite_note-FOOTNOTE%D0%9D%D0%BE%D0%B2%D0%B0%D0%BA%D0%BE%D0%B2%D0%B8%D1%9B2013214-2\">[2]<\/a><\/sup><\/td>\n<td align=\"center\">?<\/td>\n<td>Jun 2000.<\/td>\n<td><a title=\"Batajnica\" href=\"https:\/\/sr.wikipedia.org\/wiki\/%D0%91%D0%B0%D1%82%D0%B0%D1%98%D0%BD%D0%B8%D1%86%D0%B0\">Batajnica<\/a><\/td>\n<td>3 dana<\/td>\n<td>90.000 DEM<\/td>\n<td><small>Pretu\u010den, mu\u010den strujnim \u0161okovima i upucan<\/small><\/td>\n<\/tr>\n<tr>\n<td>Predrag Rankovi\u0107 Peconi<\/td>\n<td align=\"center\">38<\/td>\n<td>jesen 2000.<\/td>\n<td>?<\/td>\n<td>?<\/td>\n<td>500.000 DEM<\/td>\n<td><\/td>\n<\/tr>\n<tr>\n<td>Vuk Bajru\u0161evi\u0107<sup id=\"cite_ref-FOOTNOTE\u041d\u043e\u0432\u0430\u043a\u043e\u0432\u0438\u045b201327-52_4-0\" class=\"reference\"><a href=\"https:\/\/sr.wikipedia.org\/sr-el\/%D0%97%D0%B5%D0%BC%D1%83%D0%BD%D1%81%D0%BA%D0%B8_%D0%BA%D0%BB%D0%B0%D0%BD#cite_note-FOOTNOTE%D0%9D%D0%BE%D0%B2%D0%B0%D0%BA%D0%BE%D0%B2%D0%B8%D1%9B201327-52-4\">[4]<\/a><\/sup><\/td>\n<td align=\"center\">27<\/td>\n<td>7.11.2000.<\/td>\n<td><a class=\"mw-redirect\" title=\"Banovo Brdo\" href=\"https:\/\/sr.wikipedia.org\/wiki\/%D0%91%D0%B0%D0%BD%D0%BE%D0%B2%D0%BE_%D0%91%D1%80%D0%B4%D0%BE\">Banovo Brdo<\/a>, Beograd<\/td>\n<td>20 dana<\/td>\n<td>1,5 miliona DEM<\/td>\n<td><small>Pretu\u010den<\/small><\/td>\n<\/tr>\n<tr>\n<td>Stefan \u017divojinovi\u0107<sup id=\"cite_ref-FOOTNOTE\u041d\u043e\u0432\u0430\u043a\u043e\u0432\u0438\u045b201353-64_5-0\" class=\"reference\"><a href=\"https:\/\/sr.wikipedia.org\/sr-el\/%D0%97%D0%B5%D0%BC%D1%83%D0%BD%D1%81%D0%BA%D0%B8_%D0%BA%D0%BB%D0%B0%D0%BD#cite_note-FOOTNOTE%D0%9D%D0%BE%D0%B2%D0%B0%D0%BA%D0%BE%D0%B2%D0%B8%D1%9B201353-64-5\">[5]<\/a><\/sup><\/td>\n<td align=\"center\">8<\/td>\n<td>23.11.2000.<\/td>\n<td><a title=\"Be\u017eanijska kosa\" href=\"https:\/\/sr.wikipedia.org\/wiki\/%D0%91%D0%B5%D0%B6%D0%B0%D0%BD%D0%B8%D1%98%D1%81%D0%BA%D0%B0_%D0%BA%D0%BE%D1%81%D0%B0\">Be\u017eanijska kosa<\/a>, Beograd<\/td>\n<td>8 dana<\/td>\n<td>2,5 miliona DEM<\/td>\n<td><small>Sin biv\u0161eg tenisera\u00a0<a title=\"Slobodan \u017divojinovi\u0107\" href=\"https:\/\/sr.wikipedia.org\/wiki\/%D0%A1%D0%BB%D0%BE%D0%B1%D0%BE%D0%B4%D0%B0%D0%BD_%D0%96%D0%B8%D0%B2%D0%BE%D1%98%D0%B8%D0%BD%D0%BE%D0%B2%D0%B8%D1%9B\">Slobodana<\/a>\u00a0i\u00a0<a title=\"Lepa Brena\" href=\"https:\/\/sr.wikipedia.org\/wiki\/%D0%9B%D0%B5%D0%BF%D0%B0_%D0%91%D1%80%D0%B5%D0%BD%D0%B0\">Lepe Brene<\/a>; iako je ova otmica veoma li\u010dila na druge, ostalo je nejasno da li ju je po\u010dinio klan<\/small><\/td>\n<\/tr>\n<tr>\n<td>Dragoslav Vukovi\u0107<sup id=\"cite_ref-FOOTNOTE\u041d\u043e\u0432\u0430\u043a\u043e\u0432\u0438\u045b201365-74_6-0\" class=\"reference\"><a href=\"https:\/\/sr.wikipedia.org\/sr-el\/%D0%97%D0%B5%D0%BC%D1%83%D0%BD%D1%81%D0%BA%D0%B8_%D0%BA%D0%BB%D0%B0%D0%BD#cite_note-FOOTNOTE%D0%9D%D0%BE%D0%B2%D0%B0%D0%BA%D0%BE%D0%B2%D0%B8%D1%9B201365-74-6\">[6]<\/a><\/sup><\/td>\n<td align=\"center\">?<\/td>\n<td>9.1.2001.<\/td>\n<td><a title=\"Novi Sad\" href=\"https:\/\/sr.wikipedia.org\/wiki\/%D0%9D%D0%BE%D0%B2%D0%B8_%D0%A1%D0%B0%D0%B4\">Novi Sad<\/a><\/td>\n<td>1 dan<\/td>\n<td>2 miliona DEM<\/td>\n<td><small>Nakon ove otmice, pripadnici klana su po\u010deli da koriste tzv. \u201especijale\u201d \u2013 mobilne telefone za isklju\u010divo me\u0111usobnu komunikaciju tokom vr\u0161enja jednog zlo\u010dina<sup id=\"cite_ref-FOOTNOTE\u041d\u043e\u0432\u0430\u043a\u043e\u0432\u0438\u045b2013195_7-0\" class=\"reference\"><a href=\"https:\/\/sr.wikipedia.org\/sr-el\/%D0%97%D0%B5%D0%BC%D1%83%D0%BD%D1%81%D0%BA%D0%B8_%D0%BA%D0%BB%D0%B0%D0%BD#cite_note-FOOTNOTE%D0%9D%D0%BE%D0%B2%D0%B0%D0%BA%D0%BE%D0%B2%D0%B8%D1%9B2013195-7\">[7]<\/a><\/sup><\/small><\/td>\n<\/tr>\n<tr>\n<td>Milenko Aleksi\u0107<sup id=\"cite_ref-FOOTNOTE\u041d\u043e\u0432\u0430\u043a\u043e\u0432\u0438\u045b201375-85_8-0\" class=\"reference\"><a href=\"https:\/\/sr.wikipedia.org\/sr-el\/%D0%97%D0%B5%D0%BC%D1%83%D0%BD%D1%81%D0%BA%D0%B8_%D0%BA%D0%BB%D0%B0%D0%BD#cite_note-FOOTNOTE%D0%9D%D0%BE%D0%B2%D0%B0%D0%BA%D0%BE%D0%B2%D0%B8%D1%9B201375-85-8\">[8]<\/a><\/sup><\/td>\n<td align=\"center\">?<\/td>\n<td>15.1.2001.<\/td>\n<td><a title=\"Subotica\" href=\"https:\/\/sr.wikipedia.org\/wiki\/%D0%A1%D1%83%D0%B1%D0%BE%D1%82%D0%B8%D1%86%D0%B0\">Subotica<\/a><\/td>\n<td>1 dan<\/td>\n<td>&#8211;<\/td>\n<td><small>Direktor \u201eInter\u0161peda\u201d; surovo pretu\u010den pa oslobo\u0111en uz obe\u0107anje da \u0107e isplatiti 150.000 DEM<\/small><\/td>\n<\/tr>\n<tr>\n<td>Svetozar Obradovi\u0107<sup id=\"cite_ref-FOOTNOTE\u041d\u043e\u0432\u0430\u043a\u043e\u0432\u0438\u045b201387-92_9-0\" class=\"reference\"><a href=\"https:\/\/sr.wikipedia.org\/sr-el\/%D0%97%D0%B5%D0%BC%D1%83%D0%BD%D1%81%D0%BA%D0%B8_%D0%BA%D0%BB%D0%B0%D0%BD#cite_note-FOOTNOTE%D0%9D%D0%BE%D0%B2%D0%B0%D0%BA%D0%BE%D0%B2%D0%B8%D1%9B201387-92-9\">[9]<\/a><\/sup><\/td>\n<td align=\"center\">27<\/td>\n<td>30.1.2001.<\/td>\n<td><a title=\"Evropski put E75\" href=\"https:\/\/sr.wikipedia.org\/wiki\/%D0%95%D0%B2%D1%80%D0%BE%D0%BF%D1%81%D0%BA%D0%B8_%D0%BF%D1%83%D1%82_%D0%9575\">auto-put<\/a>, kod\u00a0<a title=\"Zemun Polje\" href=\"https:\/\/sr.wikipedia.org\/wiki\/%D0%97%D0%B5%D0%BC%D1%83%D0%BD_%D0%9F%D0%BE%D1%99%D0%B5\">Zemun Polja<\/a><\/td>\n<td>1 dan<\/td>\n<td>&#8211;<\/td>\n<td><small>Oslobo\u0111en uz obe\u0107anje da \u0107e isplatiti 500.000 DEM<\/small><\/td>\n<\/tr>\n<tr>\n<td>Milo\u0161 Jefti\u0107<sup id=\"cite_ref-FOOTNOTE\u041d\u043e\u0432\u0430\u043a\u043e\u0432\u0438\u045b2013213_10-0\" class=\"reference\"><a href=\"https:\/\/sr.wikipedia.org\/sr-el\/%D0%97%D0%B5%D0%BC%D1%83%D0%BD%D1%81%D0%BA%D0%B8_%D0%BA%D0%BB%D0%B0%D0%BD#cite_note-FOOTNOTE%D0%9D%D0%BE%D0%B2%D0%B0%D0%BA%D0%BE%D0%B2%D0%B8%D1%9B2013213-10\">[10]<\/a><\/sup><\/td>\n<td align=\"center\">?<\/td>\n<td>mart 2001.<\/td>\n<td><a title=\"Zemun\" href=\"https:\/\/sr.wikipedia.org\/wiki\/%D0%97%D0%B5%D0%BC%D1%83%D0%BD\">Zemun<\/a><\/td>\n<td>nekoliko sati<\/td>\n<td>automobil \u201e<a class=\"mw-redirect\" title=\"BMV\" href=\"https:\/\/sr.wikipedia.org\/wiki\/%D0%91%D0%9C%D0%92\">BMV<\/a>\u201d<\/td>\n<td><small>Pretu\u010den<\/small><\/td>\n<\/tr>\n<tr>\n<td>Marko Mi\u0161kovi\u0107<sup id=\"cite_ref-FOOTNOTE\u041d\u043e\u0432\u0430\u043a\u043e\u0432\u0438\u045b2013119-121_11-0\" class=\"reference\"><a href=\"https:\/\/sr.wikipedia.org\/sr-el\/%D0%97%D0%B5%D0%BC%D1%83%D0%BD%D1%81%D0%BA%D0%B8_%D0%BA%D0%BB%D0%B0%D0%BD#cite_note-FOOTNOTE%D0%9D%D0%BE%D0%B2%D0%B0%D0%BA%D0%BE%D0%B2%D0%B8%D1%9B2013119-121-11\">[11]<\/a><\/sup><\/td>\n<td align=\"center\">19<\/td>\n<td>29.3.2001.<\/td>\n<td><a title=\"Evropski put E70\" href=\"https:\/\/sr.wikipedia.org\/wiki\/%D0%95%D0%B2%D1%80%D0%BE%D0%BF%D1%81%D0%BA%D0%B8_%D0%BF%D1%83%D1%82_%D0%9570\">auto-put<\/a>, od\u00a0<a title=\"Aerodrom Nikola Tesla Beograd\" href=\"https:\/\/sr.wikipedia.org\/wiki\/%D0%90%D0%B5%D1%80%D0%BE%D0%B4%D1%80%D0%BE%D0%BC_%D0%9D%D0%B8%D0%BA%D0%BE%D0%BB%D0%B0_%D0%A2%D0%B5%D1%81%D0%BB%D0%B0_%D0%91%D0%B5%D0%BE%D0%B3%D1%80%D0%B0%D0%B4\">aerodroma<\/a>\u00a0do N. Beograda<\/td>\n<td>&#8211;<\/td>\n<td>&#8211;<\/td>\n<td><small>Sin Miroslava Mi\u0161kovi\u0107a; neuspela otmica<\/small><\/td>\n<\/tr>\n<tr>\n<td>Sa\u0161a Pe\u0161i\u0107<sup id=\"cite_ref-FOOTNOTE\u041d\u043e\u0432\u0430\u043a\u043e\u0432\u0438\u045b2013211-212_12-0\" class=\"reference\"><a href=\"https:\/\/sr.wikipedia.org\/sr-el\/%D0%97%D0%B5%D0%BC%D1%83%D0%BD%D1%81%D0%BA%D0%B8_%D0%BA%D0%BB%D0%B0%D0%BD#cite_note-FOOTNOTE%D0%9D%D0%BE%D0%B2%D0%B0%D0%BA%D0%BE%D0%B2%D0%B8%D1%9B2013211-212-12\">[12]<\/a><\/sup><\/td>\n<td align=\"center\">?<\/td>\n<td>30.3.2001.<\/td>\n<td>Zemun<\/td>\n<td>nekoliko sati<\/td>\n<td>11.000 DEM<\/td>\n<td><small>Iznu\u0111eni iznos za gra\u0111evinske radove koje je Pe\u0161i\u0107 hteo da naplati<\/small><\/td>\n<\/tr>\n<tr>\n<td><a title=\"Miroslav Mi\u0161kovi\u0107\" href=\"https:\/\/sr.wikipedia.org\/wiki\/%D0%9C%D0%B8%D1%80%D0%BE%D1%81%D0%BB%D0%B0%D0%B2_%D0%9C%D0%B8%D1%88%D0%BA%D0%BE%D0%B2%D0%B8%D1%9B\">Miroslav Mi\u0161kovi\u0107<\/a><sup id=\"cite_ref-FOOTNOTE\u041d\u043e\u0432\u0430\u043a\u043e\u0432\u0438\u045b2013119-157_13-0\" class=\"reference\"><a href=\"https:\/\/sr.wikipedia.org\/sr-el\/%D0%97%D0%B5%D0%BC%D1%83%D0%BD%D1%81%D0%BA%D0%B8_%D0%BA%D0%BB%D0%B0%D0%BD#cite_note-FOOTNOTE%D0%9D%D0%BE%D0%B2%D0%B0%D0%BA%D0%BE%D0%B2%D0%B8%D1%9B2013119-157-13\">[13]<\/a><\/sup><\/td>\n<td align=\"center\">55<\/td>\n<td>9.4.2001.<\/td>\n<td><a class=\"mw-redirect\" title=\"Novi Beograd\" href=\"https:\/\/sr.wikipedia.org\/wiki\/%D0%9D%D0%BE%D0%B2%D0%B8_%D0%91%D0%B5%D0%BE%D0%B3%D1%80%D0%B0%D0%B4\">Novi Beograd<\/a>, blok 33<\/td>\n<td>1 dan<\/td>\n<td>7 miliona DEM<\/td>\n<td><small>Vlasnik \u201e<a class=\"mw-redirect\" title=\"Delta holding\" href=\"https:\/\/sr.wikipedia.org\/wiki\/%D0%94%D0%B5%D0%BB%D1%82%D0%B0_%D1%85%D0%BE%D0%BB%D0%B4%D0%B8%D0%BD%D0%B3\">Delta holdinga<\/a>\u201d<\/small><\/td>\n<\/tr>\n<tr>\n<td>Milija Babovi\u0107<sup id=\"cite_ref-FOOTNOTE\u041d\u043e\u0432\u0430\u043a\u043e\u0432\u0438\u045b2013261-276_14-0\" class=\"reference\"><a href=\"https:\/\/sr.wikipedia.org\/sr-el\/%D0%97%D0%B5%D0%BC%D1%83%D0%BD%D1%81%D0%BA%D0%B8_%D0%BA%D0%BB%D0%B0%D0%BD#cite_note-FOOTNOTE%D0%9D%D0%BE%D0%B2%D0%B0%D0%BA%D0%BE%D0%B2%D0%B8%D1%9B2013261-276-14\">[14]<\/a><\/sup><\/td>\n<td align=\"center\">39<\/td>\n<td>24.3.2002.<\/td>\n<td>Ju\u017eni bulevar, Beograd<\/td>\n<td>40 dana<\/td>\n<td>10,5 miliona\u00a0<a class=\"mw-redirect\" title=\"\u20ac\" href=\"https:\/\/sr.wikipedia.org\/wiki\/%E2%82%AC\">\u20ac<\/a><\/td>\n<td><small>Vlasnik \u201eVerano motorsa\u201d; nakon poku\u0161aja bekstva, surovo mu\u010den<\/small><\/td>\n<\/tr>\n<tr>\n<td>Suad Musi\u0107<sup id=\"cite_ref-FOOTNOTE\u041d\u043e\u0432\u0430\u043a\u043e\u0432\u0438\u045b2013279-293_15-0\" class=\"reference\"><a href=\"https:\/\/sr.wikipedia.org\/sr-el\/%D0%97%D0%B5%D0%BC%D1%83%D0%BD%D1%81%D0%BA%D0%B8_%D0%BA%D0%BB%D0%B0%D0%BD#cite_note-FOOTNOTE%D0%9D%D0%BE%D0%B2%D0%B0%D0%BA%D0%BE%D0%B2%D0%B8%D1%9B2013279-293-15\">[15]<\/a><\/sup><\/td>\n<td align=\"center\">?<\/td>\n<td>dec. 2002.<\/td>\n<td><a class=\"mw-redirect\" title=\"Trg Slavija\" href=\"https:\/\/sr.wikipedia.org\/wiki\/%D0%A2%D1%80%D0%B3_%D0%A1%D0%BB%D0%B0%D0%B2%D0%B8%D1%98%D0%B0\">Trg Slavija<\/a>, Beograd<\/td>\n<td>15 dana<\/td>\n<td>400.000 \u20ac<\/td>\n<td><small>Brutalno mu\u010den<\/small><\/td>\n<\/tr>\n<tr>\n<td colspan=\"5\" align=\"right\"><b>Ukupno novca<\/b><\/td>\n<td><b>oko 17,9 miliona \u20ac<\/b><\/td>\n<td><\/td>\n<\/tr>\n<\/tbody>\n<\/table>\n<h2><span id=\".D0.9D.D0.B5.D1.83.D1.81.D0.BF.D0.B5.D1.88.D0.B0.D0.BD_.D0.BE.D0.B4.D0.BB.D0.B0.D0.B7.D0.B0.D0.BA_.D0.B7.D0.B0_.D0.9A.D0.BE.D0.BB.D1.83.D0.BC.D0.B1.D0.B8.D1.98.D1.83\"><\/span><span id=\"\u041d\u0435\u0443\u0441\u043f\u0435\u0448\u0430\u043d_\u043e\u0434\u043b\u0430\u0437\u0430\u043a_\u0437\u0430_\u041a\u043e\u043b\u0443\u043c\u0431\u0438\u0458\u0443\" class=\"mw-headline\">Neuspe\u0161an odlazak za Kolumbiju<\/span><span class=\"mw-editsection\"><span class=\"mw-editsection-bracket\">[<\/span><a class=\"mw-editsection-visualeditor\" title=\"Uredite odeljak \u201eNeuspe\u0161an odlazak za Kolumbiju\u201d\" href=\"https:\/\/sr.wikipedia.org\/w\/index.php?title=%D0%97%D0%B5%D0%BC%D1%83%D0%BD%D1%81%D0%BA%D0%B8_%D0%BA%D0%BB%D0%B0%D0%BD&amp;veaction=edit&amp;section=4\">uredi<\/a><span class=\"mw-editsection-divider\">\u00a0|\u00a0<\/span><a title=\"Uredite odeljak \u201eNeuspe\u0161an odlazak za Kolumbiju\u201d\" href=\"https:\/\/sr.wikipedia.org\/w\/index.php?title=%D0%97%D0%B5%D0%BC%D1%83%D0%BD%D1%81%D0%BA%D0%B8_%D0%BA%D0%BB%D0%B0%D0%BD&amp;action=edit&amp;section=4\">uredi izvor<\/a><span class=\"mw-editsection-bracket\">]<\/span><\/span><\/h2>\n<p>U\u00a0<a title=\"Pariz\" href=\"https:\/\/sr.wikipedia.org\/wiki\/%D0%9F%D0%B0%D1%80%D0%B8%D0%B7\">Parizu<\/a>, gde su se \u010dlanovi opu\u0161tali i kockali, bio je spreman polazak za Kolumbiju. \u017deleli su da kupe kokain od Kolumbijaca kako bi ga prodavali u Evropi i zaradili ogroman novac. Karte su bile rezervisane i krenuli su na avion. Me\u0111utim, srpska policija je dobila dojavu da su Zemunci na aerodromu u Francuskoj gde ih je francuska policija uhapsila zbog falsifikovanih paso\u0161a.<\/p>\n<h2><span id=\".D0.A3.D0.B1.D0.B8.D1.81.D1.82.D0.B2.D0.BE_.D0.BF.D1.80.D0.B5.D0.BC.D0.B8.D1.98.D0.B5.D1.80.D0.B0_.D0.B8_.D0.BF.D0.B0.D0.B4_.D0.97.D0.B5.D0.BC.D1.83.D0.BD.D1.81.D0.BA.D0.BE.D0.B3_.D0.BA.D0.BB.D0.B0.D0.BD.D0.B0\"><\/span><span id=\"\u0423\u0431\u0438\u0441\u0442\u0432\u043e_\u043f\u0440\u0435\u043c\u0438\u0458\u0435\u0440\u0430_\u0438_\u043f\u0430\u0434_\u0417\u0435\u043c\u0443\u043d\u0441\u043a\u043e\u0433_\u043a\u043b\u0430\u043d\u0430\" class=\"mw-headline\">Ubistvo premijera i pad Zemunskog klana<\/span><span class=\"mw-editsection\"><span class=\"mw-editsection-bracket\">[<\/span><a class=\"mw-editsection-visualeditor\" title=\"Uredite odeljak \u201eUbistvo premijera i pad Zemunskog klana\u201d\" href=\"https:\/\/sr.wikipedia.org\/w\/index.php?title=%D0%97%D0%B5%D0%BC%D1%83%D0%BD%D1%81%D0%BA%D0%B8_%D0%BA%D0%BB%D0%B0%D0%BD&amp;veaction=edit&amp;section=5\">uredi<\/a><span class=\"mw-editsection-divider\">\u00a0|\u00a0<\/span><a title=\"Uredite odeljak \u201eUbistvo premijera i pad Zemunskog klana\u201d\" href=\"https:\/\/sr.wikipedia.org\/w\/index.php?title=%D0%97%D0%B5%D0%BC%D1%83%D0%BD%D1%81%D0%BA%D0%B8_%D0%BA%D0%BB%D0%B0%D0%BD&amp;action=edit&amp;section=5\">uredi izvor<\/a><span class=\"mw-editsection-bracket\">]<\/span><\/span><\/h2>\n<p>Pripadnici Zemunskog klana su dana 12. marta 2003. godine izvr\u0161ili\u00a0<a title=\"Atentat na Zorana \u0110in\u0111i\u0107a\" href=\"https:\/\/sr.wikipedia.org\/wiki\/%D0%90%D1%82%D0%B5%D0%BD%D1%82%D0%B0%D1%82_%D0%BD%D0%B0_%D0%97%D0%BE%D1%80%D0%B0%D0%BD%D0%B0_%D0%82%D0%B8%D0%BD%D1%92%D0%B8%D1%9B%D0%B0\">ubistvo premijera Srbije Zorana \u0110in\u0111i\u0107a<\/a>. Dan kasnije, 13. marta je u novinama i medijima osvanula poternica gde su bili svi \u010dlanovi Zemunskog klana. Pokrenuta je operacija\u00a0<a title=\"Sablja (policijska akcija)\" href=\"https:\/\/sr.wikipedia.org\/wiki\/%D0%A1%D0%B0%D0%B1%D1%99%D0%B0_(%D0%BF%D0%BE%D0%BB%D0%B8%D1%86%D0%B8%D1%98%D1%81%D0%BA%D0%B0_%D0%B0%D0%BA%D1%86%D0%B8%D1%98%D0%B0)\">Sablja<\/a>\u00a0koja je uspe\u0161no sprovedena od strane policije i \u017eandarmerije. Potraga i potera za vo\u0111ama Zemunskog klana je trajala 14 dana, kada je dobijena dojava da se glavni \u010dlanovi nalaze u seoskoj ku\u0107i u\u00a0<a title=\"Meljak (Barajevo)\" href=\"https:\/\/sr.wikipedia.org\/wiki\/%D0%9C%D0%B5%D1%99%D0%B0%D0%BA_(%D0%91%D0%B0%D1%80%D0%B0%D1%98%D0%B5%D0%B2%D0%BE)\">Meljaku<\/a>. Vo\u0111e klana Du\u0161an Spasojevi\u0107 i Mile Lukovi\u0107 su ubijeni jer su prvi pripucali na pripadnike\u00a0<a title=\"Specijalna antiteroristi\u010dka jedinica (Srbija)\" href=\"https:\/\/sr.wikipedia.org\/wiki\/%D0%A1%D0%BF%D0%B5%D1%86%D0%B8%D1%98%D0%B0%D0%BB%D0%BD%D0%B0_%D0%B0%D0%BD%D1%82%D0%B8%D1%82%D0%B5%D1%80%D0%BE%D1%80%D0%B8%D1%81%D1%82%D0%B8%D1%87%D0%BA%D0%B0_%D1%98%D0%B5%D0%B4%D0%B8%D0%BD%D0%B8%D1%86%D0%B0_(%D0%A1%D1%80%D0%B1%D0%B8%D1%98%D0%B0)\">Specijalne antiteroristi\u010dke jedinice<\/a>.<\/p>\n<h2><span id=\".D0.A1.D1.83.D1.92.D0.B5.D1.9A.D0.B0\"><\/span><span id=\"\u0421\u0443\u0452\u0435\u045a\u0430\" class=\"mw-headline\">Su\u0111enja<\/span><\/h2>\n<p>Pored procesa za ubistvo premijera Zorana \u0110in\u0111i\u0107a, pripadnicima Zemunskog klana se u drugom posebnom procesu sudilo za 17 ubistava, 3 otmice i dva teroristi\u010dka napada.<sup id=\"cite_ref-16\" class=\"reference\"><a href=\"https:\/\/sr.wikipedia.org\/sr-el\/%D0%97%D0%B5%D0%BC%D1%83%D0%BD%D1%81%D0%BA%D0%B8_%D0%BA%D0%BB%D0%B0%D0%BD#cite_note-16\">[16]<\/a><\/sup><\/p>\n<p>Ubistva za koja im se sudilo:<\/p>\n<table class=\"wikitable\">\n<tbody>\n<tr>\n<th>Red. br.<\/th>\n<th>Datum<\/th>\n<th>Mesto<\/th>\n<th>Ubijeni<\/th>\n<\/tr>\n<tr>\n<td>1.<\/td>\n<td>20. mart 2000.<\/td>\n<td><a title=\"Beograd\" href=\"https:\/\/sr.wikipedia.org\/wiki\/%D0%91%D0%B5%D0%BE%D0%B3%D1%80%D0%B0%D0%B4\">Beograd<\/a><\/td>\n<td>Branislav Lainovi\u0107<\/td>\n<\/tr>\n<tr>\n<td>2\u20143.<\/td>\n<td>27. april 2000.<\/td>\n<td>Beograd<\/td>\n<td>Zoran Uskokovi\u0107 i Milo\u0161 Stevanovi\u0107<\/td>\n<\/tr>\n<tr>\n<td>4.<\/td>\n<td>5. jul 2000.<\/td>\n<td>Beograd<\/td>\n<td>Todor Garda\u0161evi\u0107<\/td>\n<\/tr>\n<tr>\n<td>5.<\/td>\n<td>20. novembar 2000.<\/td>\n<td>Beograd<\/td>\n<td>Sr\u0111an Ljuji\u0107<\/td>\n<\/tr>\n<tr>\n<td>6.<\/td>\n<td>7. decembar 2000.<\/td>\n<td><a title=\"Novi Sad\" href=\"https:\/\/sr.wikipedia.org\/wiki\/%D0%9D%D0%BE%D0%B2%D0%B8_%D0%A1%D0%B0%D0%B4\">Novi Sad<\/a><\/td>\n<td>Velibor Ili\u010di\u0107<\/td>\n<\/tr>\n<tr>\n<td>7.<\/td>\n<td>27. decembar 2000.<\/td>\n<td>Beograd<\/td>\n<td>\u017deljko Bodi\u0161<\/td>\n<\/tr>\n<tr>\n<td>8.<\/td>\n<td>3. avgust 2002.<\/td>\n<td>Beograd<\/td>\n<td>Ivica Nikoli\u0107<\/td>\n<\/tr>\n<tr>\n<td>9.<\/td>\n<td>21. avgust 2002.<\/td>\n<td>Beograd<\/td>\n<td>Goran Trajkovi\u0107<\/td>\n<\/tr>\n<tr>\n<td>10\u201411.<\/td>\n<td>27. septembar 2002.<\/td>\n<td>Beograd<\/td>\n<td>Sredoja \u0160ljuki\u0107 i Zoran \u0160ljuki\u0107<\/td>\n<\/tr>\n<tr>\n<td>12\u201413.<\/td>\n<td>5. oktobar 2002.<\/td>\n<td>Beograd<\/td>\n<td>Jovan Guzijan i Rade Cveti\u0107<\/td>\n<\/tr>\n<tr>\n<td>14.<\/td>\n<td>7. novembar 2002.<\/td>\n<td>Beograd<\/td>\n<td>Ivica Jovanovi\u0107<\/td>\n<\/tr>\n<tr>\n<td>15.<\/td>\n<td>25. novembar 2002.<\/td>\n<td>Beograd<\/td>\n<td>Aleksandar Risti\u0107<\/td>\n<\/tr>\n<tr>\n<td>16\u201417.<\/td>\n<td>26. novembar 2002.<\/td>\n<td>Beograd<\/td>\n<td>\u017deljko \u0160krba i Nenad Bato\u0107anin<\/td>\n<\/tr>\n<\/tbody>\n<\/table>\n<p>Otmice za koje im se sudilo:<\/p>\n<table class=\"wikitable\">\n<tbody>\n<tr>\n<th>Red. br.<\/th>\n<th>Datum<\/th>\n<th>Mesto<\/th>\n<th>Oteti<\/th>\n<\/tr>\n<tr>\n<td>1.<\/td>\n<td>6. novembar 2000.<\/td>\n<td>Beograd<\/td>\n<td>Vuk Bajru\u0161evi\u0107<\/td>\n<\/tr>\n<tr>\n<td>2.<\/td>\n<td>24. mart 2002.<\/td>\n<td>Beograd<\/td>\n<td>Milija Babovi\u0107<\/td>\n<\/tr>\n<tr>\n<td>3.<\/td>\n<td>12. jun 2002.<\/td>\n<td>Beograd<\/td>\n<td>Slobodan Radosavljevi\u0107<\/td>\n<\/tr>\n<tr>\n<td>4.<\/td>\n<td>januar 2003.<\/td>\n<td>Beograd<\/td>\n<td>Suvad Musi\u0107<\/td>\n<\/tr>\n<\/tbody>\n<\/table>\n<p>Teroristi\u010dki napadi za koje im se sudilo:<\/p>\n<table class=\"wikitable\">\n<tbody>\n<tr>\n<th>Red. br.<\/th>\n<th>Datum<\/th>\n<th>Mesto<\/th>\n<th>Napadnuti<\/th>\n<\/tr>\n<tr>\n<td>1.<\/td>\n<td>28. februar 2002.<\/td>\n<td>Beograd<\/td>\n<td>prostorije\u00a0<a class=\"mw-redirect\" title=\"Demokratska stranka Srbije\" href=\"https:\/\/sr.wikipedia.org\/wiki\/%D0%94%D0%B5%D0%BC%D0%BE%D0%BA%D1%80%D0%B0%D1%82%D1%81%D0%BA%D0%B0_%D1%81%D1%82%D1%80%D0%B0%D0%BD%D0%BA%D0%B0_%D0%A1%D1%80%D0%B1%D0%B8%D1%98%D0%B5\">DSS<\/a>-a<\/td>\n<\/tr>\n<tr>\n<td>2.<\/td>\n<td>21. decembar 2002.<\/td>\n<td>Beograd<\/td>\n<td>preduze\u0107e Difens Roud<\/td>\n<\/tr>\n<\/tbody>\n<\/table>\n<p>U tre\u0107em procesu pripadnicima Zemunskog klana se sudilo za tri otmice \u2014 Dragoslava Vukovi\u0107a, Milenka Aleksi\u0107a i Miroslava Mi\u0161kovi\u0107a i jednu iznudu od Sa\u0161e Pe\u0161i\u0107a.<sup id=\"cite_ref-17\" class=\"reference\"><a href=\"https:\/\/sr.wikipedia.org\/sr-el\/%D0%97%D0%B5%D0%BC%D1%83%D0%BD%D1%81%D0%BA%D0%B8_%D0%BA%D0%BB%D0%B0%D0%BD#cite_note-17\">[17]<\/a><\/sup><\/p>\n<p>Otmice i iznuda za koje im se sudilo:<\/p>\n<table class=\"wikitable\">\n<tbody>\n<tr>\n<th>Red. br.<\/th>\n<th>Datum<\/th>\n<th>Mesto<\/th>\n<th>Oteti<\/th>\n<\/tr>\n<tr>\n<td>1.<\/td>\n<td>9. januar 2001.<\/td>\n<td>Novi Sad<\/td>\n<td>Dragoslav Vukovi\u0107<\/td>\n<\/tr>\n<tr>\n<td>2.<\/td>\n<td>15. januar 2001.<\/td>\n<td><a title=\"Subotica\" href=\"https:\/\/sr.wikipedia.org\/wiki\/%D0%A1%D1%83%D0%B1%D0%BE%D1%82%D0%B8%D1%86%D0%B0\">Subotica<\/a><\/td>\n<td>Milenko Aleksi\u0107<\/td>\n<\/tr>\n<tr>\n<td>3.<\/td>\n<td>30. mart 2001.<\/td>\n<td>Beograd<\/td>\n<td>Sa\u0161a Pe\u0161i\u0107<\/td>\n<\/tr>\n<tr>\n<td>4.<\/td>\n<td>9. april 2001.<\/td>\n<td>Beograd<\/td>\n<td><a title=\"Miroslav Mi\u0161kovi\u0107\" href=\"https:\/\/sr.wikipedia.org\/wiki\/%D0%9C%D0%B8%D1%80%D0%BE%D1%81%D0%BB%D0%B0%D0%B2_%D0%9C%D0%B8%D1%88%D0%BA%D0%BE%D0%B2%D0%B8%D1%9B\">Miroslav Mi\u0161kovi\u0107<\/a><\/td>\n<\/tr>\n<\/tbody>\n<\/table>\n<h2><span id=\".D0.9F.D1.80.D0.B5.D1.81.D1.83.D0.B4.D0.B5\"><\/span><span id=\"\u041f\u0440\u0435\u0441\u0443\u0434\u0435\" class=\"mw-headline\">Presude<\/span><\/h2>\n<p>Pripadnicima Zemunskog klana izre\u010dene su tri grupne presude, jedna za ubistvo premijera Zorana \u0110in\u0111i\u0107a, druga za 17 ubistva, 3 otmice i dva teroristi\u010dka napada i tre\u0107a za 3 otmice i jednu iznudu.<sup id=\"cite_ref-18\" class=\"reference\"><\/sup><sup id=\"cite_ref-19\" class=\"reference\"><\/sup><sup id=\"cite_ref-20\" class=\"reference\"><\/sup><\/p>\n<table class=\"wikitable\">\n<tbody>\n<tr>\n<th>Kazne za ubistvo premijera \u0110in\u0111i\u0107a<\/th>\n<th>Kazne za 17 ubistava i otmice<\/th>\n<th>Kazne za otmice i iznudu<\/th>\n<\/tr>\n<tr>\n<td><a class=\"mw-redirect\" title=\"Milorad Ulemek\" href=\"https:\/\/sr.wikipedia.org\/wiki\/%D0%9C%D0%B8%D0%BB%D0%BE%D1%80%D0%B0%D0%B4_%D0%A3%D0%BB%D0%B5%D0%BC%D0%B5%D0%BA\">Milorad Ulemek<\/a>\u00a0\u2014 40 godina<\/td>\n<td>Milorad Ulemek \u2014 40 godina<\/td>\n<td><\/td>\n<\/tr>\n<tr>\n<td><a title=\"Zvezdan Jovanovi\u0107\" href=\"https:\/\/sr.wikipedia.org\/wiki\/%D0%97%D0%B2%D0%B5%D0%B7%D0%B4%D0%B0%D0%BD_%D0%88%D0%BE%D0%B2%D0%B0%D0%BD%D0%BE%D0%B2%D0%B8%D1%9B\">Zvezdan Jovanovi\u0107<\/a>\u00a0\u2014 40 godina<\/td>\n<td><\/td>\n<td><\/td>\n<\/tr>\n<tr>\n<td><a title=\"Aleksandar Simovi\u0107\" href=\"https:\/\/sr.wikipedia.org\/wiki\/%D0%90%D0%BB%D0%B5%D0%BA%D1%81%D0%B0%D0%BD%D0%B4%D0%B0%D1%80_%D0%A1%D0%B8%D0%BC%D0%BE%D0%B2%D0%B8%D1%9B\">Aleksandar Simovi\u0107<\/a>\u00a0\u2014 35 godina<\/td>\n<td>Aleksandar Simovi\u0107 \u2014 35 godina<\/td>\n<td>Aleksandar Simovi\u0107 \u2014 8 godina<\/td>\n<\/tr>\n<tr>\n<td><a title=\"Vladimir Milisavljevi\u0107\" href=\"https:\/\/sr.wikipedia.org\/wiki\/%D0%92%D0%BB%D0%B0%D0%B4%D0%B8%D0%BC%D0%B8%D1%80_%D0%9C%D0%B8%D0%BB%D0%B8%D1%81%D0%B0%D0%B2%D1%99%D0%B5%D0%B2%D0%B8%D1%9B\">Vladimir Milisavljevi\u0107<\/a>\u00a0\u2014 35 godina<\/td>\n<td>Vladimir Milisavljevi\u0107 \u2014 40 godina<\/td>\n<td>Vladimir Milisavljevi\u0107 \u2014 7 godina<\/td>\n<\/tr>\n<tr>\n<td><a title=\"Ninoslav Konstantinovi\u0107\" href=\"https:\/\/sr.wikipedia.org\/wiki\/%D0%9D%D0%B8%D0%BD%D0%BE%D1%81%D0%BB%D0%B0%D0%B2_%D0%9A%D0%BE%D0%BD%D1%81%D1%82%D0%B0%D0%BD%D1%82%D0%B8%D0%BD%D0%BE%D0%B2%D0%B8%D1%9B\">Ninoslav Konstantinovi\u0107<\/a>\u00a0\u2014 35 godina<\/td>\n<td><\/td>\n<td><\/td>\n<\/tr>\n<tr>\n<td><a title=\"Milo\u0161 Simovi\u0107\" href=\"https:\/\/sr.wikipedia.org\/wiki\/%D0%9C%D0%B8%D0%BB%D0%BE%D1%88_%D0%A1%D0%B8%D0%BC%D0%BE%D0%B2%D0%B8%D1%9B\">Milo\u0161 Simovi\u0107<\/a>\u00a0\u2014 30 godina<\/td>\n<td>Milo\u0161 Simovi\u0107 \u2014 40 godina<\/td>\n<td>Milo\u0161 Simovi\u0107 \u2014 8 godina<\/td>\n<\/tr>\n<tr>\n<td><a title=\"Milan Juri\u0161i\u0107\" href=\"https:\/\/sr.wikipedia.org\/wiki\/%D0%9C%D0%B8%D0%BB%D0%B0%D0%BD_%D0%88%D1%83%D1%80%D0%B8%D1%88%D0%B8%D1%9B\">Milan Juri\u0161i\u0107<\/a>\u00a0(Jure) \u2014 30 godina<\/td>\n<td>Milan Juri\u0161i\u0107 (Jure) \u2014 15 godina<\/td>\n<td>Milan Juri\u0161i\u0107 (Jure) \u2014 2 godine<\/td>\n<\/tr>\n<tr>\n<td>Sretko Kalini\u0107\u00a0\u2014 30 godina<\/td>\n<td>Sretko Kalini\u0107 \u2014 40 godina<\/td>\n<td><\/td>\n<\/tr>\n<tr>\n<td>Branislav Bezarevi\u0107\u00a0\u2014 30 godina<\/td>\n<td><\/td>\n<td><\/td>\n<\/tr>\n<tr>\n<td>Du\u0161an Krsmanovi\u0107\u00a0\u2014 20 godina<\/td>\n<td>Du\u0161an Krsmanovi\u0107 \u2014 15 godina<\/td>\n<td>Du\u0161an Krsmanovi\u0107 \u2014 1.5 godina<\/td>\n<\/tr>\n<tr>\n<td>\u017deljko Tojaga\u00a0\u2014 15 godina<\/td>\n<td><\/td>\n<td><\/td>\n<\/tr>\n<tr>\n<td>Sa\u0161a Pejakovi\u0107\u00a0\u2014 8 godina<\/td>\n<td><\/td>\n<td><\/td>\n<\/tr>\n<tr>\n<td><\/td>\n<td>Nikola Baji\u0107\u00a0\u2014 35 godina<\/td>\n<td>Nikola Baji\u0107 \u2014 1.5 godina<\/td>\n<\/tr>\n<tr>\n<td><\/td>\n<td>\u0110or\u0111e Slavkovi\u0107\u00a0\u2014 35 godina<\/td>\n<td><\/td>\n<\/tr>\n<tr>\n<td><\/td>\n<td>Milan Gli\u0161ovi\u0107\u00a0\u2014 32 godine<\/td>\n<td><\/td>\n<\/tr>\n<tr>\n<td><\/td>\n<td>Milan Juri\u0161i\u0107\u00a0(Juri\u0161ko) \u2014 30 godina<\/td>\n<td><\/td>\n<\/tr>\n<tr>\n<td><\/td>\n<td>Darko Mili\u0107evi\u0107\u00a0\u2014 13 godina<\/td>\n<td><\/td>\n<\/tr>\n<tr>\n<td><\/td>\n<td>Milomir Kali\u010danin\u00a0\u2014 10 godina<\/td>\n<td><\/td>\n<\/tr>\n<tr>\n<td><\/td>\n<td>Selman Hamidovi\u0107\u00a0\u2014 10 godina<\/td>\n<td><\/td>\n<\/tr>\n<tr>\n<td><\/td>\n<td>Dalibor Ni\u0161avi\u0107 \u2014 9 godina<\/td>\n<td><\/td>\n<\/tr>\n<tr>\n<td><\/td>\n<td>Slobodan Pa\u017ein \u2014 6 godina<\/td>\n<td><\/td>\n<\/tr>\n<tr>\n<td><\/td>\n<td>Sa\u0161a Petrovi\u0107 \u2014 5 godina<\/td>\n<td><\/td>\n<\/tr>\n<tr>\n<td><\/td>\n<td>Darko Mili\u0107 \u2014 5 godina<\/td>\n<td><\/td>\n<\/tr>\n<tr>\n<td><\/td>\n<td>Dragan Miladinovi\u0107 \u2014 5 godina<\/td>\n<td><\/td>\n<\/tr>\n<tr>\n<td><\/td>\n<td>Milan Dr\u010da \u2014 5 godina<\/td>\n<td><\/td>\n<\/tr>\n<tr>\n<td><\/td>\n<td>Milan Jovanovi\u0107 \u2014 5 godina<\/td>\n<td><\/td>\n<\/tr>\n<tr>\n<td><\/td>\n<td>Sre\u0107ko Trajkovi\u0107 \u2014 4.5 godine<\/td>\n<td><\/td>\n<\/tr>\n<tr>\n<td><\/td>\n<td>Bojan Doli\u0107 \u2014 4.5 godine<\/td>\n<td><\/td>\n<\/tr>\n<tr>\n<td><\/td>\n<td>Slobodan Kov\u010di\u0107 \u2014 4 godine<\/td>\n<td><\/td>\n<\/tr>\n<tr>\n<td><\/td>\n<td>Toni Gavri\u0107 \u2014 3 godine<\/td>\n<td><\/td>\n<\/tr>\n<tr>\n<td><\/td>\n<td>Predrag Maleti\u0107 \u2014 oslobo\u0111en<\/td>\n<td><\/td>\n<\/tr>\n<tr>\n<td><\/td>\n<td><\/td>\n<td><a class=\"new\" title=\"Nenad Opa\u010di\u0107 (stranica ne postoji)\" href=\"https:\/\/sr.wikipedia.org\/w\/index.php?title=%D0%9D%D0%B5%D0%BD%D0%B0%D0%B4_%D0%9E%D0%BF%D0%B0%D1%87%D0%B8%D1%9B&amp;action=edit&amp;redlink=1\">Nenad Opa\u010di\u0107<\/a>\u00a0\u2014 3 godine<\/td>\n<\/tr>\n<\/tbody>\n<\/table>\n<h2><span id=\".D0.A1.D0.B5.D1.80.D0.B8.D1.98.D0.B0.D0.BB_.D0.97.D0.B5.D0.BC.D1.83.D0.BD.D1.81.D0.BA.D0.B8_.D0.BA.D0.BB.D0.B0.D0.BD\"><\/span><span id=\"\u0421\u0435\u0440\u0438\u0458\u0430\u043b_\u0417\u0435\u043c\u0443\u043d\u0441\u043a\u0438_\u043a\u043b\u0430\u043d\" class=\"mw-headline\">Serijal Zemunski klan<\/span><\/h2>\n<p>Emisija\u00a0dosije\u00a0koju vodi\u00a0<a title=\"Ma\u0161an Leki\u0107\" href=\"https:\/\/sr.wikipedia.org\/wiki\/%D0%9C%D0%B0%D1%88%D0%B0%D0%BD_%D0%9B%D0%B5%D0%BA%D0%B8%D1%9B\">Ma\u0161an Leki\u0107<\/a> je napravila serijal gde je prikazan uspon i pad Zemunskog klana.<\/p>\n<h2><span id=\".D0.9A.D0.BE.D0.BD.D1.82.D1.80.D0.BE.D0.B2.D0.B5.D1.80.D0.B7.D0.B5\"><\/span><span id=\"\u041a\u043e\u043d\u0442\u0440\u043e\u0432\u0435\u0440\u0437\u0435\" class=\"mw-headline\">Kontroverze<\/span><\/h2>\n<p>U januaru 2017. godine politi\u010dar\u00a0<a title=\"Velimir Ili\u0107\" href=\"https:\/\/sr.wikipedia.org\/wiki\/%D0%92%D0%B5%D0%BB%D0%B8%D0%BC%D0%B8%D1%80_%D0%98%D0%BB%D0%B8%D1%9B\">Velimir Ili\u0107<\/a>\u00a0je pokazao novinarima fotografije na kojima se nalaze ministar zdravlja\u00a0<a title=\"Zlatibor Lon\u010dar\" href=\"https:\/\/sr.wikipedia.org\/wiki\/%D0%97%D0%BB%D0%B0%D1%82%D0%B8%D0%B1%D0%BE%D1%80_%D0%9B%D0%BE%D0%BD%D1%87%D0%B0%D1%80\">Zlatibor Lon\u010dar<\/a>\u00a0i\u00a0<a title=\"Du\u0161an Spasojevi\u0107\" href=\"https:\/\/sr.wikipedia.org\/wiki\/%D0%94%D1%83%D1%88%D0%B0%D0%BD_%D0%A1%D0%BF%D0%B0%D1%81%D0%BE%D1%98%D0%B5%D0%B2%D0%B8%D1%9B\">Du\u0161an Spasojevi\u0107<\/a>, \u0161to je izazvalo veliku pa\u017enju medija.\u00a0<a class=\"new\" title=\"KRIK (stranica ne postoji)\" href=\"https:\/\/sr.wikipedia.org\/w\/index.php?title=%D0%9A%D0%A0%D0%98%D0%9A&amp;action=edit&amp;redlink=1\">KRIK<\/a>\u00a0je postavio pitanje ministru, a ministar nije dao odgovor za\u0161to je kupio stan od supruge\u00a0<a title=\"Sretko Kalini\u0107\" href=\"https:\/\/sr.wikipedia.org\/wiki\/%D0%A1%D1%80%D0%B5%D1%82%D0%BA%D0%BE_%D0%9A%D0%B0%D0%BB%D0%B8%D0%BD%D0%B8%D1%9B\">Sretka Kalini\u0107a<\/a>\u00a02002. godine.<\/p>\n<h2><span id=\".D0.A7.D0.BB.D0.B0.D0.BD.D0.BE.D0.B2.D0.B8\"><\/span><span id=\"\u0427\u043b\u0430\u043d\u043e\u0432\u0438\" class=\"mw-headline\">\u010clanovi<\/span><\/h2>\n<h3><span id=\".D0.93.D0.BB.D0.B0.D0.B2.D0.BD.D0.B8_.D1.99.D1.83.D0.B4.D0.B8\"><\/span><span id=\"\u0413\u043b\u0430\u0432\u043d\u0438_\u0459\u0443\u0434\u0438\" class=\"mw-headline\">Glavni ljudi<\/span><\/h3>\n<ul>\n<li>Du\u0161an Spasojevi\u0107\u00a0\u2212 &#8222;\u0160iptar, Du\u0107a&#8220; (1968\u20142003)<\/li>\n<li>Mile Lukovi\u0107\u00a0\u2212 &#8222;Kum&#8220; (1969\u20142003)<\/li>\n<li>Milorad Ulemek\u00a0\u2212 &#8222;Legija, Cema, Mi\u0161a, \u0160areni&#8220; (1968\u2014)<\/li>\n<li>Luka Bojovi\u0107\u00a0-&#8222;Pekar&#8220; (1973\u2014)<\/li>\n<\/ul>\n<h3><span id=\".D0.9E.D1.81.D1.82.D0.B0.D0.BB.D0.B8_.D0.BF.D0.BE.D0.B7.D0.BD.D0.B0.D1.82.D0.B8_.D1.87.D0.BB.D0.B0.D0.BD.D0.BE.D0.B2.D0.B8\"><\/span><span id=\"\u041e\u0441\u0442\u0430\u043b\u0438_\u043f\u043e\u0437\u043d\u0430\u0442\u0438_\u0447\u043b\u0430\u043d\u043e\u0432\u0438\" class=\"mw-headline\">Ostali poznati \u010dlanovi<\/span><\/h3>\n<ul>\n<li><a title=\"Zvezdan Jovanovi\u0107\" href=\"https:\/\/sr.wikipedia.org\/wiki\/%D0%97%D0%B2%D0%B5%D0%B7%D0%B4%D0%B0%D0%BD_%D0%88%D0%BE%D0%B2%D0%B0%D0%BD%D0%BE%D0%B2%D0%B8%D1%9B\">Zvezdan Jovanovi\u0107<\/a>\u00a0&#8211; &#8222;Zveki, Zmija&#8220;<\/li>\n<li><a title=\"Vladimir Milisavljevi\u0107\" href=\"https:\/\/sr.wikipedia.org\/wiki\/%D0%92%D0%BB%D0%B0%D0%B4%D0%B8%D0%BC%D0%B8%D1%80_%D0%9C%D0%B8%D0%BB%D0%B8%D1%81%D0%B0%D0%B2%D1%99%D0%B5%D0%B2%D0%B8%D1%9B\">Vladimir Milisavljevi\u0107<\/a>\u00a0\u2212 &#8222;Vlada Budala&#8220;<\/li>\n<li><a title=\"Sretko Kalini\u0107\" href=\"https:\/\/sr.wikipedia.org\/wiki\/%D0%A1%D1%80%D0%B5%D1%82%D0%BA%D0%BE_%D0%9A%D0%B0%D0%BB%D0%B8%D0%BD%D0%B8%D1%9B\">Sretko Kalini\u0107<\/a>\u00a0\u2212 &#8222;Beli, Zver&#8220;<\/li>\n<li>Dejan Milenkovi\u0107\u00a0\u2212 &#8222;Bagzi&#8220;<\/li>\n<li>Milo\u0161 Simovi\u0107\u00a0&#8211; &#8222;Mi\u0161a, Mi\u0161ko&#8220;<\/li>\n<li>Aleksandar Simovi\u0107\u00a0&#8211; &#8222;Aca&#8220;<\/li>\n<li>Ninoslav Konstantinovi\u0107\u00a0\u2212 &#8222;Nino&#8220;<\/li>\n<li>Milan Juri\u0161i\u0107\u00a0\u2212 &#8222;Jure&#8220;<\/li>\n<li>Du\u0161an Krsmanovi\u0107<\/li>\n<li>\u0110or\u0111e Krsmanovi\u0107<\/li>\n<li>\u017deljko Milovanovi\u0107\u00a0-&#8222;Leta\u010d, Vetar &#8222;<\/li>\n<li>Sini\u0161a Petri\u0107\u00a0\u2212 &#8222;Zenica&#8220;<\/li>\n<li>Miladin Suvajd\u017ei\u0107\u00a0\u2212 &#8222;\u0110ura Mutavi&#8220;<\/li>\n<li>Aleksandra \u0160ekularac\u00a0\u2212 &#8222;Biba&#8220;<\/li>\n<li>Zoran Vukojevi\u0107\u00a0\u2212 &#8222;Vuk&#8220;<\/li>\n<li>Mla\u0111an Mi\u0107i\u0107\u00a0\u2212 &#8222;Pacov&#8220;<\/li>\n<li>Nikola Baji\u0107\u00a0\u2212 &#8222;Baja&#8220;<\/li>\n<li>Marko Petrovi\u0107\u00a0\u2212 &#8222;Mamica&#8220;<\/li>\n<li>\u017deljko Mihajlovi\u0107\u00a0\u2212 &#8222;Crnogorac&#8220;<\/li>\n<\/ul>\n<h2><span id=\".D0.A0.D0.B5.D1.84.D0.B5.D1.80.D0.B5.D0.BD.D1.86.D0.B5\"><\/span><span id=\"\u0420\u0435\u0444\u0435\u0440\u0435\u043d\u0446\u0435\" class=\"mw-headline\">Reference<\/span><span class=\"mw-editsection\"><span class=\"mw-editsection-bracket\">[<\/span><a class=\"mw-editsection-visualeditor\" title=\"Uredite odeljak \u201eReference\u201d\" href=\"https:\/\/sr.wikipedia.org\/w\/index.php?title=%D0%97%D0%B5%D0%BC%D1%83%D0%BD%D1%81%D0%BA%D0%B8_%D0%BA%D0%BB%D0%B0%D0%BD&amp;veaction=edit&amp;section=13\">uredi<\/a><span class=\"mw-editsection-divider\">\u00a0|\u00a0<\/span><a title=\"Uredite odeljak \u201eReference\u201d\" href=\"https:\/\/sr.wikipedia.org\/w\/index.php?title=%D0%97%D0%B5%D0%BC%D1%83%D0%BD%D1%81%D0%BA%D0%B8_%D0%BA%D0%BB%D0%B0%D0%BD&amp;action=edit&amp;section=13\">uredi izvor<\/a><span class=\"mw-editsection-bracket\">]<\/span><\/span><\/h2>\n<div class=\"reflist reflist-columns references-column-width reflist-columns-2\">\n<ol class=\"references\">\n<li id=\"cite_note-1\"><span class=\"mw-cite-backlink\"><b><a title=\"Jump up\" href=\"https:\/\/sr.wikipedia.org\/sr-el\/%D0%97%D0%B5%D0%BC%D1%83%D0%BD%D1%81%D0%BA%D0%B8_%D0%BA%D0%BB%D0%B0%D0%BD#cite_ref-1\" aria-label=\"Jump up\">^<\/a><\/b><\/span>\u00a0<span class=\"reference-text\">Politika &#8211;\u00a0<a class=\"external text\" href=\"http:\/\/www.politika.rs\/sr\/clanak\/401382\/Ristic-negira-ucesce-u-otmici-Stevanica\" rel=\"nofollow\"><i>Risti\u0107 negira u\u010de\u0161\u0107e u otmici Stevani\u0107a<\/i><\/a>, 4.4.18.<\/span><\/li>\n<li id=\"cite_note-FOOTNOTE\u041d\u043e\u0432\u0430\u043a\u043e\u0432\u0438\u045b2013214-2\"><span class=\"mw-cite-backlink\"><b><a title=\"Jump up\" href=\"https:\/\/sr.wikipedia.org\/sr-el\/%D0%97%D0%B5%D0%BC%D1%83%D0%BD%D1%81%D0%BA%D0%B8_%D0%BA%D0%BB%D0%B0%D0%BD#cite_ref-FOOTNOTE%D0%9D%D0%BE%D0%B2%D0%B0%D0%BA%D0%BE%D0%B2%D0%B8%D1%9B2013214_2-0\" aria-label=\"Jump up\">^<\/a><\/b><\/span>\u00a0<span class=\"reference-text\"><a href=\"https:\/\/sr.wikipedia.org\/sr-el\/%D0%97%D0%B5%D0%BC%D1%83%D0%BD%D1%81%D0%BA%D0%B8_%D0%BA%D0%BB%D0%B0%D0%BD#CITEREF%D0%9D%D0%BE%D0%B2%D0%B0%D0%BA%D0%BE%D0%B2%D0%B8%D1%9B2013\">Novakovi\u0107 2013<\/a>, str.\u00a0214.<\/span><\/li>\n<li id=\"cite_note-3\"><span class=\"mw-cite-backlink\"><b><a title=\"Jump up\" href=\"https:\/\/sr.wikipedia.org\/sr-el\/%D0%97%D0%B5%D0%BC%D1%83%D0%BD%D1%81%D0%BA%D0%B8_%D0%BA%D0%BB%D0%B0%D0%BD#cite_ref-3\" aria-label=\"Jump up\">^<\/a><\/b><\/span>\u00a0<span class=\"reference-text\">Politika &#8211;\u00a0<a class=\"external text\" href=\"http:\/\/www.politika.rs\/sr\/clanak\/31712\/Hronika\/Zaboravljene-otmice-Peconija-i-Breninog-sina\" rel=\"nofollow\"><i>\u201eZaboravljene\u201d otmice Peconija i Breninog sina<\/i><\/a>, 3.2.2008.<\/span><\/li>\n<li id=\"cite_note-FOOTNOTE\u041d\u043e\u0432\u0430\u043a\u043e\u0432\u0438\u045b201327-52-4\"><span class=\"mw-cite-backlink\"><b><a title=\"Jump up\" href=\"https:\/\/sr.wikipedia.org\/sr-el\/%D0%97%D0%B5%D0%BC%D1%83%D0%BD%D1%81%D0%BA%D0%B8_%D0%BA%D0%BB%D0%B0%D0%BD#cite_ref-FOOTNOTE%D0%9D%D0%BE%D0%B2%D0%B0%D0%BA%D0%BE%D0%B2%D0%B8%D1%9B201327-52_4-0\" aria-label=\"Jump up\">^<\/a><\/b><\/span>\u00a0<span class=\"reference-text\"><a href=\"https:\/\/sr.wikipedia.org\/sr-el\/%D0%97%D0%B5%D0%BC%D1%83%D0%BD%D1%81%D0%BA%D0%B8_%D0%BA%D0%BB%D0%B0%D0%BD#CITEREF%D0%9D%D0%BE%D0%B2%D0%B0%D0%BA%D0%BE%D0%B2%D0%B8%D1%9B2013\">Novakovi\u0107 2013<\/a>, str.\u00a027-52.<\/span><\/li>\n<li id=\"cite_note-FOOTNOTE\u041d\u043e\u0432\u0430\u043a\u043e\u0432\u0438\u045b201353-64-5\"><span class=\"mw-cite-backlink\"><b><a title=\"Jump up\" href=\"https:\/\/sr.wikipedia.org\/sr-el\/%D0%97%D0%B5%D0%BC%D1%83%D0%BD%D1%81%D0%BA%D0%B8_%D0%BA%D0%BB%D0%B0%D0%BD#cite_ref-FOOTNOTE%D0%9D%D0%BE%D0%B2%D0%B0%D0%BA%D0%BE%D0%B2%D0%B8%D1%9B201353-64_5-0\" aria-label=\"Jump up\">^<\/a><\/b><\/span>\u00a0<span class=\"reference-text\"><a href=\"https:\/\/sr.wikipedia.org\/sr-el\/%D0%97%D0%B5%D0%BC%D1%83%D0%BD%D1%81%D0%BA%D0%B8_%D0%BA%D0%BB%D0%B0%D0%BD#CITEREF%D0%9D%D0%BE%D0%B2%D0%B0%D0%BA%D0%BE%D0%B2%D0%B8%D1%9B2013\">Novakovi\u0107 2013<\/a>, str.\u00a053-64.<\/span><\/li>\n<li id=\"cite_note-FOOTNOTE\u041d\u043e\u0432\u0430\u043a\u043e\u0432\u0438\u045b201365-74-6\"><span class=\"mw-cite-backlink\"><b><a title=\"Jump up\" href=\"https:\/\/sr.wikipedia.org\/sr-el\/%D0%97%D0%B5%D0%BC%D1%83%D0%BD%D1%81%D0%BA%D0%B8_%D0%BA%D0%BB%D0%B0%D0%BD#cite_ref-FOOTNOTE%D0%9D%D0%BE%D0%B2%D0%B0%D0%BA%D0%BE%D0%B2%D0%B8%D1%9B201365-74_6-0\" aria-label=\"Jump up\">^<\/a><\/b><\/span>\u00a0<span class=\"reference-text\"><a href=\"https:\/\/sr.wikipedia.org\/sr-el\/%D0%97%D0%B5%D0%BC%D1%83%D0%BD%D1%81%D0%BA%D0%B8_%D0%BA%D0%BB%D0%B0%D0%BD#CITEREF%D0%9D%D0%BE%D0%B2%D0%B0%D0%BA%D0%BE%D0%B2%D0%B8%D1%9B2013\">Novakovi\u0107 2013<\/a>, str.\u00a065-74.<\/span><\/li>\n<li id=\"cite_note-FOOTNOTE\u041d\u043e\u0432\u0430\u043a\u043e\u0432\u0438\u045b2013195-7\"><span class=\"mw-cite-backlink\"><b><a title=\"Jump up\" href=\"https:\/\/sr.wikipedia.org\/sr-el\/%D0%97%D0%B5%D0%BC%D1%83%D0%BD%D1%81%D0%BA%D0%B8_%D0%BA%D0%BB%D0%B0%D0%BD#cite_ref-FOOTNOTE%D0%9D%D0%BE%D0%B2%D0%B0%D0%BA%D0%BE%D0%B2%D0%B8%D1%9B2013195_7-0\" aria-label=\"Jump up\">^<\/a><\/b><\/span>\u00a0<span class=\"reference-text\"><a href=\"https:\/\/sr.wikipedia.org\/sr-el\/%D0%97%D0%B5%D0%BC%D1%83%D0%BD%D1%81%D0%BA%D0%B8_%D0%BA%D0%BB%D0%B0%D0%BD#CITEREF%D0%9D%D0%BE%D0%B2%D0%B0%D0%BA%D0%BE%D0%B2%D0%B8%D1%9B2013\">Novakovi\u0107 2013<\/a>, str.\u00a0195.<\/span><\/li>\n<li id=\"cite_note-FOOTNOTE\u041d\u043e\u0432\u0430\u043a\u043e\u0432\u0438\u045b201375-85-8\"><span class=\"mw-cite-backlink\"><b><a title=\"Jump up\" href=\"https:\/\/sr.wikipedia.org\/sr-el\/%D0%97%D0%B5%D0%BC%D1%83%D0%BD%D1%81%D0%BA%D0%B8_%D0%BA%D0%BB%D0%B0%D0%BD#cite_ref-FOOTNOTE%D0%9D%D0%BE%D0%B2%D0%B0%D0%BA%D0%BE%D0%B2%D0%B8%D1%9B201375-85_8-0\" aria-label=\"Jump up\">^<\/a><\/b><\/span>\u00a0<span class=\"reference-text\"><a href=\"https:\/\/sr.wikipedia.org\/sr-el\/%D0%97%D0%B5%D0%BC%D1%83%D0%BD%D1%81%D0%BA%D0%B8_%D0%BA%D0%BB%D0%B0%D0%BD#CITEREF%D0%9D%D0%BE%D0%B2%D0%B0%D0%BA%D0%BE%D0%B2%D0%B8%D1%9B2013\">Novakovi\u0107 2013<\/a>, str.\u00a075-85.<\/span><\/li>\n<li id=\"cite_note-FOOTNOTE\u041d\u043e\u0432\u0430\u043a\u043e\u0432\u0438\u045b201387-92-9\"><span class=\"mw-cite-backlink\"><b><a title=\"Jump up\" href=\"https:\/\/sr.wikipedia.org\/sr-el\/%D0%97%D0%B5%D0%BC%D1%83%D0%BD%D1%81%D0%BA%D0%B8_%D0%BA%D0%BB%D0%B0%D0%BD#cite_ref-FOOTNOTE%D0%9D%D0%BE%D0%B2%D0%B0%D0%BA%D0%BE%D0%B2%D0%B8%D1%9B201387-92_9-0\" aria-label=\"Jump up\">^<\/a><\/b><\/span>\u00a0<span class=\"reference-text\"><a href=\"https:\/\/sr.wikipedia.org\/sr-el\/%D0%97%D0%B5%D0%BC%D1%83%D0%BD%D1%81%D0%BA%D0%B8_%D0%BA%D0%BB%D0%B0%D0%BD#CITEREF%D0%9D%D0%BE%D0%B2%D0%B0%D0%BA%D0%BE%D0%B2%D0%B8%D1%9B2013\">Novakovi\u0107 2013<\/a>, str.\u00a087-92.<\/span><\/li>\n<li id=\"cite_note-FOOTNOTE\u041d\u043e\u0432\u0430\u043a\u043e\u0432\u0438\u045b2013213-10\"><span class=\"mw-cite-backlink\"><b><a title=\"Jump up\" href=\"https:\/\/sr.wikipedia.org\/sr-el\/%D0%97%D0%B5%D0%BC%D1%83%D0%BD%D1%81%D0%BA%D0%B8_%D0%BA%D0%BB%D0%B0%D0%BD#cite_ref-FOOTNOTE%D0%9D%D0%BE%D0%B2%D0%B0%D0%BA%D0%BE%D0%B2%D0%B8%D1%9B2013213_10-0\" aria-label=\"Jump up\">^<\/a><\/b><\/span>\u00a0<span class=\"reference-text\"><a href=\"https:\/\/sr.wikipedia.org\/sr-el\/%D0%97%D0%B5%D0%BC%D1%83%D0%BD%D1%81%D0%BA%D0%B8_%D0%BA%D0%BB%D0%B0%D0%BD#CITEREF%D0%9D%D0%BE%D0%B2%D0%B0%D0%BA%D0%BE%D0%B2%D0%B8%D1%9B2013\">Novakovi\u0107 2013<\/a>, str.\u00a0213.<\/span><\/li>\n<li id=\"cite_note-FOOTNOTE\u041d\u043e\u0432\u0430\u043a\u043e\u0432\u0438\u045b2013119-121-11\"><span class=\"mw-cite-backlink\"><b><a title=\"Jump up\" href=\"https:\/\/sr.wikipedia.org\/sr-el\/%D0%97%D0%B5%D0%BC%D1%83%D0%BD%D1%81%D0%BA%D0%B8_%D0%BA%D0%BB%D0%B0%D0%BD#cite_ref-FOOTNOTE%D0%9D%D0%BE%D0%B2%D0%B0%D0%BA%D0%BE%D0%B2%D0%B8%D1%9B2013119-121_11-0\" aria-label=\"Jump up\">^<\/a><\/b><\/span>\u00a0<span class=\"reference-text\"><a href=\"https:\/\/sr.wikipedia.org\/sr-el\/%D0%97%D0%B5%D0%BC%D1%83%D0%BD%D1%81%D0%BA%D0%B8_%D0%BA%D0%BB%D0%B0%D0%BD#CITEREF%D0%9D%D0%BE%D0%B2%D0%B0%D0%BA%D0%BE%D0%B2%D0%B8%D1%9B2013\">Novakovi\u0107 2013<\/a>, str.\u00a0119-121.<\/span><\/li>\n<li id=\"cite_note-FOOTNOTE\u041d\u043e\u0432\u0430\u043a\u043e\u0432\u0438\u045b2013211-212-12\"><span class=\"mw-cite-backlink\"><b><a title=\"Jump up\" href=\"https:\/\/sr.wikipedia.org\/sr-el\/%D0%97%D0%B5%D0%BC%D1%83%D0%BD%D1%81%D0%BA%D0%B8_%D0%BA%D0%BB%D0%B0%D0%BD#cite_ref-FOOTNOTE%D0%9D%D0%BE%D0%B2%D0%B0%D0%BA%D0%BE%D0%B2%D0%B8%D1%9B2013211-212_12-0\" aria-label=\"Jump up\">^<\/a><\/b><\/span>\u00a0<span class=\"reference-text\"><a href=\"https:\/\/sr.wikipedia.org\/sr-el\/%D0%97%D0%B5%D0%BC%D1%83%D0%BD%D1%81%D0%BA%D0%B8_%D0%BA%D0%BB%D0%B0%D0%BD#CITEREF%D0%9D%D0%BE%D0%B2%D0%B0%D0%BA%D0%BE%D0%B2%D0%B8%D1%9B2013\">Novakovi\u0107 2013<\/a>, str.\u00a0211-212.<\/span><\/li>\n<li id=\"cite_note-FOOTNOTE\u041d\u043e\u0432\u0430\u043a\u043e\u0432\u0438\u045b2013119-157-13\"><span class=\"mw-cite-backlink\"><b><a title=\"Jump up\" href=\"https:\/\/sr.wikipedia.org\/sr-el\/%D0%97%D0%B5%D0%BC%D1%83%D0%BD%D1%81%D0%BA%D0%B8_%D0%BA%D0%BB%D0%B0%D0%BD#cite_ref-FOOTNOTE%D0%9D%D0%BE%D0%B2%D0%B0%D0%BA%D0%BE%D0%B2%D0%B8%D1%9B2013119-157_13-0\" aria-label=\"Jump up\">^<\/a><\/b><\/span>\u00a0<span class=\"reference-text\"><a href=\"https:\/\/sr.wikipedia.org\/sr-el\/%D0%97%D0%B5%D0%BC%D1%83%D0%BD%D1%81%D0%BA%D0%B8_%D0%BA%D0%BB%D0%B0%D0%BD#CITEREF%D0%9D%D0%BE%D0%B2%D0%B0%D0%BA%D0%BE%D0%B2%D0%B8%D1%9B2013\">Novakovi\u0107 2013<\/a>, str.\u00a0119-157.<\/span><\/li>\n<li id=\"cite_note-FOOTNOTE\u041d\u043e\u0432\u0430\u043a\u043e\u0432\u0438\u045b2013261-276-14\"><span class=\"mw-cite-backlink\"><b><a title=\"Jump up\" href=\"https:\/\/sr.wikipedia.org\/sr-el\/%D0%97%D0%B5%D0%BC%D1%83%D0%BD%D1%81%D0%BA%D0%B8_%D0%BA%D0%BB%D0%B0%D0%BD#cite_ref-FOOTNOTE%D0%9D%D0%BE%D0%B2%D0%B0%D0%BA%D0%BE%D0%B2%D0%B8%D1%9B2013261-276_14-0\" aria-label=\"Jump up\">^<\/a><\/b><\/span>\u00a0<span class=\"reference-text\"><a href=\"https:\/\/sr.wikipedia.org\/sr-el\/%D0%97%D0%B5%D0%BC%D1%83%D0%BD%D1%81%D0%BA%D0%B8_%D0%BA%D0%BB%D0%B0%D0%BD#CITEREF%D0%9D%D0%BE%D0%B2%D0%B0%D0%BA%D0%BE%D0%B2%D0%B8%D1%9B2013\">Novakovi\u0107 2013<\/a>, str.\u00a0261-276.<\/span><\/li>\n<li id=\"cite_note-FOOTNOTE\u041d\u043e\u0432\u0430\u043a\u043e\u0432\u0438\u045b2013279-293-15\"><span class=\"mw-cite-backlink\"><b><a title=\"Jump up\" href=\"https:\/\/sr.wikipedia.org\/sr-el\/%D0%97%D0%B5%D0%BC%D1%83%D0%BD%D1%81%D0%BA%D0%B8_%D0%BA%D0%BB%D0%B0%D0%BD#cite_ref-FOOTNOTE%D0%9D%D0%BE%D0%B2%D0%B0%D0%BA%D0%BE%D0%B2%D0%B8%D1%9B2013279-293_15-0\" aria-label=\"Jump up\">^<\/a><\/b><\/span>\u00a0<span class=\"reference-text\"><a href=\"https:\/\/sr.wikipedia.org\/sr-el\/%D0%97%D0%B5%D0%BC%D1%83%D0%BD%D1%81%D0%BA%D0%B8_%D0%BA%D0%BB%D0%B0%D0%BD#CITEREF%D0%9D%D0%BE%D0%B2%D0%B0%D0%BA%D0%BE%D0%B2%D0%B8%D1%9B2013\">Novakovi\u0107 2013<\/a>, str.\u00a0279-293.<\/span><\/li>\n<li id=\"cite_note-16\"><span class=\"mw-cite-backlink\"><b><a title=\"Jump up\" href=\"https:\/\/sr.wikipedia.org\/sr-el\/%D0%97%D0%B5%D0%BC%D1%83%D0%BD%D1%81%D0%BA%D0%B8_%D0%BA%D0%BB%D0%B0%D0%BD#cite_ref-16\" aria-label=\"Jump up\">^<\/a><\/b><\/span>\u00a0<span class=\"reference-text\"><a class=\"external text\" href=\"https:\/\/www.cins.rs\/konacna-presuda-zemunskom-klanu\/\" rel=\"nofollow\">Kona\u010dna presuda \u2019\u2019zemunskom klanu\u2019\u2019<\/a><\/span><\/li>\n<li id=\"cite_note-17\"><span class=\"mw-cite-backlink\"><b><a title=\"Jump up\" href=\"https:\/\/sr.wikipedia.org\/sr-el\/%D0%97%D0%B5%D0%BC%D1%83%D0%BD%D1%81%D0%BA%D0%B8_%D0%BA%D0%BB%D0%B0%D0%BD#cite_ref-17\" aria-label=\"Jump up\">^<\/a><\/b><\/span>\u00a0<span class=\"reference-text\"><a class=\"external text\" href=\"https:\/\/www.rts.rs\/page\/stories\/sr\/story\/135\/hronika\/725850\/potvrdjena-presuda-za-otmicu-miskovica-.html\" rel=\"nofollow\">Potvr\u0111ena presuda za otmicu Mi\u0161kovi\u0107a<\/a><\/span><\/li>\n<li id=\"cite_note-18\"><span class=\"mw-cite-backlink\"><b><a title=\"Jump up\" href=\"https:\/\/sr.wikipedia.org\/sr-el\/%D0%97%D0%B5%D0%BC%D1%83%D0%BD%D1%81%D0%BA%D0%B8_%D0%BA%D0%BB%D0%B0%D0%BD#cite_ref-18\" aria-label=\"Jump up\">^<\/a><\/b><\/span>\u00a0<span class=\"reference-text\"><a class=\"external text\" href=\"https:\/\/www.cins.rs\/konacna-presuda-za-ubistvo-zorana-djindjica\/\" rel=\"nofollow\">Kona\u010dna presuda za ubistvo Zorana \u0110in\u0111i\u0107a<\/a><\/span><\/li>\n<li id=\"cite_note-19\"><span class=\"mw-cite-backlink\"><b><a title=\"Jump up\" href=\"https:\/\/sr.wikipedia.org\/sr-el\/%D0%97%D0%B5%D0%BC%D1%83%D0%BD%D1%81%D0%BA%D0%B8_%D0%BA%D0%BB%D0%B0%D0%BD#cite_ref-19\" aria-label=\"Jump up\">^<\/a><\/b><\/span>\u00a0<span class=\"reference-text\"><a class=\"external text\" href=\"https:\/\/www.cins.rs\/konacna-presuda-zemunskom-klanu\/\" rel=\"nofollow\">Kona\u010dna presuda \u2019\u2019zemunskom klanu\u2019\u2019<\/a><\/span><\/li>\n<li id=\"cite_note-20\"><span class=\"mw-cite-backlink\"><b><a title=\"Jump up\" href=\"https:\/\/sr.wikipedia.org\/sr-el\/%D0%97%D0%B5%D0%BC%D1%83%D0%BD%D1%81%D0%BA%D0%B8_%D0%BA%D0%BB%D0%B0%D0%BD#cite_ref-20\" aria-label=\"Jump up\">^<\/a><\/b><\/span>\u00a0<span class=\"reference-text\"><a class=\"external text\" href=\"https:\/\/rtv.rs\/sk\/hronika\/potvrdjena-presuda-zemuncima-za-otmicu-miskovica_195994.html\" rel=\"nofollow\">Potvr\u0111ena presuda &#8222;Zemuncima&#8220; za otmicu Mi\u0161kovi\u0107a<\/a><\/span><\/li>\n<\/ol>\n<\/div>\n<h2><span id=\".D0.91.D0.B8.D0.B1.D0.BB.D0.B8.D0.BE.D0.B3.D1.80.D0.B0.D1.84.D0.B8.D1.98.D0.B0\"><\/span><span id=\"\u0411\u0438\u0431\u043b\u0438\u043e\u0433\u0440\u0430\u0444\u0438\u0458\u0430\" class=\"mw-headline\">Bibliografija<\/span><\/h2>\n<ul>\n<li><cite id=\"CITEREF\u041d\u043e\u0432\u0430\u043a\u043e\u0432\u0438\u045b2013\" class=\"citation book\">Novakovi\u0107, Mile (2013).\u00a0<i>Otmice Zemunskog klana<\/i>. Novosti.\u00a0<a title=\"Me\u0111unarodni standardni knji\u017eni broj\" href=\"https:\/\/sr.wikipedia.org\/wiki\/Me%C4%91unarodni_standardni_knji%C5%BEni_broj\">ISBN<\/a>\u00a0<a title=\"Posebno:\u0160tampani izvori\/978-86-7446-229-4\" href=\"https:\/\/sr.wikipedia.org\/wiki\/%D0%9F%D0%BE%D1%81%D0%B5%D0%B1%D0%BD%D0%BE:%D0%A8%D1%82%D0%B0%D0%BC%D0%BF%D0%B0%D0%BD%D0%B8_%D0%B8%D0%B7%D0%B2%D0%BE%D1%80%D0%B8\/978-86-7446-229-4\">978-86-7446-229-4<\/a>.<\/cite><\/li>\n<\/ul>\n<h2><span id=\".D0.92.D0.B8.D0.B4.D0.B8_.D1.98.D0.BE.D1.88\"><\/span><span id=\"\u0412\u0438\u0434\u0438_\u0458\u043e\u0448\" class=\"mw-headline\">Vidi jo\u0161<\/span><\/h2>\n<ul>\n<li><a title=\"Atentat na Zorana \u0110in\u0111i\u0107a\" href=\"https:\/\/sr.wikipedia.org\/wiki\/%D0%90%D1%82%D0%B5%D0%BD%D1%82%D0%B0%D1%82_%D0%BD%D0%B0_%D0%97%D0%BE%D1%80%D0%B0%D0%BD%D0%B0_%D0%82%D0%B8%D0%BD%D1%92%D0%B8%D1%9B%D0%B0\">Atentat na Zorana \u0110in\u0111i\u0107a<\/a><\/li>\n<\/ul>\n<h2><span id=\".D0.A1.D0.BF.D0.BE.D1.99.D0.B0.D1.88.D1.9A.D0.B5_.D0.B2.D0.B5.D0.B7.D0.B5\"><\/span><span id=\"\u0421\u043f\u043e\u0459\u0430\u0448\u045a\u0435_\u0432\u0435\u0437\u0435\" class=\"mw-headline\">Spolja\u0161nje veze<\/span><\/h2>\n<ul>\n<li><a class=\"external text\" href=\"http:\/\/www.blic.rs\/vesti\/hronika\/serijal-tajni-izvestaj-bia-kako-je-nastao-zemunski-klan\/jplbb9l\" rel=\"nofollow\">http:\/\/www.blic.rs\/vesti\/hronika\/serijal-tajni-izvestaj-bia-kako-je-nastao-zemunski-klan\/jplbb9l<\/a><\/li>\n<li><a class=\"external free\" href=\"http:\/\/www.kurir.rs\/crna-hronika\/2733823\/kako-je-stvoren-zemunski-klan-siptar-uzeo-policajca-za-kuma-mafije\" rel=\"nofollow\">http:\/\/www.kurir.rs\/crna-hronika\/2733823\/kako-je-stvoren-zemunski-klan-siptar-uzeo-policajca-za-kuma-mafije<\/a><\/li>\n<li><a class=\"external autonumber\" href=\"http:\/\/www.kurir.rs\/vesti\/politika\/2646509\/velimir-ilic-tvrdi-ovo-je-fotografija-na-kojoj-su-zajedno-dusan-spasojevic-i-zlatibor-loncar\" rel=\"nofollow\">[1]<\/a><\/li>\n<\/ul>","protected":false},"featured_media":0,"template":"","class_list":["post-1259","organizacije","type-organizacije","status-publish","hentry"],"acf":[],"_links":{"self":[{"href":"https:\/\/crnaknjiga.com\/en\/wp-json\/wp\/v2\/organizacije\/1259","targetHints":{"allow":["GET"]}}],"collection":[{"href":"https:\/\/crnaknjiga.com\/en\/wp-json\/wp\/v2\/organizacije"}],"about":[{"href":"https:\/\/crnaknjiga.com\/en\/wp-json\/wp\/v2\/types\/organizacije"}],"wp:attachment":[{"href":"https:\/\/crnaknjiga.com\/en\/wp-json\/wp\/v2\/media?parent=1259"}],"curies":[{"name":"wp","href":"https:\/\/api.w.org\/{rel}","templated":true}]}}