{"id":284,"date":"2021-12-21T04:18:41","date_gmt":"2021-12-21T04:18:41","guid":{"rendered":"https:\/\/crnaknjiga.com\/?post_type=ljudi&#038;p=284"},"modified":"2022-08-03T21:23:58","modified_gmt":"2022-08-03T21:23:58","slug":"vladimir-orlic","status":"publish","type":"ljudi","link":"https:\/\/crnaknjiga.com\/en\/ljudi\/vladimir-orlic\/","title":{"rendered":"Vladimir Orli\u0107"},"content":{"rendered":"<p>Vladimir Orli\u0107 je Potpredsednik Glavnog odbora SNS, ro\u0111en je 15.04.1983. u Beogradu.<\/p>\n<p>Zavr\u0161io Osnovnu \u0161kolu \u201eJovan Popovi\u0107\u201c u Obrenovcu (1998), Matemati\u010dku gimnaziju u Beogradu (2002), diplomirao na Elektrotehni\u010dkom fakultetu Univerziteta u Beogradu \u2013 Odsek za elektroniku, telekomunikacije i automatiku, Smer za telekomunikacije (2007), gde je stekao i zvanje doktora nauka elektrotehnike i ra\u010dunarstva \u2013 na Odseku za telekomunikacije i informacione tehnologije (2011).<\/p>\n<p>Profesionalno anga\u017eovan u struci: na poziciji in\u017eenjera za istra\u017eivanja i razvoj u Istra\u017eiva\u010dko-razvojnom centru \u201eImtel mikro-opt dd\u201c (2007), zatim u Institutu za mikrotalasnu tehniku i elektroniku \u201eIMTEL Komunikacije AD\u201c (2008), u kom je obavljao i du\u017enost rukovodioca Odeljenja za digitalnu obradu signala (2008-2011). Radio na poziciji senior in\u017eenjera u \u201eHigh Tech Engineering Center doo\u201d (2011-2012), a od 2012. godine zaposlen je u Institutu \u201eVLATACOM doo\u201c na poziciji sistem arhitekte.<\/p>\n<p>Bio je vi\u0161estruki stipendista Ministarstva prosvete i sporta Republike Srbije, stipendista Fonda Vlade Republike Srbije za mlade talente i stipendista Ministarstva za telekomunikacije i informaciono dru\u0161tvo Republike Srbije. Dobitnik je nagrade za najbolji rad mladog autora na konferenciji TELFOR 2007.<\/p>\n<h2>Rani \u017eivot i karijera<\/h2>\n<p>Orlic\u0301 je ro\u0111en u Beogradu, u tada\u0161njoj Socijalisti\u010dkoj Republici Srbiji u Socijalisti\u010dkoj Federativnoj Republici Jugoslaviji. Diplomirao je na Elektrotehni\u010dkom fakultetu u Beogradu 2007. godine i doktorirao. sa iste institucije 2012. Objavio je preko sedamdeset nau\u010dnih radova, radio na istra\u017eivanju i razvoju za Imtel, a od 2012. radio je u Istra\u017eiva\u010dko-razvojnom institutu Vlatacom. Tako\u0111e je \u010dlan pesni\u010dkog udru\u017eenja \u010cukarica.[2] ]<\/p>\n<h2>Vladimir Orli\u0107 kao Politi\u010dar<\/h2>\n<p>Orlic\u0301 je pristupio naprednja\u010dkoj stranci prilikom njenog formiranja 2008. godine. \u010clan njenog Predsedni\u0161tva postao je 2017. godine.[3] U novembru 2021. godine izabran je za jednog od potpredsednika.[4]<\/p>\n<h2>Parlamentarac<\/h2>\n<p>Orlic\u0301 je osvojio osamdeset trec\u0301u poziciju na listi Napredne stranke Aleksandar Vu\u010dic\u0301 \u2014 Buduc\u0301nost u koju verujemo za parlamentarne izbore 2014. godine i izabran je kada je lista ubedljivo pobedila sa 158 od 250 mandata.[5] Unaprije\u0111en je na \u010detrdeset \u010detvrtu poziciju na izborima 2016. i ponovo je izabran kada su naprednjaci i njihovi saveznici osvojili drugu uzastopnu vec\u0301inu sa 131 mandatom.[6]<\/p>\n<p>Orlic\u0301 je bio zamenik \u0161efa poslani\u010dke grupe Napredne stranke u parlamentu 2016\u20132020. Bio je i predsednik odbora Evropska unija-Srbija za stabilizaciju i pridru\u017eivanje; \u010dlan skup\u0161tinskog odbora za prostorno planiranje, saobrac\u0301aj, infrastrukturu i telekomunikacije; \u010dlan odbora za obrazovanje, nauku, tehnolo\u0161ki razvoj i informaciono dru\u0161tvo; \u010dlan delegacije Srbije u Parlamentarnoj skup\u0161tini Organizacije za evropsku bezbednost i saradnju (PS OEBS); \u0161ef poslani\u010dkih grupa prijateljstva Srbije sa Argentinom, Severnom Korejom i Ju\u017enom Afrikom; i \u010dlan parlamentarnih grupa prijateljstva sa Kinom, Egiptom, Ganom, Indonezijom, Izraelom, Rusijom, Sjedinjenim Afri\u010dkim Dr\u017eavama i zemljama podsaharske Afrike.[7][8]<\/p>\n<p>Zauzeo je trideset i prvu poziciju na listi Napredne stranke na parlamentarnim izborima 2020. godine[9] i izabran je u trec\u0301i mandat kada je lista osvojila ubedljivu vec\u0301inu sa 188 mandata. Bilo je glasina da c\u0301e biti izabran za predsednika skup\u0161tine nakon izbora, ali je umesto toga izabran za zamenika predsednika.[10] Tako\u0111e je \u010dlan odbora za prava deteta i nastavlja da predsedava odborom za stabilizaciju i pridru\u017eivanje.[11]<\/p>\n<h2>Op\u0161tinska Politika<\/h2>\n<p>Orlic\u0301 je na lokalnim izborima 2012. godine osvojio pedeset devetu poziciju na izbornoj listi stranke za Skup\u0161tinu grada Beograda.[12] Lista je osvojila trideset sedam mandata i nije vrac\u0301en.<\/p>\n<p>Potom je dobio sedamdeset \u010detvrtu poziciju na listi za beogradske izbore 2014. godine. Napredna stranka i njeni saveznici odneli su vec\u0301insku pobedu sa \u0161ezdeset tri od 110 mesta; Orlic\u0301 prvobitno nije dobio mandat, ali je mogao da zauzme mesto 8. septembra 2016. kao zamena za drugog \u010dlana stranke. Ponovo je izabran na op\u0161tinskim izborima 2018. nakon \u0161to je promovisan na tridesetu poziciju na listi, po\u0161to su naprednjaci i njihovi saveznici osvojili drugu vec\u0301inu.<\/p>\n<p>Tako\u0111e je osvojio peto mesto na listi Napredne stranke za Skup\u0161tinu op\u0161tine \u010cukarica na op\u0161tinskim izborima u Srbiji 2016. godine i izabran je kada je lista osvojila dvadeset i jedan mandat. Ostavku je podneo 3. juna 2016. godine.<\/p>\n<div><\/div>\n<div>Navodi se da je autor je vi\u0161e od 80 nau\u010dnih i stru\u010dnih radova, tehni\u010dkih re\u0161enja, u\u010desnik na vi\u0161e projekata Ministarstva prosvete, nauke i tehnolo\u0161kog razvoja Republike Srbije. U\u010destvuje i kao \u010dlan tima \/ odgovorno lice i na ve\u0107em broju internih kompanijskih projekata, namenjenih komercijalnom tr\u017ei\u0161tu. Vi\u0161egodi\u0161nji je \u010dlan Komisije za predlaganje nagrada za mlade autore na konferenciji Telfor, \u010dlan vi\u0161e razli\u010ditih profesionalnih udru\u017eenja pod okriljem IEEE, recenzent i \u010dlan odbora u me\u0111unarodnim stru\u010dnim \u010dasopisima i na konferencijama, \u010dlan Nau\u010dnog ve\u0107a Instituta. U nau\u010dno zvanje \u201enau\u010dni saradnik u oblasti tehni\u010dko-tehnolo\u0161kih nauka &#8211; elektronika, telekomunikacije i informacione tehnologije\u201c izabran 2015. godine, reizabran 2020. godine.<\/div>\n<div><\/div>\n<div>Vladimir Orli\u0107 je \u010dlan Srpske napredne stranke od 2008. godine. U stranci primarno obavljao du\u017enosti u sferi informisanja i medija, kao i organizacionih poslova. Bio je predstavnik stranke u radnim telima Evropske narodne partije.<\/div>\n<div><\/div>\n<div>Vi\u0161e puta biran za predsednika Saveta za informisanje Op\u0161tinskog odbora SNS na \u010cukarici. Obavljao razli\u010dite du\u017enosti u sektoru informisanja pri GrO SNS Beograd i vi\u0161im organima Stranke. Obavljao du\u017enost sekretara Op\u0161tinskog odbora (2014\/2015) i potpredsednika Op\u0161tinskog odbora SNS \u010cukarica (od 2015).<\/div>\n<div><\/div>\n<div>Bio je kandidat za odbornika u Skup\u0161tini grada Beograda na listi Srpske napredne stranke 2012, 2014. i 2018. godine, za odbornika u Skup\u0161tini Gradske op\u0161tine \u010cukarica 2016. godine. Odbornik u Skup\u0161tini grada Beograda od 2016. do 2022.<\/div>\n<div><\/div>\n<div>Vladimir Orli\u0107 je izabran za narodnog poslanika sa liste \u201eAleksandar Vu\u010di\u0107 &#8211; Budu\u0107nost u koju verujemo\u201c 2014. godine, potom 2016. godine sa liste \u201eAleksandar Vu\u010di\u0107 \u2013 Srbija pobe\u0111uje\u201c, 2020. godine sa liste \u201eAleksandar Vu\u010di\u0107 \u2013 Za na\u0161u decu\u201c, a 2022. sa liste \u201eAleksandar Vu\u010di\u0107 \u2013 Zajedno mo\u017eemo sve\u201c.<\/div>\n<div><\/div>\n<div>Obavljao du\u017enost zamenika predsednika Poslani\u010dke grupe Srpske napredne stranke u Narodnoj skup\u0161tini od 2016. do 2020. godine, potpredsednika Narodne skup\u0161tine od 2020. do 2022. godine.<\/div>\n<div>Za \u010dlana Predsedni\u0161tva Srpske napredne stranke izabran 2017. godine, a za potpredsednika Glavnog odbora SNS 2021. godine.<\/div>\n<div><\/div>\n<div>Kao narodni poslanik bio je \u010dlan vi\u0161e radnih tela u okviru NSRS, parlamentarnih delegacija i PGP. Predsednik Parlamentarnog odbora za stabilizaciju i pridru\u017eivanje EU &#8211; Srbija (2014, 2016, 2020).<\/div>\n<div><\/div>\n<div>Zavr\u0161io obuku i edukaciju u Klasi slu\u0161alaca za rezervne oficire Vojske Srbije 2010. godine, gde je stekao \u010din rezervnog potporu\u010dnika Vojske Srbije.<\/div>\n<div><\/div>\n<div>Govori engleski jezik.<\/div>\n<p>O\u017eenjen An\u0111elkom, otac Nikoline, Sofije i Anastasije. \u017divi i radi u Beogradu.<\/p>\n<p>&#8212;&#8212;&#8211;<\/p>\n<h2><span id=\"References\" class=\"mw-headline\">Reference<\/span><\/h2>\n<div class=\"reflist\">\n<div class=\"mw-references-wrap mw-references-columns\">\n<ol class=\"references\">\n<li id=\"cite_note-1\"><span class=\"mw-cite-backlink\"><b><a title=\"Jump up\" href=\"https:\/\/en.wikipedia.org\/wiki\/Vladimir_Orli%C4%87#cite_ref-1\" aria-label=\"Jump up\">^<\/a><\/b><\/span>\u00a0<span class=\"reference-text\"><cite class=\"citation web cs1 cs1-prop-foreign-lang-source\"><a class=\"external text\" href=\"https:\/\/rs.n1info.com\/vesti\/poslanici-izglasali-vladimira-orlica-za-predsednika-skupstine\/\" rel=\"nofollow\">&#8222;Poslanici izglasali Vladimira Orli\u0107a za predsednika Skup\u0161tine&#8220;<\/a>.\u00a0<i>N1<\/i>\u00a0(in Serbian). 2022-08-02<span class=\"reference-accessdate\">. Retrieved\u00a0<span class=\"nowrap\">2022-08-02<\/span><\/span>.<\/cite><\/span><\/li>\n<li id=\"cite_note-2\"><span class=\"mw-cite-backlink\"><b><a title=\"Jump up\" href=\"https:\/\/en.wikipedia.org\/wiki\/Vladimir_Orli%C4%87#cite_ref-2\" aria-label=\"Jump up\">^<\/a><\/b><\/span>\u00a0<span class=\"reference-text\"><a class=\"external text\" href=\"http:\/\/www.otvoreniparlament.rs\/poslanik\/7959\" rel=\"nofollow\">VLADIMIR ORLI\u0106<\/a>, Otvoreni Parlament, accessed 8 May 2018.<\/span><\/li>\n<li id=\"cite_note-3\"><span class=\"mw-cite-backlink\"><b><a title=\"Jump up\" href=\"https:\/\/en.wikipedia.org\/wiki\/Vladimir_Orli%C4%87#cite_ref-3\" aria-label=\"Jump up\">^<\/a><\/b><\/span>\u00a0<span class=\"reference-text\"><a class=\"external text\" href=\"http:\/\/www.parlament.gov.rs\/national-assembly.467.html\" rel=\"nofollow\">VLADIMIR Dr ORLIC<\/a>, National Assembly of the Republic of Serbia, accessed 15 December 2020.<\/span><\/li>\n<li id=\"cite_note-4\"><span class=\"mw-cite-backlink\"><b><a title=\"Jump up\" href=\"https:\/\/en.wikipedia.org\/wiki\/Vladimir_Orli%C4%87#cite_ref-4\" aria-label=\"Jump up\">^<\/a><\/b><\/span>\u00a0<span class=\"reference-text\"><cite class=\"citation web cs1 cs1-prop-foreign-lang-source\"><a class=\"external text\" href=\"https:\/\/www.b92.net\/info\/vesti\/index.php?yyyy=2021&amp;mm=11&amp;dd=27&amp;nav_category=11&amp;nav_id=2063711\" rel=\"nofollow\">&#8222;SNS obele\u017eava 13 godina postojanja: Vu\u010di\u0107 predsednik SNS-a do izbora, izabrani novi potpresednici stranke&#8220;<\/a>.\u00a0<i>B92<\/i>\u00a0(in Serbian). 27 November 2021<span class=\"reference-accessdate\">. Retrieved\u00a0<span class=\"nowrap\">2021-11-27<\/span><\/span>.<\/cite><\/span><\/li>\n<li id=\"cite_note-5\"><span class=\"mw-cite-backlink\"><b><a title=\"Jump up\" href=\"https:\/\/en.wikipedia.org\/wiki\/Vladimir_Orli%C4%87#cite_ref-5\" aria-label=\"Jump up\">^<\/a><\/b><\/span>\u00a0<span class=\"reference-text\"><a class=\"external text\" href=\"http:\/\/www.rik.parlament.gov.rs\/arhiva-izbori-za-narodne-poslanike-2014.php\" rel=\"nofollow\">\u0418\u0437\u0431\u043e\u0440\u0438 \u0437\u0430 \u043d\u0430\u0440\u043e\u0434\u043d\u0435 \u043f\u043e\u0441\u043b\u0430\u043d\u0438\u043a\u0435 \u041d\u0430\u0440\u043e\u0434\u043d\u0435 \u0441\u043a\u0443\u043f\u0448\u0442\u0438\u043d\u0435 \u043e\u0434\u0440\u0436\u0430\u043d\u0438 16. \u0438 23. \u043c\u0430\u0440\u0442\u0430 2014. \u0433\u043e\u0434\u0438\u043d\u0435; \u0418\u0417\u0411\u041e\u0420\u041d\u0415 \u041b\u0418\u0421\u0422\u0415 (ALEKSANDAR VU\u010cI\u0106 &#8211; BUDU\u0106NOST U KOJU VERUJEMO)<\/a>, Republika Srbija &#8211; Republi\u010dka izborna komisija, accessed 26 January 2017.<\/span><\/li>\n<li id=\"cite_note-6\"><span class=\"mw-cite-backlink\"><b><a title=\"Jump up\" href=\"https:\/\/en.wikipedia.org\/wiki\/Vladimir_Orli%C4%87#cite_ref-6\" aria-label=\"Jump up\">^<\/a><\/b><\/span>\u00a0<span class=\"reference-text\"><a class=\"external text\" href=\"http:\/\/www.rik.parlament.gov.rs\/izbori-za-narodne-poslanike-2016-izborne-liste.php\" rel=\"nofollow\">\u0418\u0437\u0431\u043e\u0440\u0438 \u0437\u0430 \u043d\u0430\u0440\u043e\u0434\u043d\u0435 \u043f\u043e\u0441\u043b\u0430\u043d\u0438\u043a\u0435 2016. \u0433\u043e\u0434\u0438\u043d\u0435\u00a0\u00bb \u0418\u0437\u0431\u043e\u0440\u043d\u0435 \u043b\u0438\u0441\u0442\u0435 (\u0410\u041b\u0415\u041a\u0421\u0410\u041d\u0414\u0410\u0420 \u0412\u0423\u0427\u0418\u040b &#8211; \u0421\u0420\u0411\u0418\u0408\u0410 \u041f\u041e\u0411\u0415\u0402\u0423\u0408\u0415)<\/a>, Republika Srbija &#8211; Republi\u010dka izborna komisija, accessed 17 February 2017.<\/span><\/li>\n<li id=\"cite_note-7\"><span class=\"mw-cite-backlink\"><b><a title=\"Jump up\" href=\"https:\/\/en.wikipedia.org\/wiki\/Vladimir_Orli%C4%87#cite_ref-7\" aria-label=\"Jump up\">^<\/a><\/b><\/span>\u00a0<span class=\"reference-text\"><a class=\"external text\" href=\"https:\/\/www.dnevnik.rs\/politika\/zustre-polemike-prvog-skupstinskog-dana-micunovic-prekinuo-sednicu\" rel=\"nofollow\">\u0416\u0443\u0441\u0442\u0440\u0435 \u043f\u043e\u043b\u0435\u043c\u0438\u043a\u0435 \u043f\u0440\u0432\u043e\u0433 \u0441\u043a\u0443\u043f\u0448\u0442\u0438\u043d\u0441\u043a\u043e\u0433 \u0434\u0430\u043d\u0430, \u041c\u0438\u045b\u0443\u043d\u043e\u0432\u0438\u045b \u043f\u0440\u0435\u043a\u0438\u043d\u0443\u043e \u0441\u0435\u0434\u043d\u0438\u0446\u0443<\/a>,\u00a0<i>Dnevnik<\/i>, 3 June 2018, accessed 5 May 2018.<\/span><\/li>\n<li id=\"cite_note-8\"><span class=\"mw-cite-backlink\"><b><a title=\"Jump up\" href=\"https:\/\/en.wikipedia.org\/wiki\/Vladimir_Orli%C4%87#cite_ref-8\" aria-label=\"Jump up\">^<\/a><\/b><\/span>\u00a0<span class=\"reference-text\"><a class=\"external text\" href=\"http:\/\/www.parlament.gov.rs\/VLADIMIR_ORLIC.779.488.html\" rel=\"nofollow\">VLADIMIR Dr ORLIC<\/a>, National Assembly of Serbia, accessed 25 June 2020.<\/span><\/li>\n<li id=\"cite_note-9\"><span class=\"mw-cite-backlink\"><b><a title=\"Jump up\" href=\"https:\/\/en.wikipedia.org\/wiki\/Vladimir_Orli%C4%87#cite_ref-9\" aria-label=\"Jump up\">^<\/a><\/b><\/span>\u00a0<span class=\"reference-text\"><a class=\"external text\" href=\"https:\/\/www.danas.rs\/politika\/izbori-2020\/ko-je-sve-na-listi-sns-za-republicke-poslanike\/\" rel=\"nofollow\">&#8222;Ko je sve na listi SNS za republi\u010dke poslanike?&#8220;<\/a>,\u00a0<i>Danas<\/i>, 6 March 2020, accessed 30 June 2020.<\/span><\/li>\n<li id=\"cite_note-10\"><span class=\"mw-cite-backlink\"><b><a title=\"Jump up\" href=\"https:\/\/en.wikipedia.org\/wiki\/Vladimir_Orli%C4%87#cite_ref-10\" aria-label=\"Jump up\">^<\/a><\/b><\/span>\u00a0<span class=\"reference-text\"><a class=\"external text\" href=\"https:\/\/www.blic.rs\/vesti\/politika\/novosti-orlic-najozbiljniji-kandidat-za-predsednika-skupstine-srbije\/78grv62\" rel=\"nofollow\">&#8222;&#8216;Novosti&#8217;: Orli\u0107 najozbiljniji kandidat za predsednika Skup\u0161tine Srbije&#8220;<\/a>,\u00a0<i>Blic<\/i>, 28 July 2020, accessed 15 December 2020.<\/span><\/li>\n<li id=\"cite_note-11\"><span class=\"mw-cite-backlink\"><b><a title=\"Jump up\" href=\"https:\/\/en.wikipedia.org\/wiki\/Vladimir_Orli%C4%87#cite_ref-11\" aria-label=\"Jump up\">^<\/a><\/b><\/span>\u00a0<span class=\"reference-text\"><a class=\"external text\" href=\"http:\/\/www.parlament.gov.rs\/national-assembly.467.html\" rel=\"nofollow\">VLADIMIR Dr ORLIC<\/a>, National Assembly of the Republic of Serbia, accessed 15 December 2020.<\/span><\/li>\n<li id=\"cite_note-12\"><span class=\"mw-cite-backlink\"><b><a title=\"Jump up\" href=\"https:\/\/en.wikipedia.org\/wiki\/Vladimir_Orli%C4%87#cite_ref-12\" aria-label=\"Jump up\">^<\/a><\/b><\/span>\u00a0<span class=\"reference-text\"><i>Slu\u017ebeni List (Grada Beograda)<\/i>, Volume 56 Number 21 (25 April 2012), p. 10.<\/span><\/li>\n<li id=\"cite_note-13\"><span class=\"mw-cite-backlink\"><b><a title=\"Jump up\" href=\"https:\/\/en.wikipedia.org\/wiki\/Vladimir_Orli%C4%87#cite_ref-13\" aria-label=\"Jump up\">^<\/a><\/b><\/span>\u00a0<span class=\"reference-text\"><i>Slu\u017ebeni List (Grada Beograda)<\/i>, Volume 58 Number 15 (5 March 2014), p. 4.<\/span><\/li>\n<li id=\"cite_note-14\"><span class=\"mw-cite-backlink\"><b><a title=\"Jump up\" href=\"https:\/\/en.wikipedia.org\/wiki\/Vladimir_Orli%C4%87#cite_ref-14\" aria-label=\"Jump up\">^<\/a><\/b><\/span>\u00a0<span class=\"reference-text\"><i>Slu\u017ebeni List (Grada Beograda)<\/i>, Volume 60 Number 86 (8 September 2016), p. 1.<\/span><\/li>\n<li id=\"cite_note-15\"><span class=\"mw-cite-backlink\"><b><a title=\"Jump up\" href=\"https:\/\/en.wikipedia.org\/wiki\/Vladimir_Orli%C4%87#cite_ref-15\" aria-label=\"Jump up\">^<\/a><\/b><\/span>\u00a0<span class=\"reference-text\"><a class=\"external text\" href=\"http:\/\/www.beograd.rs\/cir\/gradska-izborna-komisija\/1744470-\/\" rel=\"nofollow\">\u0418\u0437\u0431\u043e\u0440\u043d\u0435 \u043b\u0438\u0441\u0442\u0435 (\u0418\u0437\u0431\u043e\u0440\u043d\u0430 \u043b\u0438\u0441\u0442\u0430 1. \u0410\u041b\u0415\u041a\u0421\u0410\u041d\u0414\u0410\u0420 \u0412\u0423\u0427\u0418\u040b \u2013 \u0417\u0430\u0442\u043e \u0448\u0442\u043e \u0432\u043e\u043b\u0438\u043c\u043e \u0411\u0435\u043e\u0433\u0440\u0430\u0434!)<\/a>, \u0413\u0440\u0430\u0434\u0441\u043a\u0430 \u0438\u0437\u0431\u043e\u0440\u043d\u0430 \u043a\u043e\u043c\u0438\u0441\u0438\u0458\u0430 (\u041b\u043e\u043a\u0430\u043b\u043d\u0438 \u0438\u0437\u0431\u043e\u0440\u0438 2018), www.beograd.rs, accessed 8 May 2018.<\/span><\/li>\n<li id=\"cite_note-16\"><span class=\"mw-cite-backlink\"><b><a title=\"Jump up\" href=\"https:\/\/en.wikipedia.org\/wiki\/Vladimir_Orli%C4%87#cite_ref-16\" aria-label=\"Jump up\">^<\/a><\/b><\/span>\u00a0<span class=\"reference-text\"><i>Slu\u017ebeni List (Grada Beograda)<\/i>, Volume 60 Number 28 (13 April 2016), p. 61.<\/span><\/li>\n<li id=\"cite_note-17\"><span class=\"mw-cite-backlink\"><b><a title=\"Jump up\" href=\"https:\/\/en.wikipedia.org\/wiki\/Vladimir_Orli%C4%87#cite_ref-17\" aria-label=\"Jump up\">^<\/a><\/b><\/span>\u00a0<span class=\"reference-text\"><i>Slu\u017ebeni List (Grada Beograda)<\/i>, Volume 60 Number 34 (25 April 2016), p. 33.<\/span><\/li>\n<li id=\"cite_note-18\"><span class=\"mw-cite-backlink\"><b><a title=\"Jump up\" href=\"https:\/\/en.wikipedia.org\/wiki\/Vladimir_Orli%C4%87#cite_ref-18\" aria-label=\"Jump up\">^<\/a><\/b><\/span>\u00a0<span class=\"reference-text\"><i>Slu\u017ebeni List (Grada Beograda)<\/i>, Volume 60 Number 54 (3 June 2016), pp. 25, 29.<\/span><\/li>\n<\/ol>\n<\/div>\n<\/div>","protected":false},"excerpt":{"rendered":"<p>Vladimir Orli\u0107 je Potpredsednik Glavnog odbora SNS, ro\u0111en je 15.04.1983. u Beogradu. Zavr\u0161io Osnovnu \u0161kolu \u201eJovan Popovi\u0107\u201c u Obrenovcu (1998), Matemati\u010dku gimnaziju u Beogradu (2002), diplomirao na Elektrotehni\u010dkom fakultetu Univerziteta u Beogradu \u2013 Odsek za elektroniku, telekomunikacije i automatiku, Smer za telekomunikacije (2007), gde je stekao i zvanje doktora nauka elektrotehnike i ra\u010dunarstva \u2013 na [&hellip;]<\/p>","protected":false},"author":1,"featured_media":1055,"menu_order":0,"comment_status":"open","ping_status":"closed","template":"","format":"standard","meta":{"_acf_changed":false,"footnotes":""},"categories":[],"tags":[],"class_list":["post-284","ljudi","type-ljudi","status-publish","format-standard","has-post-thumbnail","hentry"],"acf":{"datum_rodjenja":null,"organizacija":"","nadimak":""},"_links":{"self":[{"href":"https:\/\/crnaknjiga.com\/en\/wp-json\/wp\/v2\/ljudi\/284","targetHints":{"allow":["GET"]}}],"collection":[{"href":"https:\/\/crnaknjiga.com\/en\/wp-json\/wp\/v2\/ljudi"}],"about":[{"href":"https:\/\/crnaknjiga.com\/en\/wp-json\/wp\/v2\/types\/ljudi"}],"author":[{"embeddable":true,"href":"https:\/\/crnaknjiga.com\/en\/wp-json\/wp\/v2\/users\/1"}],"replies":[{"embeddable":true,"href":"https:\/\/crnaknjiga.com\/en\/wp-json\/wp\/v2\/comments?post=284"}],"version-history":[{"count":7,"href":"https:\/\/crnaknjiga.com\/en\/wp-json\/wp\/v2\/ljudi\/284\/revisions"}],"predecessor-version":[{"id":1059,"href":"https:\/\/crnaknjiga.com\/en\/wp-json\/wp\/v2\/ljudi\/284\/revisions\/1059"}],"wp:featuredmedia":[{"embeddable":true,"href":"https:\/\/crnaknjiga.com\/en\/wp-json\/wp\/v2\/media\/1055"}],"wp:attachment":[{"href":"https:\/\/crnaknjiga.com\/en\/wp-json\/wp\/v2\/media?parent=284"}],"wp:term":[{"taxonomy":"category","embeddable":true,"href":"https:\/\/crnaknjiga.com\/en\/wp-json\/wp\/v2\/categories?post=284"},{"taxonomy":"post_tag","embeddable":true,"href":"https:\/\/crnaknjiga.com\/en\/wp-json\/wp\/v2\/tags?post=284"}],"curies":[{"name":"wp","href":"https:\/\/api.w.org\/{rel}","templated":true}]}}