{"id":2685,"date":"2025-08-01T02:28:01","date_gmt":"2025-08-01T02:28:01","guid":{"rendered":"https:\/\/crnaknjiga.com\/?post_type=afere&#038;p=2685"},"modified":"2025-08-01T02:28:01","modified_gmt":"2025-08-01T02:28:01","slug":"afera-policajca-dejana-jovica","status":"publish","type":"afere","link":"https:\/\/crnaknjiga.com\/en\/afere\/afera-policajca-dejana-jovica\/","title":{"rendered":"Afera Policajca Dejana Jovi\u0107a: Analiza Slu\u010daja Korupcije, Politi\u010dkog Uticaja i Medijske Manipulacije"},"content":{"rendered":"<p><span style=\"font-weight: 400;\">Afera Dejana Jovi\u0107a predstavlja slo\u017een slu\u010daj navodne korupcije, politi\u010dkog uticaja i medijske manipulacije unutar Ministarstva unutra\u0161njih poslova (MUP) Srbije. U sredi\u0161tu je Dejan Jovi\u0107, iskusni policijski inspektor, koji se suo\u010dio sa koordiniranom kampanjom diskreditacije i krivi\u010dnim prijavama nakon \u0161to je 2017. godine u\u010destvovao u hap\u0161enju visokoprofilnog kriminalca Veljka Belivuka.<\/span><\/p>\n<p><span style=\"font-weight: 400;\">Afera implicira biv\u0161u dr\u017eavnu sekretarku MUP-a Dijanu Hrkalovi\u0107, koja je navodno orkestrirala tabloidnu kampanju protiv Jovi\u0107a. Uprkos osloba\u0111aju\u0107oj presudi za sve optu\u017ebe, Jovi\u0107eva karijera je bila te\u0161ko o\u0161te\u0107ena, a on je tragi\u010dno preminuo ubrzo nakon \u0161to je njegova osloba\u0111aju\u0107a presuda potvr\u0111ena. Istovremeno, sama Hrkalovi\u0107 je kasnije osu\u0111ena za trgovinu uticajem, uklju\u010duju\u0107i radnje koje su olak\u0161ale Belivukovo ranije osloba\u0111anje u slu\u010daju ubistva.<\/span><\/p>\n<p><span style=\"font-weight: 400;\">Ovaj slu\u010daj nagla\u0161ava duboke izazove borbe protiv organizovanog kriminala kada je on navodno isprepleten sa najvi\u0161im nivoima politi\u010dkih i policijskih struktura, te isti\u010de li\u010dnu i profesionalnu cenu koju pla\u0107aju pojedinci koji se suprotstavljaju takvim sistemima. Cela afera slu\u017ei kao jasan pokazatelj dubljih, sistemskih problema korupcije unutar dr\u017eavnih institucija, ukazuju\u0107i na borbu koja se odvijala unutar samog dr\u017eavnog aparata. \u010cinjenica da je Jovi\u0107, uprkos pravnoj pobedi, do\u017eiveo profesionalnu propast i preminuo iscrpljen, pokazuje da pravna pobeda ne zna\u010di uvek potpunu satisfakciju ili oporavak kada su mo\u0107ne sile u igri. To je upozoravaju\u0107a pri\u010da o ozbiljnim li\u010dnim posledicama za pojedince koji se na\u0111u u sukobu sa mo\u0107nim, ukorenjenim interesima, bez obzira na njihovu nevinost.<\/span><\/p>\n<p>&nbsp;<\/p>\n<h3><b>Tabela 1: Hronologija Klju\u010dnih Doga\u0111aja u Aferi Dejana Jovi\u0107a<\/b><\/h3>\n<p>&nbsp;<\/p>\n<table>\n<tbody>\n<tr>\n<td><span style=\"font-weight: 400;\">Datum\/Period<\/span><\/td>\n<td><span style=\"font-weight: 400;\">Doga\u0111aj<\/span><\/td>\n<td><span style=\"font-weight: 400;\">Klju\u010dni Akteri<\/span><\/td>\n<td><span style=\"font-weight: 400;\">Relevantni Izvori<\/span><\/td>\n<\/tr>\n<tr>\n<td><span style=\"font-weight: 400;\">2017.<\/span><\/td>\n<td><span style=\"font-weight: 400;\">Hap\u0161enje Veljka Belivuka zbog ubistva Vlastimira Milo\u0161evi\u0107a.<\/span><\/td>\n<td><span style=\"font-weight: 400;\">Dejan Jovi\u0107 (inspektor), Veljko Belivuk<\/span><\/td>\n<td><span style=\"font-weight: 400;\">1<\/span><\/td>\n<\/tr>\n<tr>\n<td><span style=\"font-weight: 400;\">2017.<\/span><\/td>\n<td><span style=\"font-weight: 400;\">Kampanja provladinih tabloida protiv Dejana Jovi\u0107a, optu\u017ebe za veze sa kriminalcima.<\/span><\/td>\n<td><span style=\"font-weight: 400;\">Dejan Jovi\u0107, Dijana Hrkalovi\u0107 (navodno izvor), Tabloidi (&#8222;Kurir&#8220;, &#8222;Srpski telegraf&#8220;)<\/span><\/td>\n<td><span style=\"font-weight: 400;\">1<\/span><\/td>\n<\/tr>\n<tr>\n<td><span style=\"font-weight: 400;\">2017.<\/span><\/td>\n<td><span style=\"font-weight: 400;\">Osloba\u0111anje Veljka Belivuka za ubistvo Vlastimira Milo\u0161evi\u0107a, nakon &#8222;kontaminiranih&#8220; dokaza i promene iskaza ve\u0161taka.<\/span><\/td>\n<td><span style=\"font-weight: 400;\">Veljko Belivuk<\/span><\/td>\n<td><span style=\"font-weight: 400;\">1<\/span><\/td>\n<\/tr>\n<tr>\n<td><span style=\"font-weight: 400;\">Decembar 2018.<\/span><\/td>\n<td><span style=\"font-weight: 400;\">Hap\u0161enje Dejana Jovi\u0107a pod sumnjom za trgovinu uticajem i zloupotrebu slu\u017ebenog polo\u017eaja.<\/span><\/td>\n<td><span style=\"font-weight: 400;\">Dejan Jovi\u0107, Sektor unutra\u0161nje kontrole, Vi\u0161e javno tu\u017eila\u0161tvo<\/span><\/td>\n<td><span style=\"font-weight: 400;\">3<\/span><\/td>\n<\/tr>\n<tr>\n<td><span style=\"font-weight: 400;\">Mart 2019.<\/span><\/td>\n<td><span style=\"font-weight: 400;\">Po\u010detak su\u0111enja Dejanu Jovi\u0107u i Bojanu Mijovi\u0107u pred Vi\u0161im sudom u Beogradu.<\/span><\/td>\n<td><span style=\"font-weight: 400;\">Dejan Jovi\u0107, Bojan Mijovi\u0107, Sudija Zoran Gani\u0107<\/span><\/td>\n<td><span style=\"font-weight: 400;\">6<\/span><\/td>\n<\/tr>\n<tr>\n<td><span style=\"font-weight: 400;\">Decembar 2019.<\/span><\/td>\n<td><span style=\"font-weight: 400;\">Prvostepena osloba\u0111aju\u0107a presuda za Dejana Jovi\u0107a i Bojana Mijovi\u0107a.<\/span><\/td>\n<td><span style=\"font-weight: 400;\">Dejan Jovi\u0107, Bojan Mijovi\u0107, Sudija Zoran Gani\u0107<\/span><\/td>\n<td><span style=\"font-weight: 400;\">4<\/span><\/td>\n<\/tr>\n<tr>\n<td><span style=\"font-weight: 400;\">Mart 2020. (pribli\u017eno)<\/span><\/td>\n<td><span style=\"font-weight: 400;\">Apelacioni sud potvr\u0111uje osloba\u0111aju\u0107u presudu Dejanu Jovi\u0107u.<\/span><\/td>\n<td><span style=\"font-weight: 400;\">Dejan Jovi\u0107, Apelacioni sud<\/span><\/td>\n<td><span style=\"font-weight: 400;\">6<\/span><\/td>\n<\/tr>\n<tr>\n<td><span style=\"font-weight: 400;\">3. jul 2020.<\/span><\/td>\n<td><span style=\"font-weight: 400;\">Preminuo Dejan Jovi\u0107 od posledica COVID-19.<\/span><\/td>\n<td><span style=\"font-weight: 400;\">Dejan Jovi\u0107<\/span><\/td>\n<td><span style=\"font-weight: 400;\">2<\/span><\/td>\n<\/tr>\n<tr>\n<td><span style=\"font-weight: 400;\">Nakon jula 2020.<\/span><\/td>\n<td><span style=\"font-weight: 400;\">Tabloidi koji su ga ranije napadali po\u010dinju posthumno da hvale Dejana Jovi\u0107a.<\/span><\/td>\n<td><span style=\"font-weight: 400;\">Dejan Jovi\u0107, Provladini tabloidi<\/span><\/td>\n<td><span style=\"font-weight: 400;\">1<\/span><\/td>\n<\/tr>\n<tr>\n<td><span style=\"font-weight: 400;\">April 2022.<\/span><\/td>\n<td><span style=\"font-weight: 400;\">Dijana Hrkalovi\u0107 menja advokate, anga\u017euje Vladimira \u0110ukanovi\u0107a.<\/span><\/td>\n<td><span style=\"font-weight: 400;\">Dijana Hrkalovi\u0107, Vladimir \u0110ukanovi\u0107<\/span><\/td>\n<td><span style=\"font-weight: 400;\">9<\/span><\/td>\n<\/tr>\n<tr>\n<td><span style=\"font-weight: 400;\">22. januar 2025.<\/span><\/td>\n<td><span style=\"font-weight: 400;\">Dijana Hrkalovi\u0107 osu\u0111ena na 16 meseci ku\u0107nog zatvora zbog trgovine uticajem (prvostepena presuda).<\/span><\/td>\n<td><span style=\"font-weight: 400;\">Dijana Hrkalovi\u0107<\/span><\/td>\n<td><span style=\"font-weight: 400;\">9<\/span><\/td>\n<\/tr>\n<\/tbody>\n<\/table>\n<p>&nbsp;<\/p>\n<h2><b>1. Uvod: Kontekst Afere Dejana Jovi\u0107a<\/b><\/h2>\n<p>&nbsp;<\/p>\n<p><span style=\"font-weight: 400;\">Afera Dejana Jovi\u0107a predstavlja zna\u010dajan slu\u010daj koji baca svetlo na slo\u017eene odnose unutar srpskih institucija, posebno Ministarstva unutra\u0161njih poslova. Ovaj slu\u010daj je postao simbol navodne korupcije, politi\u010dkog uticaja i medijske manipulacije, ilustruju\u0107i kako visoki zvani\u010dnici mogu navodno koristiti dr\u017eavne mehanizme i medije za targetiranje pojedinaca koji se percipiraju kao pretnja ili prepreka nezakonitim aktivnostima.<\/span><\/p>\n<p>&nbsp;<\/p>\n<h3><b>1.1. Pozadina Karijere Dejana Jovi\u0107a<\/b><\/h3>\n<p>&nbsp;<\/p>\n<p><span style=\"font-weight: 400;\">Dejan Jovi\u0107 je bio izuzetno iskusan policijski slu\u017ebenik sa dve i po decenije radnog sta\u017ea u srpskoj policiji.<\/span><span style=\"font-weight: 400;\">3<\/span><span style=\"font-weight: 400;\"> Svoju karijeru je zapo\u010deo kao obi\u010dan policajac u Odeljenju unutra\u0161njih poslova Vo\u017edovac.<\/span><span style=\"font-weight: 400;\">3<\/span><span style=\"font-weight: 400;\"> Tokom vi\u0161e od deset godina, radio je u Tre\u0107em odeljenju, gde je napredovao od inspektora do \u0161efa grupe.<\/span><span style=\"font-weight: 400;\">3<\/span><span style=\"font-weight: 400;\"> Pre hap\u0161enja, obavljao je zna\u010dajnu funkciju zamenika na\u010delnika Odeljenja za suzbijanje krvnih i seksualnih delikata u beogradskoj policiji.<\/span><span style=\"font-weight: 400;\">3<\/span><\/p>\n<p><span style=\"font-weight: 400;\">Va\u017eno je napomenuti da je Jovi\u0107 bio deo tima MUP-a koji je intenzivno radio na rasvetljavanju visoko publiciranog i misterioznog slu\u010daja ubistva peva\u010dice Jelene Marjanovi\u0107 na nasipu u Crvenki kod Bor\u010de. Prema dostupnim informacijama, u njegovom radu na tom slu\u010daju nije bilo nepravilnosti.<\/span><span style=\"font-weight: 400;\">3<\/span><span style=\"font-weight: 400;\"> Jovi\u0107ev dugogodi\u0161nji sta\u017e, napredovanje kroz hijerarhiju i rad na slo\u017eenim slu\u010dajevima bez zabele\u017eenih nepravilnosti, jasno ukazuju na njegovu profesionalnu reputaciju i iskustvo. Ova pozadina stvara o\u0161tar kontrast sa kasnijim optu\u017ebama da je &#8222;prljavi policajac&#8220; ili &#8222;glavna krtica u MUP-u&#8220;.<\/span><span style=\"font-weight: 400;\">1<\/span><span style=\"font-weight: 400;\"> Takav nesklad odmah postavlja pitanja o pravim motivima iza optu\u017ebi i sugeri\u0161e da afera nije bila jednostavan slu\u010daj razotkrivanja inherentno korumpiranog slu\u017ebenika, ve\u0107 pre ciljana akcija.<\/span><\/p>\n<p>&nbsp;<\/p>\n<h3><b>1.2. Pregled &#8222;Afere&#8220; kao Studije Slu\u010daja<\/b><\/h3>\n<p>&nbsp;<\/p>\n<p><span style=\"font-weight: 400;\">&#8222;Afera Dejana Jovi\u0107a&#8220; je izbila kao istaknut slu\u010daj koji je razotkrio navodnu korupciju, politi\u010dki uticaj i medijsku manipulaciju unutar srpskih organa za sprovo\u0111enje zakona. Slu\u010daj pokazuje kako se, \u010dak i kada se radi o iskusnom oficiru sa \u010distim dosijeom na kompleksnim slu\u010dajevima, mo\u017ee do\u0107i do diskreditacije i profesionalne propasti uprkos kasnijem osloba\u0111anju. Ovo \u0161alje upozoravaju\u0107u poruku da \u010dak i pridr\u017eavanje profesionalne du\u017enosti, kao \u0161to je hap\u0161enje mo\u0107nog kriminalca, mo\u017ee dovesti do ozbiljnih li\u010dnih i profesionalnih posledica kada su u igri mo\u0107ne, ukorenjene interesne grupe. Afera tako slu\u017ei kao sna\u017ean primer rizika sa kojima se suo\u010davaju oni koji se zala\u017eu za integritet unutar sistema koji je mo\u017eda kompromitovan.<\/span><\/p>\n<p>&nbsp;<\/p>\n<h2><b>2. Nastanak Kontroverze: Belivukovo Hap\u0161enje i Medijski Napad<\/b><\/h2>\n<p>&nbsp;<\/p>\n<p><span style=\"font-weight: 400;\">Po\u010detak afere Dejana Jovi\u0107a usko je povezan sa njegovim profesionalnim anga\u017eovanjem u borbi protiv organizovanog kriminala i, paradoksalno, sa posledicama koje su usledile nakon \u0161to je ispunio svoju du\u017enost.<\/span><\/p>\n<p>&nbsp;<\/p>\n<h3><b>2.1. Jovi\u0107eva Uloga u Hap\u0161enju Veljka Belivuka 2017. Godine<\/b><\/h3>\n<p>&nbsp;<\/p>\n<p><span style=\"font-weight: 400;\">Godine 2017., inspektor Dejan Jovi\u0107 bio je me\u0111u policajcima uklju\u010denim u hap\u0161enje Veljka Belivuka, poznatog kao Velja Nevolja. Belivuk je bio vo\u0111a brutalne huligansko-kriminalne grupe i saradnik crnogorskog kava\u010dkog klana.<\/span><span style=\"font-weight: 400;\">1<\/span><span style=\"font-weight: 400;\"> Hap\u0161enje je bilo povezano sa ubistvom Vlastimira Milo\u0161evi\u0107a. Ova akcija, koja je pokazala Jovi\u0107evu posve\u0107enost borbi protiv te\u0161kog kriminala, postala je klju\u010dni trenutak koji je, \u010dini se, pokrenuo sled doga\u0111aja koji su doveli do njegove profesionalne i li\u010dne propasti.<\/span><\/p>\n<p>&nbsp;<\/p>\n<h3><b>2.2. Belivukovo Naknadno Osloba\u0111anje i Navodna Za\u0161tita na Visokom Nivou<\/b><\/h3>\n<p>&nbsp;<\/p>\n<p><span style=\"font-weight: 400;\">Uprkos Jovi\u0107evom u\u010de\u0161\u0107u u hap\u0161enju, Belivukova grupa je navodno imala kontakte na najvi\u0161im nivoima politike i policije.<\/span><span style=\"font-weight: 400;\">1<\/span><span style=\"font-weight: 400;\"> Ovi kontakti su, po svemu sude\u0107i, pomogli Belivuku da izbegne osudu za ubistvo.<\/span><span style=\"font-weight: 400;\">1<\/span><span style=\"font-weight: 400;\"> Iako je prvobitno bio osumnji\u010den da je li\u010dno likvidirao \u017ertvu, Vlastimira Milo\u0161evi\u0107a, Belivuk je na kraju optu\u017een da je pomogao u ubistvu. Me\u0111utim, nakon \u0161to su dokazi, kako je navedeno u sudskim spisima, &#8222;kontaminirani&#8220;, a ve\u0161tak promenio iskaz, Belivuk je oslobo\u0111en.<\/span><span style=\"font-weight: 400;\">1<\/span><\/p>\n<p><span style=\"font-weight: 400;\">Vremenska i tematska povezanost izme\u0111u Jovi\u0107evog u\u010de\u0161\u0107a u Belivukovom hap\u0161enju i naknadne kampanje protiv Jovi\u0107a, uz Belivukovo osloba\u0111anje usled &#8222;kontaminiranih&#8220; dokaza, sna\u017eno ukazuje na direktan \u010din odmazde ili preventivnu meru za neutralizaciju slu\u017ebenika koji se ume\u0161ao u za\u0161ti\u0107ene kriminalne interese. Ovo sugeri\u0161e da su mo\u0107ne sile bile u igri da za\u0161tite Belivuka, a Jovi\u0107 je postao \u017ertva te za\u0161tite.<\/span><\/p>\n<p>&nbsp;<\/p>\n<h3><b>2.3. Koordinisana Tabloidna Kampanja Protiv Jovi\u0107a<\/b><\/h3>\n<p>&nbsp;<\/p>\n<p><span style=\"font-weight: 400;\">Nakon \u0161to je poku\u0161ao da uhapsi, kako se \u010dini, &#8222;za\u0161ti\u0107enog kriminalca&#8220;, Jovi\u0107 je postao meta \u017eestoke kampanje provladinih tabloida.<\/span><span style=\"font-weight: 400;\">1<\/span><span style=\"font-weight: 400;\"> Ovi mediji, uklju\u010duju\u0107i &#8222;Kurir&#8220; i &#8222;Srpski telegraf&#8220;, pokrenuli su kontinuirani napad, predstavljaju\u0107i Jovi\u0107a na naslovnim stranama i u tekstovima kao &#8222;prljavog policajca&#8220; i &#8222;glavnu krticu u MUP-u&#8220;.<\/span><span style=\"font-weight: 400;\">1<\/span><span style=\"font-weight: 400;\"> Bez ikakvih dokaza, optu\u017eivali su ga za saradnju sa kriminalnom grupom Luke Bojovi\u0107a i crnogorskim \u0161kaljarskim klanom, te da je pomagao kriminalcima da izbegnu hap\u0161enja.<\/span><span style=\"font-weight: 400;\">1<\/span><span style=\"font-weight: 400;\"> Optu\u017eba za &#8222;iznenadno bogatstvo&#8220; i veze sa Lukom Bojovi\u0107em tako\u0111e je bila deo ove kampanje.<\/span><span style=\"font-weight: 400;\">2<\/span><\/p>\n<p>&nbsp;<\/p>\n<h3><b>2.4. Navodna Ume\u0161anost Dijane Hrkalovi\u0107<\/b><\/h3>\n<p>&nbsp;<\/p>\n<p><span style=\"font-weight: 400;\">Milan La\u0111evi\u0107, suvlasnik i urednik &#8222;Srpskog telegrafa&#8220;, javno je priznao da je njihovo negativno izve\u0161tavanje o Jovi\u0107u bilo zasnovano na &#8222;zvani\u010dnim informacijama&#8220; koje je li\u010dno Dijana Hrkalovi\u0107, tada\u0161nja dr\u017eavna sekretarka MUP-a, dostavila njihovom mediju, a pretpostavlja se i drugima.<\/span><span style=\"font-weight: 400;\">1<\/span><span style=\"font-weight: 400;\"> La\u0111evi\u0107 je kasnije uputio izvinjenje \u010ditaocima i Jovi\u0107evoj porodici.<\/span><span style=\"font-weight: 400;\">1<\/span><span style=\"font-weight: 400;\"> Ovo direktno priznanje povezuje visokorangiranog zvani\u010dnika MUP-a sa orkestriranjem medijske kampanje diskreditacije protiv jednog od njenih slu\u017ebenika.<\/span><\/p>\n<p><span style=\"font-weight: 400;\">Priznanje Milana La\u0111evi\u0107a da je Dijana Hrkalovi\u0107 direktno dostavljala negativne informacije o Jovi\u0107u tabloidima otkriva uznemiruju\u0107i obrazac. Ovo nije samo pitanje medijske pristrasnosti, ve\u0107 navodne zloupotrebe dr\u017eavnih obave\u0161tajnih podataka (ili dezinformacija) i provladinih medija za diskreditaciju pojedinca. To implicira sistemsku zloupotrebu mo\u0107i gde se dr\u017eavne institucije (MUP) i mediji koriste kao oru\u0111e za za\u0161titu kriminalnih interesa i ka\u017enjavanje onih koji se me\u0161aju u te interese. To postavlja ozbiljna pitanja o integritetu javnih informacija i vladavini prava.<\/span><\/p>\n<p>&nbsp;<\/p>\n<h2><b>3. Optu\u017ebe i Hap\u0161enje: Detalji Navoda<\/b><\/h2>\n<p>&nbsp;<\/p>\n<p><span style=\"font-weight: 400;\">Nakon intenzivne medijske kampanje, Dejan Jovi\u0107 se suo\u010dio sa formalnim krivi\u010dnim prijavama i hap\u0161enjem, \u0161to je dodatno eskaliralo &#8222;aferu&#8220;.<\/span><\/p>\n<p>&nbsp;<\/p>\n<h3><b>3.1. Detaljan Prikaz Jovi\u0107evog Hap\u0161enja<\/b><\/h3>\n<p>&nbsp;<\/p>\n<p><span style=\"font-weight: 400;\">Dejan Jovi\u0107 je uhap\u0161en 12. decembra 2018. godine <\/span><span style=\"font-weight: 400;\">4<\/span><span style=\"font-weight: 400;\">, iako je datum a\u017euriranja \u010dlanka koji detaljno opisuje hap\u0161enje 13. decembar 2018..<\/span><span style=\"font-weight: 400;\">3<\/span><span style=\"font-weight: 400;\"> Hap\u0161enje je sprovedeno u akciji Sektora unutra\u0161nje kontrole i po nalogu Posebnog odeljenja za suzbijanje korupcije Vi\u0161eg javnog tu\u017eila\u0161tva u Beogradu.<\/span><span style=\"font-weight: 400;\">3<\/span><span style=\"font-weight: 400;\"> Jovi\u0107u je najpre odre\u0111eno zadr\u017eavanje do 48 \u010dasova, a potom mu je Vi\u0161i sud u Beogradu odredio pritvor do 30 dana zbog opasnosti od uticaja na svedoke i saokrivljenog.<\/span><span style=\"font-weight: 400;\">3<\/span><\/p>\n<p>&nbsp;<\/p>\n<h3><b>3.2. Specifi\u010dne Optu\u017ebe: Trgovina Uticajem i Zloupotreba Slu\u017ebenog Polo\u017eaja<\/b><\/h3>\n<p>&nbsp;<\/p>\n<p><span style=\"font-weight: 400;\">Jovi\u0107 je formalno optu\u017een za dva krivi\u010dna dela: trgovinu uticajem i zloupotrebu slu\u017ebenog polo\u017eaja.<\/span><span style=\"font-weight: 400;\">3<\/span><span style=\"font-weight: 400;\"> Ove optu\u017ebe su bile osnova za sudski proces koji je usledio.<\/span><\/p>\n<p>&nbsp;<\/p>\n<h3><b>3.3. Analiza Navodnih Slu\u010dajeva Nepravilnosti<\/b><\/h3>\n<p>&nbsp;<\/p>\n<p><span style=\"font-weight: 400;\">Optu\u017ebe protiv Jovi\u0107a detaljno su opisivale nekoliko navodnih slu\u010dajeva zloupotrebe:<\/span><\/p>\n<ul>\n<li style=\"font-weight: 400;\" aria-level=\"1\"><b>Neovla\u0161\u0107eni pristup podacima:<\/b><span style=\"font-weight: 400;\"> Sumnjalo se da je Jovi\u0107 u 16 navrata neovla\u0161\u0107eno pristupao podacima gra\u0111ana u Jedinstvenom informacionom sistemu MUP-a.<\/span><span style=\"font-weight: 400;\">3<\/span><span style=\"font-weight: 400;\"> Navodno je izvla\u010dio li\u010dne podatke, uklju\u010duju\u0107i adrese i mati\u010dne brojeve, prvenstveno osoba sa kriminalnim dosijeom, te te osetljive informacije dostavljao tre\u0107im licima, najverovatnije \u010dlanovima kriminalnih grupa.<\/span><span style=\"font-weight: 400;\">3<\/span><span style=\"font-weight: 400;\"> Ova optu\u017eba nagla\u0161ava zna\u010dajnu ranjivost unutar policijskih informacionih sistema. Ako visoki slu\u017ebenik mo\u017ee navodno da pristupa i distribuira takve podatke, to postavlja kriti\u010dna pitanja o bezbednosnim protokolima, kontroli pristupa i potencijalu za unutra\u0161nje curenje informacija koje bi mogle kompromitovati istrage ili pomo\u0107i kriminalnim organizacijama. To ima \u0161ire implikacije na nacionalnu bezbednost i poverenje javnosti u integritet podataka organa za sprovo\u0111enje zakona.<\/span><\/li>\n<li style=\"font-weight: 400;\" aria-level=\"1\"><b>Intervencija u slu\u010daju porodi\u010dnog nasilja:<\/b><span style=\"font-weight: 400;\"> Klju\u010dna optu\u017eba bila je da je Jovi\u0107 uticao na kolegu, Bojana Mijovi\u0107a (slu\u017ebenika Policijske stanice Zvezdara), da ne preduzima pune mere protiv mu\u0161karca (Sini\u0161a S.) za kojim se tragalo zbog porodi\u010dnog nasilja.<\/span><span style=\"font-weight: 400;\">3<\/span><span style=\"font-weight: 400;\"> Supruga osumnji\u010denog je prijavljivala policiji \u010detiri puta, ali prijave navodno nikada nisu stigle do tu\u017eila\u0161tva.<\/span><span style=\"font-weight: 400;\">3<\/span><span style=\"font-weight: 400;\"> Jovi\u0107 je konkretno optu\u017een da je zamolio Mijovi\u0107a da izrekne meru upozorenja umesto hitne mere i \u010dak da osigura da potraga za po\u010diniocem ne bude vidljiva u sistemu MUP-a.<\/span><span style=\"font-weight: 400;\">3<\/span><\/li>\n<\/ul>\n<p><span style=\"font-weight: 400;\">Zna\u010dajno je primetiti da se medijska kampanja <\/span><span style=\"font-weight: 400;\">1<\/span><span style=\"font-weight: 400;\"> predstavljala Jovi\u0107a kao &#8222;prljavog policajca&#8220; i &#8222;glavnu krticu&#8220; povezanu sa velikim kriminalnim klanovima (Luka Bojovi\u0107, \u0160kaljari). Me\u0111utim, formalne optu\u017ebe <\/span><span style=\"font-weight: 400;\">3<\/span><span style=\"font-weight: 400;\"> su bile specifi\u010dno &#8222;trgovina uticajem&#8220; i &#8222;zloupotreba slu\u017ebenog polo\u017eaja&#8220;, prvenstveno u vezi sa neovla\u0161\u0107enim pristupom podacima i slu\u010dajem porodi\u010dnog nasilja. Iako ozbiljne, ove optu\u017ebe se ne poklapaju direktno sa \u0161irom narativom o &#8222;krtici&#8220;. To ukazuje da je tabloidna kampanja mo\u017eda bila osmi\u0161ljena da stvori javnu percepciju duboke korupcije, dok je stvarni pravni slu\u010daj bio izgra\u0111en na specifi\u010dnijim, mo\u017eda manje direktno dokazivim, slu\u010dajevima nepravilnosti, potencijalno kao izgovor. Optu\u017eba za &#8222;iznenadno bogatstvo&#8220; <\/span><span style=\"font-weight: 400;\">2<\/span><span style=\"font-weight: 400;\"> tako\u0111e se \u010dini delom medijske kampanje, a ne formalnom optu\u017ebom koja je dovela do su\u0111enja.<\/span><\/p>\n<p>&nbsp;<\/p>\n<h2><b>4. Sudski Proces: Su\u0111enje, Odbrana i Osloba\u0111aju\u0107a Presuda<\/b><\/h2>\n<p>&nbsp;<\/p>\n<p><span style=\"font-weight: 400;\">Pravni epilog afere Dejana Jovi\u0107a bio je dugotrajan proces koji je razotkrio slo\u017eenost dokazivanja optu\u017ebi i ukazao na potencijalne motive iza samog gonjenja.<\/span><\/p>\n<p>&nbsp;<\/p>\n<h3><b>4.1. Po\u010detak Su\u0111enja<\/b><\/h3>\n<p>&nbsp;<\/p>\n<p><span style=\"font-weight: 400;\">Su\u0111enje protiv Dejana Jovi\u0107a i njegovog saokrivljenog, Bojana Mijovi\u0107a, zapo\u010delo je u martu 2019. godine.<\/span><span style=\"font-weight: 400;\">6<\/span><span style=\"font-weight: 400;\"> Proces se vodio pred najmla\u0111im odeljenjem beogradskog Vi\u0161eg suda \u2013 Odeljenjem za suzbijanje korupcije.<\/span><span style=\"font-weight: 400;\">6<\/span><\/p>\n<p>&nbsp;<\/p>\n<h3><b>4.2. Jovi\u0107eva Strategija Odbrane i Tvrdnje<\/b><\/h3>\n<p>&nbsp;<\/p>\n<p><span style=\"font-weight: 400;\">I Jovi\u0107 i Mijovi\u0107 izjasnili su se da nisu krivi za optu\u017ebe.<\/span><span style=\"font-weight: 400;\">6<\/span><span style=\"font-weight: 400;\"> Jovi\u0107 je na sudu izjavio da ga je sramota \u0161to se na\u0161ao u takvoj situaciji.<\/span><span style=\"font-weight: 400;\">6<\/span><\/p>\n<p><span style=\"font-weight: 400;\">Jovi\u0107ev advokat odbrane, Veljko Deliba\u0161i\u0107, izneo je zna\u010dajne tvrdnje tokom su\u0111enja:<\/span><\/p>\n<ul>\n<li style=\"font-weight: 400;\" aria-level=\"1\"><span style=\"font-weight: 400;\">Tvrdio je da je nalog za pra\u0107enje i prislu\u0161kivanje Jovi\u0107a tokom \u0161est meseci izdat &#8222;suprotno Ustavu i zakonu&#8220;.<\/span><span style=\"font-weight: 400;\">7<\/span><\/li>\n<li style=\"font-weight: 400;\" aria-level=\"1\"><span style=\"font-weight: 400;\">Deliba\u0161i\u0107 je naveo da je Jovi\u0107 pra\u0107en na osnovu &#8222;neta\u010dnih informacija&#8220; i &#8222;fabrikovanih informacija&#8220; koje su tvrdile da je u kontaktu sa organizovanim kriminalnim grupama i da odaje policijske informacije.<\/span><span style=\"font-weight: 400;\">7<\/span><\/li>\n<li style=\"font-weight: 400;\" aria-level=\"1\"><span style=\"font-weight: 400;\">Izri\u010dito je izjavio da je neko odlu\u010dio da &#8222;namesti&#8220; odlikovanog policajca Jovi\u0107a i ukloni ga iz MUP-a na osnovu &#8222;u\u017easnih la\u017ei&#8220;.<\/span><span style=\"font-weight: 400;\">7<\/span><\/li>\n<li style=\"font-weight: 400;\" aria-level=\"1\"><span style=\"font-weight: 400;\">Odbrana je istakla da Jovi\u0107 na kraju nije su\u0111en ni za jedno od krivi\u010dnih dela zbog kojih je bio pod &#8222;merama&#8220;, ve\u0107 za navodnu trgovinu uticajem, \u0161to je tako\u0111e negirao.<\/span><span style=\"font-weight: 400;\">7<\/span><\/li>\n<li style=\"font-weight: 400;\" aria-level=\"1\"><span style=\"font-weight: 400;\">Izve\u0161taji su pokazali da je Jovi\u0107 uvek obave\u0161tavao svog nadre\u0111enog odmah nakon uspostavljanja kontakta sa bilo kojom bezbednosno osetljivom osobom radi prikupljanja informacija o krivi\u010dnom delu.<\/span><span style=\"font-weight: 400;\">7<\/span><\/li>\n<\/ul>\n<p><span style=\"font-weight: 400;\">Odbrana je tra\u017eila od suda da se presretnuti razgovor izme\u0111u Jovi\u0107a i Mijovi\u0107a, koji je tu\u017eila\u0161tvo podnelo kao dokaz, ne prihvati kao dokaz, te da se prikupi sva dokumentacija vezana za naloge za prislu\u0161kivanje.<\/span><span style=\"font-weight: 400;\">7<\/span><\/p>\n<p>&nbsp;<\/p>\n<h3><b>4.3. Postupanje Suda sa Dokazima i Isklju\u010denje Javnosti<\/b><\/h3>\n<p>&nbsp;<\/p>\n<p><span style=\"font-weight: 400;\">Tu\u017eila\u0161tvo, koje je predstavljao Predrag \u0106etkovi\u0107, usprotivilo se zahtevima odbrane, tvrde\u0107i da je ispitivanje odluka o nalozima za prislu\u0161kivanje van dometa ovog sudskog postupka.<\/span><span style=\"font-weight: 400;\">7<\/span><span style=\"font-weight: 400;\"> Sudija Zoran Gani\u0107 je prvobitno odlu\u010dio da se javnost ne isklju\u010di iz postupka u toj fazi, navode\u0107i da za to ne postoje pravni osnovi, ali je napomenuo da mo\u017ee ponovo razmotriti odluku kada odbrana iznese svoje dokaze.<\/span><span style=\"font-weight: 400;\">7<\/span><\/p>\n<p>&nbsp;<\/p>\n<h3><b>4.4. Prvostepena Osloba\u0111aju\u0107a Presuda<\/b><\/h3>\n<p>&nbsp;<\/p>\n<p><span style=\"font-weight: 400;\">Dana 27. decembra 2019. godine, sudija Zoran Gani\u0107 izrekao je prvostepenu osloba\u0111aju\u0107u presudu za Dejana Jovi\u0107a po optu\u017ebama za trgovinu uticajem.<\/span><span style=\"font-weight: 400;\">4<\/span><span style=\"font-weight: 400;\"> Bojan Mijovi\u0107 je tako\u0111e oslobo\u0111en optu\u017ebe za krivi\u010dno delo zloupotrebe slu\u017ebenog polo\u017eaja.<\/span><span style=\"font-weight: 400;\">4<\/span><\/p>\n<p><span style=\"font-weight: 400;\">Sudija je obrazlo\u017eio odluku na osnovu materijalnih i pisanih dokaza, iskaza svedoka, ali i na osnovu iskustva iz \u017eivotnih situacija.<\/span><span style=\"font-weight: 400;\">4<\/span><span style=\"font-weight: 400;\"> Sudija Gani\u0107 je naveo da &#8222;nije neobi\u010dno i \u017eivotno je da kolega pozove kolegu za ne\u0161to, to svi radimo&#8220;, nagla\u0161avaju\u0107i da Jovi\u0107 nije tra\u017eio ni\u0161ta protivzakonito, nije odstupio od uobi\u010dajene prakse i nije imao nikakvu materijalnu korist.<\/span><span style=\"font-weight: 400;\">4<\/span><span style=\"font-weight: 400;\"> Tako\u0111e je potvrdio da je Mijovi\u0107 postupio u skladu sa zakonom.<\/span><span style=\"font-weight: 400;\">4<\/span><\/p>\n<p>&nbsp;<\/p>\n<h3><b>4.5. Potvrda Osloba\u0111aju\u0107e Presude Apelacionog Suda<\/b><\/h3>\n<p>&nbsp;<\/p>\n<p><span style=\"font-weight: 400;\">Apelacioni sud u Beogradu je kasnije potvrdio osloba\u0111aju\u0107u presudu.<\/span><span style=\"font-weight: 400;\">6<\/span><span style=\"font-weight: 400;\"> Ova potvrda dogodila se u martu, pre Jovi\u0107evog preminu\u0107a u julu 2020. godine.<\/span><span style=\"font-weight: 400;\">6<\/span><\/p>\n<p><span style=\"font-weight: 400;\">Tvrdnje odbrane da je Jovi\u0107 &#8222;name\u0161ten&#8220; i podvrgnut nezakonitom prislu\u0161kivanju <\/span><span style=\"font-weight: 400;\">7<\/span><span style=\"font-weight: 400;\"> direktno su osporile integritet dr\u017eavnog aparata (MUP, tu\u017eila\u0161tvo). Kona\u010dna odluka suda da oslobodi Jovi\u0107a i Mijovi\u0107a, uz izri\u010dito obrazlo\u017eenje sudije da je navodni &#8222;uticaj&#8220; bio normalna interakcija izme\u0111u kolega, a ne krivi\u010dno delo <\/span><span style=\"font-weight: 400;\">4<\/span><span style=\"font-weight: 400;\">, sugeri\u0161e da se pravosu\u0111e, u ovom slu\u010daju, suprotstavilo onome \u0161to je odbrana smatrala politi\u010dki motivisanim progonom. Me\u0111utim, po\u010detni pritvor i \u010dinjenica da je Jovi\u0107eva karijera ipak uni\u0161tena <\/span><span style=\"font-weight: 400;\">8<\/span><span style=\"font-weight: 400;\"> uprkos osloba\u0111aju\u0107oj presudi, pokazuju ograni\u010denja pravne satisfakcije u suo\u010davanju sa mo\u0107nim, vanpravnim pritiscima.<\/span><\/p>\n<p>&nbsp;<\/p>\n<h3><b>Tabela 2: Optu\u017ebe i Ishodi Protiv Dejana Jovi\u0107a<\/b><\/h3>\n<p>&nbsp;<\/p>\n<table>\n<tbody>\n<tr>\n<td><span style=\"font-weight: 400;\">Optu\u017eba<\/span><\/td>\n<td><span style=\"font-weight: 400;\">Navodna Radnja<\/span><\/td>\n<td><span style=\"font-weight: 400;\">Datum Hap\u0161enja\/Optu\u017ebe<\/span><\/td>\n<td><span style=\"font-weight: 400;\">Sudski Ishod<\/span><\/td>\n<td><span style=\"font-weight: 400;\">Relevantni Izvori<\/span><\/td>\n<\/tr>\n<tr>\n<td><span style=\"font-weight: 400;\">Trgovina uticajem<\/span><\/td>\n<td><span style=\"font-weight: 400;\">Uticanje na kolegu Bojana Mijovi\u0107a da ne preduzima mere protiv nasilnika u porodici (Sini\u0161a S.), tra\u017ee\u0107i meru upozorenja umesto hitne mere i da se potraga ne vidi u sistemu MUP-a.<\/span><\/td>\n<td><span style=\"font-weight: 400;\">12\/13. decembar 2018.<\/span><\/td>\n<td><span style=\"font-weight: 400;\">Oslobo\u0111en prvostepenom presudom, potvr\u0111eno od Apelacionog suda.<\/span><\/td>\n<td><span style=\"font-weight: 400;\">3<\/span><\/td>\n<\/tr>\n<tr>\n<td><span style=\"font-weight: 400;\">Zloupotreba slu\u017ebenog polo\u017eaja<\/span><\/td>\n<td><span style=\"font-weight: 400;\">Neovla\u0161\u0107eni pristup podacima gra\u0111ana u Jedinstvenom informacionom sistemu MUP-a u 16 navrata i njihovo prosle\u0111ivanje tre\u0107im licima, najverovatnije \u010dlanovima kriminalnih grupa (adrese i mati\u010dni brojevi kriminalaca).<\/span><\/td>\n<td><span style=\"font-weight: 400;\">12\/13. decembar 2018.<\/span><\/td>\n<td><span style=\"font-weight: 400;\">Oslobo\u0111en prvostepenom presudom, potvr\u0111eno od Apelacionog suda.<\/span><\/td>\n<td><span style=\"font-weight: 400;\">3<\/span><\/td>\n<\/tr>\n<\/tbody>\n<\/table>\n<p>&nbsp;<\/p>\n<h2><b>5. \u0160ira Mre\u017ea: Veze sa Dijanom Hrkalovi\u0107 i Organizovanim Kriminalom<\/b><\/h2>\n<p>&nbsp;<\/p>\n<p><span style=\"font-weight: 400;\">Afera Dejana Jovi\u0107a ne mo\u017ee se posmatrati izolovano, ve\u0107 kao deo \u0161ire mre\u017ee uticaja koja povezuje policiju, politiku i organizovani kriminal. Klju\u010dna figura u ovoj mre\u017ei je Dijana Hrkalovi\u0107, \u010dije su akcije imale direktan uticaj na Jovi\u0107ev slu\u010daj i \u0161ire implikacije na integritet dr\u017eavnih institucija.<\/span><\/p>\n<p>&nbsp;<\/p>\n<h3><b>5.1. Navodna Uloga Dijane Hrkalovi\u0107 u Targetiranju Jovi\u0107a<\/b><\/h3>\n<p>&nbsp;<\/p>\n<p><span style=\"font-weight: 400;\">Kao \u0161to je ve\u0107 utvr\u0111eno, Milan La\u0111evi\u0107, urednik &#8222;Srpskog telegrafa&#8220;, izri\u010dito je izjavio da je Dijana Hrkalovi\u0107, tada\u0161nja dr\u017eavna sekretarka MUP-a, li\u010dno dostavljala negativne informacije o Jovi\u0107u njegovom i drugim medijima, \u0161to je dovelo do kampanje bla\u0107enja.<\/span><span style=\"font-weight: 400;\">1<\/span><span style=\"font-weight: 400;\"> Ovo ukazuje na direktnu ume\u0161anost na visokom nivou u diskreditaciju Jovi\u0107a. Dodatno, navedeno je da je Dragoslav Damjanovi\u0107 &#8222;Coka&#8220;, opisan kao Hrkalovi\u0107ev &#8222;prvi operativac&#8220;, bio uklju\u010den u progon inspektora Jovi\u0107a.<\/span><span style=\"font-weight: 400;\">2<\/span><\/p>\n<p>&nbsp;<\/p>\n<h3><b>5.2. Hrkalovi\u0107evi Sopstveni Sudski Procesi i Presuda<\/b><\/h3>\n<p>&nbsp;<\/p>\n<p><span style=\"font-weight: 400;\">Dijana Hrkalovi\u0107, biv\u0161a dr\u017eavna sekretarka MUP-a, i sama se suo\u010dila sa su\u0111enjem zbog trgovine uticajem.<\/span><span style=\"font-weight: 400;\">9<\/span><span style=\"font-weight: 400;\"> Dana 22. januara 2025. godine, Specijalni sud u Beogradu ju je osudio na 16 meseci ku\u0107nog zatvora (sa nanogicom).<\/span><span style=\"font-weight: 400;\">10<\/span><span style=\"font-weight: 400;\"> Ovo je bila prvostepena presuda, podlo\u017ena \u017ealbi.<\/span><span style=\"font-weight: 400;\">10<\/span><\/p>\n<p><span style=\"font-weight: 400;\">Njena presuda proiza\u0161la je iz uticanja na kolege da opstruiraju istrage i kr\u0161e zakon u tri specifi\u010dna slu\u010daja <\/span><span style=\"font-weight: 400;\">9<\/span><span style=\"font-weight: 400;\">:<\/span><\/p>\n<ul>\n<li style=\"font-weight: 400;\" aria-level=\"1\"><b>Slu\u010daj Veljka Belivuka:<\/b><span style=\"font-weight: 400;\"> Hrkalovi\u0107 je optu\u017eena da je nalo\u017eila Dejanu Milenkovi\u0107u da odlo\u017ei dostavljanje ve\u0161ta\u010denja telefona Veljka Belivuka u istrazi ubistva Vlastimira Milo\u0161evi\u0107a iz 2017. godine.<\/span><span style=\"font-weight: 400;\">9<\/span><span style=\"font-weight: 400;\"> Ovaj izve\u0161taj je dostavljen tek kada je su\u0111enje bilo pri kraju, \u0161to je navodno ote\u017ealo rad tu\u017eila\u0161tvu i doprinelo Belivukovom osloba\u0111anju u tom slu\u010daju.<\/span><span style=\"font-weight: 400;\">9<\/span><span style=\"font-weight: 400;\"> Ovo predstavlja direktnu vezu izme\u0111u Hrkalovi\u0107evih radnji i samog kriminalca kojeg je Jovi\u0107 uhapsio. Jovi\u0107 je uhapsio Belivuka <\/span><span style=\"font-weight: 400;\">1<\/span><span style=\"font-weight: 400;\">, a odmah nakon toga Jovi\u0107 je bio meta medijske kampanje koju je orkestrirala Hrkalovi\u0107.<\/span><span style=\"font-weight: 400;\">1<\/span><span style=\"font-weight: 400;\"> Istovremeno, Belivuk je oslobo\u0111en u slu\u010daju ubistva 2017. godine zbog &#8222;kontaminiranih&#8220; dokaza.<\/span><span style=\"font-weight: 400;\">1<\/span><span style=\"font-weight: 400;\"> Kasnije, Hrkalovi\u0107 je osu\u0111ena za ometanje pravde, konkretno zbog odlaganja dokaza u<\/span><span style=\"font-weight: 400;\"><br \/>\n<\/span><i><span style=\"font-weight: 400;\">istom<\/span><\/i><span style=\"font-weight: 400;\"> Belivukovom slu\u010daju ubistva, \u0161to je doprinelo njegovom osloba\u0111anju.<\/span><span style=\"font-weight: 400;\">9<\/span><span style=\"font-weight: 400;\"> Ovo stvara jasnu uzajamnu vezu: Jovi\u0107ev profesionalni integritet u gonjenju Belivuka direktno je doveo do njegovog progona, dok su Hrkalovi\u0107ine akcije za za\u0161titu Belivuka dovele do njene sopstvene osude. Ovo sna\u017eno sugeri\u0161e da je Jovi\u0107 bio prepreka mo\u0107noj, za\u0161ti\u0107enoj kriminalnoj mre\u017ei.<\/span><\/li>\n<li style=\"font-weight: 400;\" aria-level=\"1\"><b>Snimak Dragoslava Mi\u0161e Ognjanovi\u0107a:<\/b><span style=\"font-weight: 400;\"> Navodno je nalo\u017eila Milenkovi\u0107u da obri\u0161e deo snimka razgovora advokata Dragoslava Mi\u0161e Ognjanovi\u0107a u kojem je on govorio o njenim vezama sa kriminalcima i njenom privatnom \u017eivotu.<\/span><span style=\"font-weight: 400;\">11<\/span><span style=\"font-weight: 400;\"> Ognjanovi\u0107 je kasnije ubijen u julu 2018. godine, a njegove ubice do danas nisu otkrivene.<\/span><span style=\"font-weight: 400;\">11<\/span><\/li>\n<li style=\"font-weight: 400;\" aria-level=\"1\"><b>Slu\u010daj Darka Eleza:<\/b><span style=\"font-weight: 400;\"> Hrkalovi\u0107 je navodno naredila Miloradu \u0160u\u0161nji\u0107u, na\u010delniku novosadske policije, da kriminalca Darka Eleza la\u017eno stavi na mere pra\u0107enja i prislu\u0161kivanja kako bi spre\u010dila da ga istra\u017euju druge policijske uprave.<\/span><span style=\"font-weight: 400;\">11<\/span><\/li>\n<\/ul>\n<p><span style=\"font-weight: 400;\">Tokom svog su\u0111enja, Hrkalovi\u0107 je tvrdila da je samo prenosila nare\u0111enja tada\u0161njeg ministra Neboj\u0161e Stefanovi\u0107a.<\/span><span style=\"font-weight: 400;\">11<\/span><span style=\"font-weight: 400;\"> Tako\u0111e je promenila advokate u Vladimira \u0110ukanovi\u0107a, istaknutog funkcionera vladaju\u0107e Srpske napredne stranke (SNS), neposredno pre po\u010detka su\u0111enja u aprilu 2022. godine, \u0161to je vi\u0111eno kao znak da se stvari za nju &#8222;kre\u0107u nabolje&#8220;.<\/span><span style=\"font-weight: 400;\">9<\/span><\/p>\n<p>&nbsp;<\/p>\n<h3><b>5.3. \u0160ire Implikacije Navodnih Veza na Visokom Nivou sa Kriminalnim Grupama<\/b><\/h3>\n<p>&nbsp;<\/p>\n<p><span style=\"font-weight: 400;\">Me\u0111usobna povezanost Jovi\u0107evog targetiranja, Belivukovog po\u010detnog osloba\u0111anja i Hrkalovi\u0107ine osude za ometanje pravde u Belivukovom slu\u010daju stvara uznemiruju\u0107u sliku navodne sistemske korupcije. To sugeri\u0161e postojanje mre\u017ee u kojoj su visoki policijski i politi\u010dki zvani\u010dnici mo\u017eda aktivno \u0161titili organizovane kriminalne grupe, podrivaju\u0107i napore organa za sprovo\u0111enje zakona i manipuli\u0161u\u0107i sudskim procesima. \u010cinjenica da je Belivuk, vo\u0111a &#8222;brutalne huligansko-kriminalne grupe&#8220; <\/span><span style=\"font-weight: 400;\">1<\/span><span style=\"font-weight: 400;\">, mogao biti oslobo\u0111en zbog &#8222;kontaminiranih&#8220; dokaza <\/span><span style=\"font-weight: 400;\">1<\/span><span style=\"font-weight: 400;\"> i da je dr\u017eavna sekretarka osu\u0111ena za olak\u0161avanje toga <\/span><span style=\"font-weight: 400;\">9<\/span><span style=\"font-weight: 400;\"> ukazuje na duboku krizu integriteta unutar dr\u017eavnih institucija.<\/span><\/p>\n<p><span style=\"font-weight: 400;\">Kombinovani narativ o visokorangiranom policijskom slu\u017ebeniku (Jovi\u0107u) koji je targetiran zbog obavljanja svog posla, velikom kriminalcu (Belivuku) koji dobija za\u0161titu na visokom nivou \u0161to dovodi do osloba\u0111aju\u0107e presude, i dr\u017eavnoj sekretarki (Hrkalovi\u0107) koja je osu\u0111ena za olak\u0161avanje takve za\u0161tite, implicira ozbiljno naru\u0161avanje vladavine prava i potencijalnu &#8222;zarobljenost dr\u017eave&#8220; od strane nezakonitih interesa. Pominjanje Hrkalovi\u0107inih tvrdnji da je prenosila nare\u0111enja ministra <\/span><span style=\"font-weight: 400;\">11<\/span><span style=\"font-weight: 400;\"> i njen izbor advokata iz vladaju\u0107e stranke <\/span><span style=\"font-weight: 400;\">9<\/span><span style=\"font-weight: 400;\"> dodatno nagove\u0161tava duboku politi\u010dku upletenost, postavljaju\u0107i pitanja o odgovornosti na najvi\u0161im nivoima i nezavisnosti pravosudnog sistema.<\/span><\/p>\n<p>&nbsp;<\/p>\n<h3><b>Tabela 3: Klju\u010dne Li\u010dnosti i Njihove Uloge u Aferi Dejana Jovi\u0107a<\/b><\/h3>\n<p>&nbsp;<\/p>\n<table>\n<tbody>\n<tr>\n<td><span style=\"font-weight: 400;\">Ime<\/span><\/td>\n<td><span style=\"font-weight: 400;\">Uloga\/Pozicija<\/span><\/td>\n<td><span style=\"font-weight: 400;\">Klju\u010dne Radnje\/Ume\u0161anost<\/span><\/td>\n<td><span style=\"font-weight: 400;\">Ishod\/Status<\/span><\/td>\n<td><span style=\"font-weight: 400;\">Relevantni Izvori<\/span><\/td>\n<\/tr>\n<tr>\n<td><span style=\"font-weight: 400;\">Dejan Jovi\u0107<\/span><\/td>\n<td><span style=\"font-weight: 400;\">Zamenik na\u010delnika Odeljenja za suzbijanje krvnih i seksualnih delikata u beogradskoj policiji; inspektor<\/span><\/td>\n<td><span style=\"font-weight: 400;\">U\u010destvovao u hap\u0161enju Veljka Belivuka 2017.; targetiran medijskom kampanjom; uhap\u0161en pod optu\u017ebom za trgovinu uticajem i zloupotrebu slu\u017ebenog polo\u017eaja; radio na slu\u010daju Jelene Marjanovi\u0107.<\/span><\/td>\n<td><span style=\"font-weight: 400;\">Oslobo\u0111en svih optu\u017ebi prvostepenom i apelacionom presudom; karijera uni\u0161tena; preminuo od COVID-19 u julu 2020.<\/span><\/td>\n<td><span style=\"font-weight: 400;\">1<\/span><\/td>\n<\/tr>\n<tr>\n<td><span style=\"font-weight: 400;\">Dijana Hrkalovi\u0107<\/span><\/td>\n<td><span style=\"font-weight: 400;\">Biv\u0161a dr\u017eavna sekretarka Ministarstva unutra\u0161njih poslova Srbije<\/span><\/td>\n<td><span style=\"font-weight: 400;\">Navodno dostavljala negativne informacije tabloidima o Jovi\u0107u; osu\u0111ena za trgovinu uticajem, uklju\u010duju\u0107i opstrukciju istrage u slu\u010daju Veljka Belivuka i odlaganje ve\u0161ta\u010denja telefona.<\/span><\/td>\n<td><span style=\"font-weight: 400;\">Osu\u0111ena na 16 meseci ku\u0107nog zatvora (prvostepena presuda) u januaru 2025.<\/span><\/td>\n<td><span style=\"font-weight: 400;\">1<\/span><\/td>\n<\/tr>\n<tr>\n<td><span style=\"font-weight: 400;\">Veljko Belivuk (Velja Nevolja)<\/span><\/td>\n<td><span style=\"font-weight: 400;\">Vo\u0111a huligansko-kriminalne grupe, saradnik kava\u010dkog klana<\/span><\/td>\n<td><span style=\"font-weight: 400;\">Uhap\u0161en zbog ubistva Vlastimira Milo\u0161evi\u0107a 2017. (od strane Jovi\u0107a); oslobo\u0111en u tom slu\u010daju zbog &#8222;kontaminiranih&#8220; dokaza, navodno uz pomo\u0107 kontakata na visokom nivou.<\/span><\/td>\n<td><span style=\"font-weight: 400;\">Oslobo\u0111en u slu\u010daju ubistva Vlastimira Milo\u0161evi\u0107a 2017.<\/span><\/td>\n<td><span style=\"font-weight: 400;\">1<\/span><\/td>\n<\/tr>\n<tr>\n<td><span style=\"font-weight: 400;\">Milan La\u0111evi\u0107<\/span><\/td>\n<td><span style=\"font-weight: 400;\">Suvlasnik i urednik &#8222;Srpskog telegrafa&#8220;<\/span><\/td>\n<td><span style=\"font-weight: 400;\">Priznao da je informacije protiv Jovi\u0107a dobijao direktno od Dijane Hrkalovi\u0107; kasnije se izvinio Jovi\u0107evoj porodici.<\/span><\/td>\n<td><span style=\"font-weight: 400;\">Urednik tabloida<\/span><\/td>\n<td><span style=\"font-weight: 400;\">1<\/span><\/td>\n<\/tr>\n<tr>\n<td><span style=\"font-weight: 400;\">Bojan Mijovi\u0107<\/span><\/td>\n<td><span style=\"font-weight: 400;\">Policijski slu\u017ebenik Policijske stanice Zvezdara<\/span><\/td>\n<td><span style=\"font-weight: 400;\">Optu\u017een za zloupotrebu slu\u017ebenog polo\u017eaja u vezi sa slu\u010dajem porodi\u010dnog nasilja, navodno po Jovi\u0107evom nalogu.<\/span><\/td>\n<td><span style=\"font-weight: 400;\">Oslobo\u0111en svih optu\u017ebi prvostepenom presudom.<\/span><\/td>\n<td><span style=\"font-weight: 400;\">4<\/span><\/td>\n<\/tr>\n<tr>\n<td><span style=\"font-weight: 400;\">Vladimir \u0110ukanovi\u0107<\/span><\/td>\n<td><span style=\"font-weight: 400;\">Funkcioner Srpske napredne stranke, advokat<\/span><\/td>\n<td><span style=\"font-weight: 400;\">Preuzeo odbranu Dijane Hrkalovi\u0107 neposredno pre po\u010detka njenog su\u0111enja 2022.<\/span><\/td>\n<td><span style=\"font-weight: 400;\">Advokat<\/span><\/td>\n<td><span style=\"font-weight: 400;\">9<\/span><\/td>\n<\/tr>\n<\/tbody>\n<\/table>\n<p>&nbsp;<\/p>\n<h2><b>6. Posledice i Nasle\u0111e: Li\u010dna i Profesionalna Cena<\/b><\/h2>\n<p>&nbsp;<\/p>\n<p><span style=\"font-weight: 400;\">Ishod afere Dejana Jovi\u0107a, uprkos pravnoj pobedi, ostavio je duboke i trajne posledice, kako na njegovu li\u010dnu sudbinu, tako i na \u0161iru percepciju pravde i integriteta u Srbiji.<\/span><\/p>\n<p>&nbsp;<\/p>\n<h3><b>6.1. Uticaj na Jovi\u0107evu Karijeru i Profesionalnu Diskreditaciju<\/b><\/h3>\n<p>&nbsp;<\/p>\n<p><span style=\"font-weight: 400;\">Uprkos kona\u010dnom osloba\u0111anju od svih optu\u017ebi, karijera Dejana Jovi\u0107a pretrpela je nepovratnu \u0161tetu.<\/span><span style=\"font-weight: 400;\">8<\/span><span style=\"font-weight: 400;\"> Navodno je preme\u0161ten na ni\u017ee radno mesto u policijskoj hijerarhiji.<\/span><span style=\"font-weight: 400;\">8<\/span><span style=\"font-weight: 400;\"> Afera ga je ostavila &#8222;diskreditovanim, sa uni\u0161tenom karijerom i iscrpljenim&#8220;.<\/span><span style=\"font-weight: 400;\">8<\/span><span style=\"font-weight: 400;\"> Njegovo pravno osloba\u0111anje, iako je potvrdilo njegovu nevinost pred zakonom, nije donelo potpunu rehabilitaciju. To pokazuje da pravna pobeda ne zna\u010di uvek potpunu satisfakciju ili oporavak, posebno kada su u igri mo\u0107ne vanpravne sile. Njegova pobeda na sudu bila je &#8222;Pirova pobeda&#8220;, gde je cena pobede bila razorna li\u010dna i profesionalna propast.<\/span><\/p>\n<p>&nbsp;<\/p>\n<h3><b>6.2. Njegova Preuranjena Smrt<\/b><\/h3>\n<p>&nbsp;<\/p>\n<p><span style=\"font-weight: 400;\">Dejan Jovi\u0107 je tragi\u010dno preminuo 3. jula 2020. godine <\/span><span style=\"font-weight: 400;\">8<\/span><span style=\"font-weight: 400;\">, iako se sahrana odr\u017eala 6. jula 2020..<\/span><span style=\"font-weight: 400;\">12<\/span><span style=\"font-weight: 400;\"> Njegova smrt pripisana je obostranoj upali plu\u0107a izazvanoj virusom COVID-19.<\/span><span style=\"font-weight: 400;\">2<\/span><span style=\"font-weight: 400;\"> Iza sebe je ostavio suprugu i dvoje dece.<\/span><span style=\"font-weight: 400;\">12<\/span><span style=\"font-weight: 400;\"> Njegova smrt dogodila se pribli\u017eno \u010detiri meseca nakon \u0161to je Apelacioni sud potvrdio njegovu osloba\u0111aju\u0107u presudu.<\/span><span style=\"font-weight: 400;\">6<\/span><\/p>\n<p>&nbsp;<\/p>\n<h3><b>6.3. Promena Medijskog Narativa i Posthumne Pohvale<\/b><\/h3>\n<p>&nbsp;<\/p>\n<p><span style=\"font-weight: 400;\">Nakon Jovi\u0107evog preminu\u0107a, do\u0161lo je do zna\u010dajne promene u narativu koji su predstavljali isti provladini tabloidi koji su ga prethodno napadali.<\/span><span style=\"font-weight: 400;\">1<\/span><span style=\"font-weight: 400;\"> Ovi mediji, koji su ga nekada optu\u017eivali da je kriminalac, po\u010deli su da pi\u0161u &#8222;najlep\u0161e stvari&#8220; o preminulom inspektoru, posthumno ga hvale\u0107i.<\/span><span style=\"font-weight: 400;\">1<\/span><span style=\"font-weight: 400;\"> Ova dramati\u010dna promena nagla\u0161ava manipulativnu prirodu medijske kampanje i potencijal da se javno mnjenje menja u skladu sa politi\u010dkim agendama. Iznenadna promena tabloidnog narativa od klevetanja do posthumne pohvale <\/span><span style=\"font-weight: 400;\">1<\/span><span style=\"font-weight: 400;\"> nakon Jovi\u0107evog preminu\u0107a je veoma zna\u010dajna. To sugeri\u0161e cini\u010dan poku\u0161aj kontrole javnog narativa kada Jovi\u0107 vi\u0161e nije bio &#8222;pretnja&#8220; ili figura koja bi mogla da ospori uspostavljeni poredak. Ova rehabilitacija, nakon \u0161to mu je karijera uni\u0161tena i nakon \u0161to je preminuo, mogla bi se tuma\u010diti kao napor da se ubla\u017ei javno ogor\u010denje ili da se spre\u010di dublje ispitivanje sistemskih problema koje je njegov slu\u010daj razotkrio. To nagla\u0161ava mo\u0107 medijske manipulacije, \u010dak i nakon smrti, u oblikovanju percepcije.<\/span><\/p>\n<p>&nbsp;<\/p>\n<h2><b>7. Zaklju\u010dak<\/b><\/h2>\n<p>&nbsp;<\/p>\n<p><span style=\"font-weight: 400;\">Afera Dejana Jovi\u0107a predstavlja o\u0161tar prikaz slo\u017eene i \u010desto opasne interakcije izme\u0111u organa za sprovo\u0111enje zakona, politi\u010dke mo\u0107i, organizovanog kriminala i medijske manipulacije u Srbiji. Zapo\u010dela je Jovi\u0107evom profesionalnom du\u017eno\u0161\u0107u u hap\u0161enju visokoprofilnog kriminalca, Veljka Belivuka, \u010dije su navodne veze dosezale najvi\u0161e e\u0161alone mo\u0107i.<\/span><\/p>\n<p><span style=\"font-weight: 400;\">Ceo narativ \u2013 od Jovi\u0107evog targetiranja nakon hap\u0161enja &#8222;za\u0161ti\u0107enog&#8220; kriminalca, navodne ume\u0161anosti visokorangiranog zvani\u010dnika MUP-a (Hrkalovi\u0107) u kampanju bla\u0107enja i opstrukciju pravde, tvrdnji odbrane o &#8222;name\u0161tanju&#8220;, do kona\u010dnog osloba\u0111anja uz propast karijere i preminu\u0107e \u2013 sna\u017eno ukazuje na dinamiku &#8222;duboke dr\u017eave&#8220;, gde mo\u0107ne, \u010desto nezakonite, mre\u017ee deluju unutar ili paralelno sa zvani\u010dnim dr\u017eavnim strukturama. Afera Jovi\u0107 tako postaje klju\u010dna studija slu\u010daja za razumevanje kako se takve dinamike mogu manifestovati i podrivati demokratske institucije.<\/span><\/p>\n<p><span style=\"font-weight: 400;\">Slu\u010daj duboko nagla\u0161ava ogromne izazove u borbi protiv korupcije unutar dr\u017eavnih institucija kada su mo\u0107ne figure navodno spremne da zloupotrebe dr\u017eavne mehanizme, uklju\u010duju\u0107i policijske istrage i medije, kako bi za\u0161titile svoje interese i diskreditovale one koji im stoje na putu. Uprkos pravnom osloba\u0111anju, Jovi\u0107 je pretrpeo te\u0161ke profesionalne i li\u010dne posledice, koje su kulminirale njegovom preuranjenom smr\u0107u. Njegova pri\u010da slu\u017ei kao tragi\u010dan podsetnik na li\u010dnu cenu koju pla\u0107aju pojedinci uhva\u0107eni u sukobima visokog uloga protiv ukorenjenih interesa.<\/span><\/p>\n<p><span style=\"font-weight: 400;\">Afera ostavlja nere\u0161ena pitanja o stvarnom obimu zarobljenosti dr\u017eave od strane kriminalnih elemenata, odgovornosti visokorangiranih zvani\u010dnika i integritetu pravosudnog sistema. Ako slu\u017ebenik mo\u017ee biti &#8222;name\u0161ten&#8220; i uni\u0161ten uprkos nevinosti, i ako visoki zvani\u010dnici mogu opstruirati pravdu za velike kriminalce, to ukazuje na fundamentalne slabosti u nadzoru, odgovornosti i unutra\u0161njim kontrolnim mehanizmima unutar MUP-a i \u0161ireg pravosudnog sistema. Nasle\u0111e Jovi\u0107evog slu\u010daja trebalo bi da bude poziv na sna\u017ene sistemske reforme kako bi se spre\u010dile takve zloupotrebe mo\u0107i i osiguralo da organi za sprovo\u0111enje zakona mogu delovati nezavisno, oslobo\u0111eni politi\u010dkog ili kriminalnog uticaja. Jovi\u0107evo nasle\u0111e ostaje nasle\u0111e slu\u017ebenika koji je, iako pravno oslobo\u0111en, platio krajnju cenu za obavljanje svoje du\u017enosti u sistemu navodno pro\u017eetom korupcijom i politi\u010dkim uticajem.<\/span><\/p>\n<h4><b>Works cited<\/b><\/h4>\n<ol>\n<li style=\"font-weight: 400;\" aria-level=\"1\"><span style=\"font-weight: 400;\">Tabloidi uni\u0161tavali inspektora Jovi\u0107a, sada ga &#8230; &#8211; Raskrikavanje, accessed August 1, 2025, <\/span><a href=\"https:\/\/www.raskrikavanje.rs\/page.php?id=Tabloidi-unistavali-inspektora-Jovica-sada-ga-posthumno-hvale-878\"><span style=\"font-weight: 400;\">https:\/\/www.raskrikavanje.rs\/page.php?id=Tabloidi-unistavali-inspektora-Jovica-sada-ga-posthumno-hvale-878<\/span><\/a><\/li>\n<li style=\"font-weight: 400;\" aria-level=\"1\"><span style=\"font-weight: 400;\">Dejan Jovi\u0107 &#8211; Blic.rs, accessed August 1, 2025, <\/span><a href=\"https:\/\/www.blic.rs\/dejan-jovic\"><span style=\"font-weight: 400;\">https:\/\/www.blic.rs\/dejan-jovic<\/span><\/a><\/li>\n<li style=\"font-weight: 400;\" aria-level=\"1\"><span style=\"font-weight: 400;\">KO JE UHAP\u0160ENI &#8222;PRLJAVI&#8220; INSPEKTOR? Radio na &#8230; &#8211; Blic, accessed August 1, 2025, <\/span><a href=\"https:\/\/www.blic.rs\/vesti\/hronika\/ko-je-uhapseni-prljavi-inspektor-radio-na-najmisterioznijem-zlocinu-u-srbiji-i-adrese\/npdjne8\"><span style=\"font-weight: 400;\">https:\/\/www.blic.rs\/vesti\/hronika\/ko-je-uhapseni-prljavi-inspektor-radio-na-najmisterioznijem-zlocinu-u-srbiji-i-adrese\/npdjne8<\/span><\/a><\/li>\n<li style=\"font-weight: 400;\" aria-level=\"1\"><span style=\"font-weight: 400;\">Trgovina uticajem: Inspektor Jovi\u0107 oslobo\u0111en &#8211; BIRN, accessed August 1, 2025, <\/span><a href=\"https:\/\/birn.rs\/trgovina-uticajem-inspektor-jovic-oslobodjen\/\"><span style=\"font-weight: 400;\">https:\/\/birn.rs\/trgovina-uticajem-inspektor-jovic-oslobodjen\/<\/span><\/a><\/li>\n<li style=\"font-weight: 400;\" aria-level=\"1\"><span style=\"font-weight: 400;\">ZLOUPOTREBA SLU\u017dBENOG POLO\u017dAJA Pritvor do 30 dana zameniku na\u010delnika Tre\u0107eg odeljenja &#8211; Blic, accessed August 1, 2025, <\/span><a href=\"https:\/\/www.blic.rs\/vesti\/hronika\/zloupotreba-sluzbenog-polozaja-pritvor-do-30-dana-zameniku-nacelnika-treceg-odeljenja\/hn1dl21\"><span style=\"font-weight: 400;\">https:\/\/www.blic.rs\/vesti\/hronika\/zloupotreba-sluzbenog-polozaja-pritvor-do-30-dana-zameniku-nacelnika-treceg-odeljenja\/hn1dl21<\/span><\/a><\/li>\n<li style=\"font-weight: 400;\" aria-level=\"1\"><span style=\"font-weight: 400;\">Su\u0111enje inspektoru Dejanu Jovi\u0107u &#8211; Prosudi ko sudi, accessed August 1, 2025, <\/span><a href=\"https:\/\/prosudikosudi.rs\/predmet.php?id=201124181729&amp;ime=Sudenje-inspektoru-Dejanu-Jovicu\"><span style=\"font-weight: 400;\">https:\/\/prosudikosudi.rs\/predmet.php?id=201124181729&amp;ime=Sudenje-inspektoru-Dejanu-Jovicu<\/span><\/a><\/li>\n<li style=\"font-weight: 400;\" aria-level=\"1\"><span style=\"font-weight: 400;\">Su\u0111enje za korupciju u policiji: Optu\u017eeni inspektor odbacio krivicu &#8230;, accessed August 1, 2025, <\/span><a href=\"https:\/\/birn.rs\/sudjenje-za-korupciju-u-policiji-optuzeni-inspektor-odbacio-krivicu\/\"><span style=\"font-weight: 400;\">https:\/\/birn.rs\/sudjenje-za-korupciju-u-policiji-optuzeni-inspektor-odbacio-krivicu\/<\/span><\/a><\/li>\n<li style=\"font-weight: 400;\" aria-level=\"1\"><span style=\"font-weight: 400;\">Ko je COKA, prvi operativac DIJANE HRKALOVI\u0106: Vodio zloglasnu grupu &#8222;Mangusta&#8220;, pa progonio inspektora Jovi\u0107a i pretio koleginici da \u0107e joj slati MAFIJU NA VRATA &#8211; Blic, accessed August 1, 2025, <\/span><a href=\"https:\/\/www.blic.rs\/vesti\/hronika\/dragoslav-damjanovic-coka-dijana-hrkalovic\/9pt2fr0\"><span style=\"font-weight: 400;\">https:\/\/www.blic.rs\/vesti\/hronika\/dragoslav-damjanovic-coka-dijana-hrkalovic\/9pt2fr0<\/span><\/a><\/li>\n<li style=\"font-weight: 400;\" aria-level=\"1\"><span style=\"font-weight: 400;\">Hrkalovi\u0107 osu\u0111ena na godinu i \u010detiri meseca zatvora &#8211; KRIK, accessed August 1, 2025, <\/span><a href=\"https:\/\/www.krik.rs\/hrkalovic-osudjena-na-godinu-i-cetiri-meseca-zatvora\/\"><span style=\"font-weight: 400;\">https:\/\/www.krik.rs\/hrkalovic-osudjena-na-godinu-i-cetiri-meseca-zatvora\/<\/span><\/a><\/li>\n<li style=\"font-weight: 400;\" aria-level=\"1\"><span style=\"font-weight: 400;\">Dijana Hrkalovi\u0107, biv\u0161a funkcionerka MUP-a Srbije, osu\u0111ena na 16 meseci zatvora, accessed August 1, 2025, <\/span><a href=\"https:\/\/www.slobodnaevropa.org\/a\/dijana-hrkalovi%C4%87-biv%C5%A1a-funckonerka-policije-u-srbiji-osu%C4%91ena-na-16-meseci-zatvora-\/33284923.html\"><span style=\"font-weight: 400;\">https:\/\/www.slobodnaevropa.org\/a\/dijana-hrkalovi%C4%87-biv%C5%A1a-funckonerka-policije-u-srbiji-osu%C4%91ena-na-16-meseci-zatvora-\/33284923.html<\/span><\/a><\/li>\n<li style=\"font-weight: 400;\" aria-level=\"1\"><span style=\"font-weight: 400;\">Beograd: Dijana Hrkalovi\u0107 osu\u0111ena na 16 mjeseci ku\u0107nog zatvora &#8211; Klix.ba, accessed August 1, 2025, <\/span><a href=\"https:\/\/www.klix.ba\/vijesti\/regija\/beograd-dijana-hrkalovic-osudena-na-16-mjeseci-kucnog-zatvora\/250122100\"><span style=\"font-weight: 400;\">https:\/\/www.klix.ba\/vijesti\/regija\/beograd-dijana-hrkalovic-osudena-na-16-mjeseci-kucnog-zatvora\/250122100<\/span><\/a><\/li>\n<li style=\"font-weight: 400;\" aria-level=\"1\"><span style=\"font-weight: 400;\">In memoriam Dejan Jovi\u0107 (1972 \u2013 2020) &#8211; Brus ONLINE, accessed August 1, 2025, <\/span><a href=\"https:\/\/www.brusonline.com\/drustvo\/11792-in-memoriam-dejan-jovic-1972-2020\"><span style=\"font-weight: 400;\">https:\/\/www.brusonline.com\/drustvo\/11792-in-memoriam-dejan-jovic-1972-2020<\/span><\/a><\/li>\n<li style=\"font-weight: 400;\" aria-level=\"1\"><span style=\"font-weight: 400;\">Ukinuto re\u0161enje o pu\u0161tanju Dijane Hrkalovi\u0107 iz ku\u0107nog pritvora &#8211; Radio Slobodna Evropa, accessed August 1, 2025, <\/span><a href=\"https:\/\/www.slobodnaevropa.org\/a\/apelacioni-sud-hrkalovic-kucni-pritvor\/31913186.html\"><span style=\"font-weight: 400;\">https:\/\/www.slobodnaevropa.org\/a\/apelacioni-sud-hrkalovic-kucni-pritvor\/31913186.html<\/span><\/a><\/li>\n<\/ol>","protected":false},"featured_media":2686,"template":"","class_list":["post-2685","afere","type-afere","status-publish","has-post-thumbnail","hentry"],"acf":[],"_links":{"self":[{"href":"https:\/\/crnaknjiga.com\/en\/wp-json\/wp\/v2\/afere\/2685","targetHints":{"allow":["GET"]}}],"collection":[{"href":"https:\/\/crnaknjiga.com\/en\/wp-json\/wp\/v2\/afere"}],"about":[{"href":"https:\/\/crnaknjiga.com\/en\/wp-json\/wp\/v2\/types\/afere"}],"wp:featuredmedia":[{"embeddable":true,"href":"https:\/\/crnaknjiga.com\/en\/wp-json\/wp\/v2\/media\/2686"}],"wp:attachment":[{"href":"https:\/\/crnaknjiga.com\/en\/wp-json\/wp\/v2\/media?parent=2685"}],"curies":[{"name":"wp","href":"https:\/\/api.w.org\/{rel}","templated":true}]}}