{"id":1929,"date":"2006-09-01T10:43:58","date_gmt":"2006-09-01T10:43:58","guid":{"rendered":"https:\/\/crnaknjiga.com\/?post_type=afere&#038;p=1929"},"modified":"2025-03-16T14:19:11","modified_gmt":"2025-03-16T14:19:11","slug":"afera-koferc","status":"publish","type":"afere","link":"https:\/\/crnaknjiga.com\/en\/afere\/afera-koferc\/","title":{"rendered":"Afera Kofer"},"content":{"rendered":"<ol>\n<li><b> Sa\u017eetak<\/b><\/li>\n<\/ol>\n<p><span style=\"font-weight: 400;\">Afera &#8222;Kofer\u010de&#8220; predstavlja zna\u010dajan korupcijski skandal koji je potresao Srbiju, a u sredi\u0161tu kojeg su se na\u0161li istaknuti politi\u010dki akteri. Ovaj slu\u010daj obuhva\u0107a biv\u0161eg viceguvernera Narodne banke Srbije (NBS) Dejana Simi\u0107a, visokog funkcionera Socijalisti\u010dke partije Srbije (SPS) Vladana Zagra\u0111anina, te tada\u0161njeg visokog funkcionera SPS-a, a kasnije ministra unutarnjih poslova i premijera, Ivicu Da\u010di\u0107a. Sr\u017e afere \u010dini otkri\u0107e kov\u010dega s 100.000 eura u Simi\u0107evom stanu, neposredno nakon \u0161to ga je Da\u010di\u0107 kratko posjetio, \u0161to je dovelo do uhi\u0107enja Simi\u0107a i Zagra\u0111anina <\/span><span style=\"font-weight: 400;\">1<\/span><span style=\"font-weight: 400;\">. Unato\u010d prvotnim optu\u017ebama za primanje i davanje mita, Simi\u0107 i Zagra\u0111anin su nakon dugotrajnog sudskog procesa pravomo\u0107no oslobo\u0111eni <\/span><span style=\"font-weight: 400;\">4<\/span><span style=\"font-weight: 400;\">. Medijska pa\u017enja koja je pratila aferu bila je intenzivna, a Ivica Da\u010di\u0107 je zbog svoje povezanosti sa slu\u010dajem stekao nadimak &#8222;Kofer\u010de&#8220; <\/span><span style=\"font-weight: 400;\">6<\/span><span style=\"font-weight: 400;\">. Cilj ovog izvje\u0161\u0107a je pru\u017eiti detaljnu analizu afere &#8222;Kofer\u010de&#8220;, istra\u017euju\u0107i njezine okolnosti, klju\u010dne aktere, pravni proces, medijsko pra\u0107enje, politi\u010dke posljedice te njezin trajni utjecaj na srpsku politiku i percepciju korupcije.<\/span><\/p>\n<ol>\n<li><b> Uvod: Korupcija u Srbiji i afera &#8222;Kofer\u010de&#8220;<\/b><\/li>\n<\/ol>\n<p><span style=\"font-weight: 400;\">Korupcija predstavlja dugotrajan izazov za Srbiju, s razli\u010ditim oblicima prisutnim u politi\u010dkom, gospodarskom i javnom sektoru. Afera &#8222;Kofer\u010de&#8220; iz 2006. godine isti\u010de se kao zna\u010dajan primjer navodne korupcije na visokoj razini koja je privukla veliku pozornost javnosti. Doga\u0111aji su se odvili u sije\u010dnju 2006. godine, u periodu zna\u010dajnih politi\u010dkih promjena i tranzicije u Srbiji. Ovaj slu\u010daj postao je simbol sumnji u integritet institucija i politi\u010dara. Ovo izvje\u0161\u0107e ima za cilj: detaljno opisati slijed doga\u0111aja, analizirati uloge klju\u010dnih pojedinaca, ispitati pravne postupke i njihove ishode, procijeniti medijsku interpretaciju i reakciju javnosti, ocijeniti politi\u010dke posljedice i dugoro\u010dni utjecaj, te staviti aferu u \u0161iri kontekst korupcije u Srbiji.<\/span><\/p>\n<p><b>III. Doga\u0111aj u stanu Dejana Simi\u0107a: 11. sije\u010dnja 2006.<\/b><\/p>\n<p><span style=\"font-weight: 400;\">Dana 11. sije\u010dnja 2006. godine, policija je izvr\u0161ila raciju u stanu Dejana Simi\u0107a, tada\u0161njeg viceguvernera Narodne banke Srbije <\/span><span style=\"font-weight: 400;\">1<\/span><span style=\"font-weight: 400;\">. Tijekom akcije, uhi\u0107eni su Dejan Simi\u0107 i Vladan Zagra\u0111anin, visoki funkcioner Socijalisti\u010dke partije Srbije, pod sumnjom da je u stanu prona\u0111en mito u iznosu od 100.000 eura <\/span><span style=\"font-weight: 400;\">1<\/span><span style=\"font-weight: 400;\">. Novac se nalazio u kov\u010degu (koferu) koji je, kako se navodi, u Simi\u0107ev stan unio Zagra\u0111anin <\/span><span style=\"font-weight: 400;\">2<\/span><span style=\"font-weight: 400;\">. Klju\u010dan detalj koji je izazvao posebnu pozornost javnosti jest \u010dinjenica da je Ivica Da\u010di\u0107, tada tako\u0111er visoki funkcioner SPS-a, napustio Simi\u0107ev stan samo petnaestak minuta prije upada policije <\/span><span style=\"font-weight: 400;\">1<\/span><span style=\"font-weight: 400;\">. Ova vremenska bliskost izme\u0111u Da\u010di\u0107evog odlaska i policijske akcije odmah je potaknula brojna naga\u0111anja i sumnje u njegovu mogu\u0107u umije\u0161anost ili barem poznavanje doga\u0111aja. Brza reakcija policije sugerira mogu\u0107nost da je operacija bila unaprijed planirana ili da su vlasti imale konkretne informacije o navodnoj primopredaji mita. Prisutnost visokopozicioniranog politi\u010dara poput Da\u010di\u0107a dodala je politi\u010dku dimenziju cijelom slu\u010daju, pretvaraju\u0107i ga iz navodnog \u010dina korupcije u potencijalno pitanje od \u0161ireg politi\u010dkog zna\u010daja. Otkri\u0107e novca i uhi\u0107enja postali su javni spektakl i simbol potencijalne korupcije na visokim razinama srpskih institucija.<\/span><\/p>\n<ol>\n<li><b> Profili klju\u010dnih pojedinaca<\/b><\/li>\n<\/ol>\n<ul>\n<li style=\"font-weight: 400;\" aria-level=\"1\"><b>A. Dejan Simi\u0107:<\/b><span style=\"font-weight: 400;\"> U vrijeme afere, Dejan Simi\u0107 obna\u0161ao je du\u017enost viceguvernera Narodne banke Srbije <\/span><span style=\"font-weight: 400;\">1<\/span><span style=\"font-weight: 400;\">. Nakon pronalaska novca u njegovom stanu, uhi\u0107en je pod sumnjom da je primio mito. Tijekom su\u0111enja, Simi\u0107 je negirao krivnju, tvrde\u0107i da je afera &#8222;Kofer&#8220; izmi\u0161ljena s ciljem nano\u0161enja \u0161tete NBS-u i pogodovanja Kreditno eksportnoj banci (KEB) <\/span><span style=\"font-weight: 400;\">4<\/span><span style=\"font-weight: 400;\">. Nakon dugotrajnog sudskog procesa, prvostupanjski i apelacijski sud u Beogradu oslobodili su ga svih optu\u017ebi <\/span><span style=\"font-weight: 400;\">2<\/span><span style=\"font-weight: 400;\">. Simi\u0107eva tvrdnja o namje\u0161taljci sugerira da su unutar financijskog sektora ili politi\u010dke sfere postojali potencijalni sukobi ili vanjski pritisci. Ako je njegova tvrdnja istinita, postavlja se pitanje tko bi imao koristi od takvog scenarija i koji su bili njihovi motivi, \u0161to ukazuje na slo\u017eeniju pozadinu slu\u010daja od jednostavnog primanja mita.<\/span><\/li>\n<li style=\"font-weight: 400;\" aria-level=\"1\"><b>B. Vladan Zagra\u0111anin:<\/b><span style=\"font-weight: 400;\"> U vrijeme afere, Vladan Zagra\u0111anin bio je visoki funkcioner (direktor) Socijalisti\u010dke partije Srbije <\/span><span style=\"font-weight: 400;\">1<\/span><span style=\"font-weight: 400;\">. Zajedno sa Simi\u0107em, uhi\u0107en je pod optu\u017ebom da je pomagao u primanju mita, s obzirom na to da je navodno on unio kov\u010deg s novcem u Simi\u0107ev stan <\/span><span style=\"font-weight: 400;\">2<\/span><span style=\"font-weight: 400;\">. Zagra\u0111anin je u po\u010detku priznao da je spornog dana preuzeo novac od Vladimira Cizelja iz &#8222;Dunav TBI grupe&#8220; i da mu je re\u010deno da ga odnese viceguverneru Simi\u0107u <\/span><span style=\"font-weight: 400;\">4<\/span><span style=\"font-weight: 400;\">. Me\u0111utim, kasnije je, kao i Simi\u0107, pravomo\u0107no oslobo\u0111en optu\u017ebi <\/span><span style=\"font-weight: 400;\">2<\/span><span style=\"font-weight: 400;\">. Afera &#8222;Kofer&#8220; privremeno je zaustavila Zagra\u0111aninovo napredovanje u strana\u010dkoj hijerarhiji, ali se on 2015. godine vratio u vrh stranke, postav\u0161i \u010dlan Predsjedni\u0161tva SPS-a, a kasnije i predsjednik Izvr\u0161nog odbora Glavnog odbora SPS-a <\/span><span style=\"font-weight: 400;\">12<\/span><span style=\"font-weight: 400;\">. Zagra\u0111aninovo po\u010detno priznanje, a zatim osloba\u0111aju\u0107a presuda, otvaraju pitanja o dokazima predo\u010denim na sudu i pravnoj strategiji koja je primijenjena. Njegov kasniji povratak na istaknute pozicije unutar SPS-a ukazuje na unutarnju dinamiku stranke i njegov zadr\u017eani utjecaj.<\/span><\/li>\n<li style=\"font-weight: 400;\" aria-level=\"1\"><b>C. Ivica Da\u010di\u0107:<\/b><span style=\"font-weight: 400;\"> U vrijeme afere, Ivica Da\u010di\u0107 je bio visoki funkcioner Socijalisti\u010dke partije Srbije <\/span><span style=\"font-weight: 400;\">1<\/span><span style=\"font-weight: 400;\">. Iako nije uhi\u0107en niti optu\u017een, njegova prisutnost u Simi\u0107evom stanu neposredno prije policijske racije postala je sredi\u0161te javnog interesa i dovela do toga da dobije nadimak &#8222;Kofer\u010de&#8220; (Mali kofer) <\/span><span style=\"font-weight: 400;\">6<\/span><span style=\"font-weight: 400;\">. Tijekom su\u0111enja, Da\u010di\u0107 se pojavio kao svjedok i izjavio da su Zagra\u0111anin i Simi\u0107 \u017ertve, a da je on samo svratio na pi\u0107e <\/span><span style=\"font-weight: 400;\">7<\/span><span style=\"font-weight: 400;\">. Unato\u010d aferi, Da\u010di\u0107 je nastavio uspje\u0161nu politi\u010dku karijeru, obna\u0161aju\u0107i brojne visoke dr\u017eavne funkcije, uklju\u010duju\u0107i ministra unutarnjih poslova i premijera <\/span><span style=\"font-weight: 400;\">6<\/span><span style=\"font-weight: 400;\">. Da\u010di\u0107eva sposobnost da izbjegne pravne posljedice i nastavi politi\u010dki uspon unato\u010d svojoj blizini doga\u0111aju ukazuje na njegove sna\u017ene politi\u010dke vje\u0161tine i potencijalno utjecajne veze. Iako mu je nadimak &#8222;Kofer\u010de&#8220; ostao kao trajni podsjetnik na skandal, to nije zna\u010dajno omelo njegovu karijeru.<\/span><\/li>\n<\/ul>\n<ol>\n<li><b> Pravna saga: Istraga, su\u0111enje i osloba\u0111aju\u0107a presuda<\/b><\/li>\n<\/ol>\n<ul>\n<li style=\"font-weight: 400;\" aria-level=\"1\"><b>A. Po\u010detna istraga i optu\u017ebe:<\/b><span style=\"font-weight: 400;\"> Nakon doga\u0111aja u Simi\u0107evom stanu, pokrenuta je istraga koja je rezultirala optu\u017enicom protiv Dejana Simi\u0107a za primanje mita u iznosu od 100.000 eura i protiv Vladana Zagra\u0111anina za pomaganje u tom kaznenom djelu <\/span><span style=\"font-weight: 400;\">1<\/span><span style=\"font-weight: 400;\">. Navodni motiv za mito bio je osiguravanje povratka dozvole za rad Kreditno eksportnoj banci (KEB) od strane NBS-a <\/span><span style=\"font-weight: 400;\">6<\/span><span style=\"font-weight: 400;\">.<\/span><\/li>\n<li style=\"font-weight: 400;\" aria-level=\"1\"><b>B. Su\u0111enje i klju\u010dna svjedo\u010denja:<\/b><span style=\"font-weight: 400;\"> Tijekom su\u0111enja, saslu\u0161ani su brojni svjedoci, uklju\u010duju\u0107i Ivicu Da\u010di\u0107a, tada\u0161njeg guvernera NBS-a Radovana Jela\u0161i\u0107a i direktora KEB-a Sekulu Pjev\u010devi\u0107a <\/span><span style=\"font-weight: 400;\">2<\/span><span style=\"font-weight: 400;\">. Dejan Simi\u0107 je u svojoj obrani tvrdio da je cijela afera bila namje\u0161tena kako bi se na\u0161tetilo NBS-u i pomoglo KEB-u <\/span><span style=\"font-weight: 400;\">4<\/span><span style=\"font-weight: 400;\">. Ivica Da\u010di\u0107 je tijekom svog svjedo\u010denja nastojao prikazati svoj posjet Simi\u0107u kao neformalan i kratak <\/span><span style=\"font-weight: 400;\">7<\/span><span style=\"font-weight: 400;\">. Uklju\u010denost visokoprofiliranih osoba poput guvernera NBS-a u svjedo\u010denja nagla\u0161ava zna\u010daj ovog slu\u010daja unutar financijskog i politi\u010dkog establi\u0161menta. Simi\u0107eva strategija obrane ukazuje na potencijalne sukobe interesa u pozadini afere.<\/span><\/li>\n<li style=\"font-weight: 400;\" aria-level=\"1\"><b>C. Prvostupanjska presuda (2010.):<\/b><span style=\"font-weight: 400;\"> Vi\u0161i sud u Beogradu je 2010. godine donio osloba\u0111aju\u0107u presudu za Dejana Simi\u0107a i Vladana Zagra\u0111anina <\/span><span style=\"font-weight: 400;\">2<\/span><span style=\"font-weight: 400;\">. Sud je u obrazlo\u017eenju presude naveo da nije dokazano da su Simi\u0107 i Zagra\u0111anin po\u010dinili kaznena djela za koja su bili optu\u017eeni <\/span><span style=\"font-weight: 400;\">2<\/span><span style=\"font-weight: 400;\">. Dodatno, sudsko vije\u0107e je utvrdilo da Simi\u0107 nije imao ovlasti za izdavanje suglasnosti za financijski lizing &#8222;TBI grupi&#8220; (\u010dlanici TBI grupe u Beogradu, \u010diji je dio bila KEB), ve\u0107 da je to isklju\u010divo bila nadle\u017enost guvernera NBS-a <\/span><span style=\"font-weight: 400;\">2<\/span><span style=\"font-weight: 400;\">. Tako\u0111er, nije dokazano da je Simi\u0107 tra\u017eio novac od bilo koga iz &#8222;TBI grupe&#8220;, uklju\u010duju\u0107i i Vladimira Cizelja, niti da je preuzeo aktovku s novcem <\/span><span style=\"font-weight: 400;\">2<\/span><span style=\"font-weight: 400;\">. Naglasak suda na nedostatku Simi\u0107evih ovlasti klju\u010dan je za razumijevanje osloba\u0111aju\u0107e presude. To ukazuje na potencijalni nedostatak u tu\u017eiteljstvu u vezi s motivom i Simi\u0107evom ulogom.<\/span><\/li>\n<li style=\"font-weight: 400;\" aria-level=\"1\"><b>D. \u017dalbeni postupak i kona\u010dna presuda (2011.):<\/b><span style=\"font-weight: 400;\"> Apelacijski sud u Beogradu je 2011. godine potvrdio osloba\u0111aju\u0107u presudu Vi\u0161eg suda, \u010dime je ona postala pravomo\u0107na <\/span><span style=\"font-weight: 400;\">2<\/span><span style=\"font-weight: 400;\">. Apelacijski sud je odbio \u017ealbu Vi\u0161eg javnog tu\u017eitelja u Beogradu, potvr\u0111uju\u0107i prvostupanjsku presudu kojom su Simi\u0107 i Zagra\u0111anin oslobo\u0111eni optu\u017ebi za primanje mita <\/span><span style=\"font-weight: 400;\">2<\/span><span style=\"font-weight: 400;\">. Kona\u010dna osloba\u0111aju\u0107a presuda ozna\u010dila je kraj pravnog postupka, ali nije nu\u017eno razrije\u0161ila percepciju javnosti o aferi. Nedostatak osu\u0111uju\u0107e presude, unato\u010d po\u010detnom skandalu, mo\u017ee se interpretirati na razli\u010dite na\u010dine u pogledu u\u010dinkovitosti pravosudnog sustava u borbi protiv korupcije.<\/span><\/li>\n<\/ul>\n<ol>\n<li><b> Medijska naracija i reakcija javnosti<\/b><\/li>\n<\/ol>\n<ul>\n<li style=\"font-weight: 400;\" aria-level=\"1\"><b>A. Po\u010detno izvje\u0161tavanje i senzacionalizam:<\/b><span style=\"font-weight: 400;\"> Mediji su od samog po\u010detka intenzivno pratili aferu &#8222;Kofer\u010de&#8220;, izvje\u0161tavaju\u0107i o uhi\u0107enjima i pronalasku novca u stanu viceguvernera NBS-a, uz nagla\u0161avanje umije\u0161anosti visokopozicioniranog politi\u010dara <\/span><span style=\"font-weight: 400;\">1<\/span><span style=\"font-weight: 400;\">. Prisutnost Ivice Da\u010di\u0107a u stanu neposredno prije racije imala je klju\u010dnu ulogu u oblikovanju medijske naracije i javnog interesa. Nadimak &#8222;Kofer\u010de&#8220;, koji je Da\u010di\u0107 stekao, sam po sebi je proizvod te medijske pa\u017enje <\/span><span style=\"font-weight: 400;\">6<\/span><span style=\"font-weight: 400;\">. Mediji su odigrali zna\u010dajnu ulogu u izno\u0161enju afere u javnost i oblikovanju po\u010detne percepcije krivnje. Nadimak &#8222;Kofer\u010de&#8220; pokazuje mo\u0107 medija u stvaranju trajnih asocijacija.<\/span><\/li>\n<li style=\"font-weight: 400;\" aria-level=\"1\"><b>B. Pra\u0107enje sudskog postupka:<\/b><span style=\"font-weight: 400;\"> Mediji su s velikom pa\u017enjom pratili i sudski proces, izvje\u0161tavaju\u0107i o klju\u010dnim svjedo\u010denjima, argumentima obrane i i\u0161\u010dekivanju presude <\/span><span style=\"font-weight: 400;\">2<\/span><span style=\"font-weight: 400;\">. Posebno su isticali duljinu trajanja su\u0111enja i brojne svjedoke koji su pozvani. Kontinuirano medijsko pra\u0107enje odr\u017eavalo je aferu &#8222;Kofer\u010de&#8220; u fokusu javnosti nekoliko godina, \u010dak i tijekom odvijanja pravnog procesa. Ova dugotrajna izlo\u017eenost vjerojatno je utjecala na javno mnijenje.<\/span><\/li>\n<li style=\"font-weight: 400;\" aria-level=\"1\"><b>C. Reakcije na osloba\u0111aju\u0107u presudu:<\/b><span style=\"font-weight: 400;\"> Osloba\u0111aju\u0107a presuda izazvala je podijeljene reakcije u javnosti <\/span><span style=\"font-weight: 400;\">2<\/span><span style=\"font-weight: 400;\">. Dejan Simi\u0107 i Vladan Zagra\u0111anin izrazili su olak\u0161anje i zadovoljstvo presudom <\/span><span style=\"font-weight: 400;\">8<\/span><span style=\"font-weight: 400;\">. S druge strane, bilo je i kriti\u010dkih reakcija, poput one Aleksandra Vu\u010di\u0107a (tada zamjenika predsjednika SNS-a) koji je presudu nazvao skandaloznom <\/span><span style=\"font-weight: 400;\">10<\/span><span style=\"font-weight: 400;\">. Milo\u0161 Vasi\u0107 je u svom komentaru na portalu Pe\u0161\u010danik sugerirao da je to vjerojatno kraj afere, unato\u010d preostalim pitanjima <\/span><span style=\"font-weight: 400;\">11<\/span><span style=\"font-weight: 400;\">. Srpsko tu\u017eiteljstvo nije \u017eeljelo komentirati presudu <\/span><span style=\"font-weight: 400;\">10<\/span><span style=\"font-weight: 400;\">. Razli\u010dite reakcije na osloba\u0111aju\u0107u presudu odra\u017eavaju polariziranu politi\u010dku scenu u Srbiji i razli\u010dita tuma\u010denja ishoda pravosudnog sustava. Kritika istaknutog oporbenog politi\u010dara poput Vu\u010di\u0107a ukazuje na zna\u010dajne politi\u010dke implikacije afere.<\/span><\/li>\n<\/ul>\n<p><b>VII. Politi\u010dke posljedice i dugoro\u010dni utjecaj<\/b><\/p>\n<ul>\n<li style=\"font-weight: 400;\" aria-level=\"1\"><b>A. Utjecaj na Ivicu Da\u010di\u0107a i SPS:<\/b><span style=\"font-weight: 400;\"> Ivica Da\u010di\u0107 je, unato\u010d tome \u0161to nije bio optu\u017een, trajno povezan s aferom &#8222;Kofer\u010de&#8220; kroz medijski nadimak <\/span><span style=\"font-weight: 400;\">6<\/span><span style=\"font-weight: 400;\">. Me\u0111utim, unato\u010d skandalu, Da\u010di\u0107 je nastavio svoj politi\u010dki uspon, obna\u0161aju\u0107i brojne visoke dr\u017eavne funkcije. To sugerira da je afera mo\u017eda donekle naru\u0161ila njegov ugled, ali nije zaustavila njegovu karijeru <\/span><span style=\"font-weight: 400;\">6<\/span><span style=\"font-weight: 400;\">. Vladan Zagra\u0111anin je u po\u010detku osjetio negativne posljedice afere na svoju karijeru unutar SPS-a, ali se kasnije vratio na istaknute pozicije u stranci <\/span><span style=\"font-weight: 400;\">12<\/span><span style=\"font-weight: 400;\">. Ovaj povratak ukazuje na unutarnju dinamiku stranke i Zagra\u0111aninov zadr\u017eani utjecaj. Kontrastni putovi Da\u010di\u0107a i Zagra\u0111anina nakon afere nagla\u0161avaju slo\u017eene na\u010dine na koje korupcijski skandali mogu utjecati na politi\u010dke karijere. Da\u010di\u0107eva otpornost sugerira sna\u017enu politi\u010dku bazu i vje\u0161to snala\u017eenje u politi\u010dkom okru\u017eenju.<\/span><\/li>\n<li style=\"font-weight: 400;\" aria-level=\"1\"><b>B. \u0160ire implikacije za srpsku politiku:<\/b><span style=\"font-weight: 400;\"> Afera &#8222;Kofer\u010de&#8220; postala je simbol navodne korupcije unutar politi\u010dkog establi\u0161menta, bez obzira na pravni ishod <\/span><span style=\"font-weight: 400;\">13<\/span><span style=\"font-weight: 400;\">. Ovaj slu\u010daj vjerojatno je utjecao na smanjenje povjerenja javnosti u institucije poput Narodne banke Srbije i pravosu\u0111a. Izjava Aleksandra Vu\u010di\u0107a da je presuda &#8222;slika srpskog pravosu\u0111a i poimanja pravde&#8220; nagla\u0161ava politizaciju afere <\/span><span style=\"font-weight: 400;\">10<\/span><span style=\"font-weight: 400;\">. Afera &#8222;Kofer\u010de&#8220; pridonijela je narativu o korupciji u srpskoj politici, potencijalno erodiraju\u0107i povjerenje javnosti u institucije i poti\u010du\u0107i cinizam. Politi\u010dki obojene reakcije na presudu dodatno nagla\u0161avaju povezanost politike i pravosu\u0111a.<\/span><\/li>\n<li style=\"font-weight: 400;\" aria-level=\"1\"><b>C. Usporedba s drugim korupcijskim skandalima:<\/b><span style=\"font-weight: 400;\"> Iako prilo\u017eeni isje\u010dci ne pru\u017eaju detalje o drugim skandalima, idealno bi bilo usporediti aferu &#8222;Kofer\u010de&#8220; s drugim istaknutim korupcijskim slu\u010dajevima u Srbiji kako bi se utvrdili zajedni\u010dki obrasci, razlike u pravnim ishodima i razli\u010dite razine politi\u010dkog utjecaja. Ovo bi zahtijevalo dodatno istra\u017eivanje u potpunom izvje\u0161\u0107u. Stavljanje afere &#8222;Kofer\u010de&#8220; u kontekst drugih skandala moglo bi otkriti sistemske probleme unutar srpske politike i na\u010dina rje\u0161avanja optu\u017ebi za korupciju.<\/span><\/li>\n<\/ul>\n<p><b>VIII. Analiza i nau\u010dene lekcije<\/b><\/p>\n<ul>\n<li style=\"font-weight: 400;\" aria-level=\"1\"><b>A. Izazovi u borbi protiv korupcije:<\/b><span style=\"font-weight: 400;\"> Afera &#8222;Kofer\u010de&#8220; ilustrira izazove s kojima se suo\u010dava Srbija u istrazi i procesuiranju korupcijskih slu\u010dajeva na visokoj razini. Potencijalni \u010dimbenici koji ote\u017eavaju borbu protiv korupcije uklju\u010duju politi\u010dki utjecaj, slo\u017eenost financijskih kaznenih djela i visoki standard dokaza potreban za osu\u0111uju\u0107u presudu. Osloba\u0111aju\u0107a presuda u aferi &#8222;Kofer\u010de&#8220;, unato\u010d o\u010ditim okolnostima, mo\u017ee ukazivati na pote\u0161ko\u0107e u osiguravanju osu\u0111uju\u0107ih presuda u slu\u010dajevima korupcije koji uklju\u010duju politi\u010dki povezane pojedince. Postavlja se pitanje koji su konkretni izazovi s kojima se suo\u010dilo tu\u017eiteljstvo u slu\u010daju &#8222;Kofer\u010de&#8220; i je li pravni proces adekvatno adresirao navode o korupciji.<\/span><\/li>\n<li style=\"font-weight: 400;\" aria-level=\"1\"><b>B. Uloga pravosudnog sustava i medija:<\/b><span style=\"font-weight: 400;\"> U slu\u010daju &#8222;Kofer\u010de&#8220;, pravosudni sustav je proveo dugotrajan proces koji je na kraju rezultirao osloba\u0111aju\u0107om presudom. Uloga medija bila je zna\u010dajna u otkrivanju i izvje\u0161tavanju o navodnoj korupciji, ali tako\u0111er postoji potencijal da medijske naracije utje\u010du na javno mnijenje, pa \u010dak i na pravne postupke. Afera &#8222;Kofer\u010de&#8220; nagla\u0161ava slo\u017een odnos izme\u0111u pravosudnog sustava, medija i javnog mnijenja u oblikovanju narativa i posljedica navodne korupcije. Va\u017eno je razmotriti je li medijsko pra\u0107enje afere &#8222;Kofer\u010de&#8220; pridonijelo informiranijem javnom diskursu o korupciji ili se prvenstveno fokusiralo na senzacionalizam, te kako je pravni postupak balansirao potrebu za pravdom s pretpostavkom nevinosti.<\/span><\/li>\n<li style=\"font-weight: 400;\" aria-level=\"1\"><b>C. Politi\u010dka odgovornost i posljedice:<\/b><span style=\"font-weight: 400;\"> Afera &#8222;Kofer\u010de&#8220; postavlja pitanja o razini politi\u010dke odgovornosti u Srbiji. Unato\u010d ozbiljnim optu\u017ebama i medijskoj pa\u017enji, klju\u010dni akteri su oslobo\u0111eni, a neki su nastavili svoje politi\u010dke karijere <\/span><span style=\"font-weight: 400;\">13<\/span><span style=\"font-weight: 400;\">. To otvara pitanje u\u010dinkovitosti mehanizama odgovornosti u srpskoj politici i vladavini prava. \u010cesto se isti\u010de da politi\u010dari u Srbiji ne snose posljedice za afere u kojima su uhva\u0107eni <\/span><span style=\"font-weight: 400;\">13<\/span><span style=\"font-weight: 400;\">. Afera &#8222;Kofer\u010de&#8220;, s nedostatkom osu\u0111uju\u0107ih presuda i kontinuiranim politi\u010dkim uspjehom nekih uklju\u010denih, dovodi u pitanje u\u010dinkovitost mehanizama odgovornosti u srpskoj politici. Potrebno je istra\u017eiti koji su formalni i neformalni mehanizmi za pozivanje politi\u010dara na odgovornost za korupciju u Srbiji i koliko su ti mehanizmi bili u\u010dinkoviti u slu\u010daju afere &#8222;Kofer\u010de&#8220;.<\/span><\/li>\n<\/ul>\n<ol>\n<li><b> Zaklju\u010dak: Trajna ostav\u0161tina afere &#8222;Kofer\u010de&#8220;<\/b><\/li>\n<\/ol>\n<p><span style=\"font-weight: 400;\">Afera &#8222;Kofer\u010de&#8220; ostaje zna\u010dajan doga\u0111aj u novijoj politi\u010dkoj povijesti Srbije. Unato\u010d osloba\u0111aju\u0107im presudama, afera je ostavila trajan dojam na javnost i postala simbol sumnji u korupciju na visokoj razini. Slu\u010daj ilustrira slo\u017eenost borbe protiv korupcije, ulogu medija u oblikovanju javnog mnijenja i izazove u osiguravanju politi\u010dke odgovornosti. Trajna ostav\u0161tina afere &#8222;Kofer\u010de&#8220; podsje\u0107a na va\u017enost transparentnosti i odgovornosti u politi\u010dkom i javnom \u017eivotu Srbije.<\/span><\/p>\n<p><b>Tablica 1: Vremenska crta afere &#8222;Kofer\u010de&#8220;<\/b><\/p>\n<table>\n<tbody>\n<tr>\n<td><b>Datum<\/b><\/td>\n<td><b>Doga\u0111aj<\/b><\/td>\n<\/tr>\n<tr>\n<td><span style=\"font-weight: 400;\">11. sije\u010dnja 2006.<\/span><\/td>\n<td><span style=\"font-weight: 400;\">Policija upala u stan Dejana Simi\u0107a, uhi\u0107eni Simi\u0107 i Vladan Zagra\u0111anin zbog sumnje na mito <\/span><span style=\"font-weight: 400;\">1<\/span><\/td>\n<\/tr>\n<tr>\n<td><span style=\"font-weight: 400;\">21. svibnja 2010.<\/span><\/td>\n<td><span style=\"font-weight: 400;\">Vi\u0161i sud u Beogradu donio prvostupanjsku osloba\u0111aju\u0107u presudu za Simi\u0107a i Zagra\u0111anina <\/span><span style=\"font-weight: 400;\">8<\/span><\/td>\n<\/tr>\n<tr>\n<td><span style=\"font-weight: 400;\">Velja\u010da 2011.<\/span><\/td>\n<td><span style=\"font-weight: 400;\">Apelacijski sud u Beogradu potvrdio osloba\u0111aju\u0107u presudu <\/span><span style=\"font-weight: 400;\">2<\/span><\/td>\n<\/tr>\n<\/tbody>\n<\/table>\n<p><b>Tablica 2: Profili klju\u010dnih pojedinaca i njihove uloge<\/b><\/p>\n<table>\n<tbody>\n<tr>\n<td><b>Ime<\/b><\/td>\n<td><b>Pozicija u vrijeme afere<\/b><\/td>\n<td><b>Navodna uloga<\/b><\/td>\n<td><b>Pravni ishod<\/b><\/td>\n<td><b>Daljnja politi\u010dka karijera<\/b><\/td>\n<\/tr>\n<tr>\n<td><span style=\"font-weight: 400;\">Dejan Simi\u0107<\/span><\/td>\n<td><span style=\"font-weight: 400;\">Viceguverner NBS-a<\/span><\/td>\n<td><span style=\"font-weight: 400;\">Primanje mita<\/span><\/td>\n<td><span style=\"font-weight: 400;\">Oslobo\u0111en<\/span><\/td>\n<td><span style=\"font-weight: 400;\">Nije zna\u010dajno istaknuta u prilo\u017eenim isje\u010dcima<\/span><\/td>\n<\/tr>\n<tr>\n<td><span style=\"font-weight: 400;\">Vladan Zagra\u0111anin<\/span><\/td>\n<td><span style=\"font-weight: 400;\">Visoki funkcioner SPS-a<\/span><\/td>\n<td><span style=\"font-weight: 400;\">Pomaganje u primanju mita<\/span><\/td>\n<td><span style=\"font-weight: 400;\">Oslobo\u0111en<\/span><\/td>\n<td><span style=\"font-weight: 400;\">Kasnije postao \u010dlan Predsjedni\u0161tva i predsjednik Izvr\u0161nog odbora Glavnog odbora SPS-a <\/span><span style=\"font-weight: 400;\">12<\/span><\/td>\n<\/tr>\n<tr>\n<td><span style=\"font-weight: 400;\">Ivica Da\u010di\u0107<\/span><\/td>\n<td><span style=\"font-weight: 400;\">Visoki funkcioner SPS-a<\/span><\/td>\n<td><span style=\"font-weight: 400;\">Nije optu\u017een, prisutan u stanu prije racije<\/span><\/td>\n<td><span style=\"font-weight: 400;\">Nije primjenjivo<\/span><\/td>\n<td><span style=\"font-weight: 400;\">Nastavio uspje\u0161nu politi\u010dku karijeru, obna\u0161ao brojne visoke dr\u017eavne funkcije <\/span><span style=\"font-weight: 400;\">13<\/span><\/td>\n<\/tr>\n<\/tbody>\n<\/table>\n<h4><b>Works cited<\/b><\/h4>\n<ol>\n<li><span style=\"font-weight: 400;\"> Korupcija, veze s kriminalcima, of\u0161or kompanije i kofer\u010di\u0107i &#8230; &#8211; Nova, accessed March 15, 2025, <\/span><a href=\"https:\/\/nova.rs\/vesti\/politika\/korupcija-veze-s-kriminalcima-ofsor-kompanije-i-kofercici-polovina-ministara-u-vladi-ispod-zastave-srbije-krije-aferu\/\"><span style=\"font-weight: 400;\">https:\/\/nova.rs\/vesti\/politika\/korupcija-veze-s-kriminalcima-ofsor-kompanije-i-kofercici-polovina-ministara-u-vladi-ispod-zastave-srbije-krije-aferu\/<\/span><\/a><\/li>\n<li><span style=\"font-weight: 400;\"> Oslobo\u0111eni akteri afere &#8222;Kofer&#8220; &#8211; Blic, accessed March 15, 2025, <\/span><a href=\"https:\/\/www.blic.rs\/vesti\/hronika\/oslobodjeni-akteri-afere-kofer\/wzpbrgx\"><span style=\"font-weight: 400;\">https:\/\/www.blic.rs\/vesti\/hronika\/oslobodjeni-akteri-afere-kofer\/wzpbrgx<\/span><\/a><\/li>\n<li><span style=\"font-weight: 400;\"> OTKRIVAMO! KO JE VLADAN ZAGRA\u0110ANIN GLAVNI AKTER &#8230; &#8211; Kurir, accessed March 15, 2025, <\/span><a href=\"https:\/\/www.kurir.rs\/vesti\/politika\/3331149\/otkrivamo-ko-je-vladan-zagradjanin-glavni-akter-afere-kofer-ovo-je-covek-koji-iz-senke-vodi-sps-kontrolise-sve-pare-u-stranci-kadrira-zavrsava-poverljive-poslove\"><span style=\"font-weight: 400;\">https:\/\/www.kurir.rs\/vesti\/politika\/3331149\/otkrivamo-ko-je-vladan-zagradjanin-glavni-akter-afere-kofer-ovo-je-covek-koji-iz-senke-vodi-sps-kontrolise-sve-pare-u-stranci-kadrira-zavrsava-poverljive-poslove<\/span><\/a><\/li>\n<li><span style=\"font-weight: 400;\"> Da li je bilo afere &#8222;Kofer&#8220;? &#8211; Istinomer, accessed March 15, 2025, <\/span><a href=\"https:\/\/www.istinomer.rs\/analize\/da-li-je-bilo-afere-kofer\/\"><span style=\"font-weight: 400;\">https:\/\/www.istinomer.rs\/analize\/da-li-je-bilo-afere-kofer\/<\/span><\/a><\/li>\n<li><span style=\"font-weight: 400;\"> Apelacioni sud potvrdio presude za aferu \u201eKofer\u201c &#8211; Politika, accessed March 15, 2025, <\/span><a href=\"https:\/\/www.politika.rs\/sr\/clanak\/166521\/apelacioni-sud-potvrdio-presude-za-aferu-kofer\"><span style=\"font-weight: 400;\">https:\/\/www.politika.rs\/sr\/clanak\/166521\/apelacioni-sud-potvrdio-presude-za-aferu-kofer<\/span><\/a><\/li>\n<li><span style=\"font-weight: 400;\"> Mali podsetnik: Kako je Ivica Da\u010di\u0107 dobio nadimak &#8222;Kofer\u010de &#8230; &#8211; 021, accessed March 15, 2025, <\/span><a href=\"https:\/\/www.021.rs\/story\/Info\/Srbija\/333013\/Mali-podsetnik-Kako-je-Ivica-Dacic-dobio-nadimak-Koferce.html\"><span style=\"font-weight: 400;\">https:\/\/www.021.rs\/story\/Info\/Srbija\/333013\/Mali-podsetnik-Kako-je-Ivica-Dacic-dobio-nadimak-Koferce.html<\/span><\/a><\/li>\n<li><span style=\"font-weight: 400;\"> Kako je Ivica Da\u010di\u0107 dobio nadimak &#8222;kofer\u010de&#8220;: Podsetnik na aferu iz &#8230;, accessed March 15, 2025, <\/span><a href=\"https:\/\/www.danas.rs\/vesti\/politika\/zasto-je-ivica-dacic-dobio-nadimak-koferce\/\"><span style=\"font-weight: 400;\">https:\/\/www.danas.rs\/vesti\/politika\/zasto-je-ivica-dacic-dobio-nadimak-koferce\/<\/span><\/a><\/li>\n<li><span style=\"font-weight: 400;\"> Osloba\u0111aju\u0107a presuda za kofer &#8211; Nezavisne novine, accessed March 15, 2025, <\/span><a href=\"https:\/\/www.nezavisne.com\/novosti\/ex-yu\/Oslobadjajuca-presuda-za-kofer\/60327\"><span style=\"font-weight: 400;\">https:\/\/www.nezavisne.com\/novosti\/ex-yu\/Oslobadjajuca-presuda-za-kofer\/60327<\/span><\/a><\/li>\n<li><span style=\"font-weight: 400;\"> Hronika :: Presuda za aferu &#8222;kofer&#8220; u petak &#8211; RTS, accessed March 15, 2025, <\/span><a href=\"https:\/\/www.rts.rs\/lat\/vesti\/hronika\/703731\/presuda-za-aferu-kofer-u-petak.html\"><span style=\"font-weight: 400;\">https:\/\/www.rts.rs\/lat\/vesti\/hronika\/703731\/presuda-za-aferu-kofer-u-petak.html<\/span><\/a><\/li>\n<li><span style=\"font-weight: 400;\"> Optu\u017eeni u aferi \u201eKofer\u201c definitivno oslobo\u0111eni optu\u017ebi za uzimanje mita | Hronika &#8211; NSPM.rs, accessed March 15, 2025, <\/span><a href=\"http:\/\/www.nspm.rs\/hronika\/optuzeni-u-aferi-kofer-definitivno-oslobodjeni-optuzbi-za-uzimanje-mita.html?alphabet=l\"><span style=\"font-weight: 400;\">http:\/\/www.nspm.rs\/hronika\/optuzeni-u-aferi-kofer-definitivno-oslobodjeni-optuzbi-za-uzimanje-mita.html?alphabet=l<\/span><\/a><\/li>\n<li><span style=\"font-weight: 400;\"> Kraj afere Kofer &#8211; Milo\u0161 Vasi\u0107 &#8211; Pe\u0161\u010danik, accessed March 15, 2025, <\/span><a href=\"https:\/\/pescanik.net\/kraj-afere-kofer\/\"><span style=\"font-weight: 400;\">https:\/\/pescanik.net\/kraj-afere-kofer\/<\/span><\/a><\/li>\n<li><span style=\"font-weight: 400;\"> Ko je Vladan Zagra\u0111anin: Afera Kofer i dr\u017eavni sekretar u MUP &#8211; N1, accessed March 15, 2025, <\/span><a href=\"https:\/\/n1info.rs\/vesti\/ko-je-vladan-zagradjanin-afera-kofer-i-drzavni-sekretar-u-mup\/\"><span style=\"font-weight: 400;\">https:\/\/n1info.rs\/vesti\/ko-je-vladan-zagradjanin-afera-kofer-i-drzavni-sekretar-u-mup\/<\/span><\/a><\/li>\n<li><span style=\"font-weight: 400;\"> BRUKA: Afera kofer je \u0161kolski primer korupcije u politici, a Da\u010di\u0107 se &#8230;, accessed March 15, 2025, <\/span><a href=\"https:\/\/www.kurir.rs\/vesti\/politika\/3742341\/bruka-afera-kofer-je-skolski-primer-korupcije-u-politici\"><span style=\"font-weight: 400;\">https:\/\/www.kurir.rs\/vesti\/politika\/3742341\/bruka-afera-kofer-je-skolski-primer-korupcije-u-politici<\/span><\/a><\/li>\n<\/ol>","protected":false},"featured_media":0,"template":"","class_list":["post-1929","afere","type-afere","status-publish","hentry"],"acf":[],"_links":{"self":[{"href":"https:\/\/crnaknjiga.com\/en\/wp-json\/wp\/v2\/afere\/1929","targetHints":{"allow":["GET"]}}],"collection":[{"href":"https:\/\/crnaknjiga.com\/en\/wp-json\/wp\/v2\/afere"}],"about":[{"href":"https:\/\/crnaknjiga.com\/en\/wp-json\/wp\/v2\/types\/afere"}],"wp:attachment":[{"href":"https:\/\/crnaknjiga.com\/en\/wp-json\/wp\/v2\/media?parent=1929"}],"curies":[{"name":"wp","href":"https:\/\/api.w.org\/{rel}","templated":true}]}}