{"id":1673,"date":"2024-01-19T19:12:02","date_gmt":"2024-01-19T19:12:02","guid":{"rendered":"https:\/\/crnaknjiga.com\/?post_type=afere&#038;p=1673"},"modified":"2024-03-05T21:36:29","modified_gmt":"2024-03-05T21:36:29","slug":"afera-doljevac","status":"publish","type":"afere","link":"https:\/\/crnaknjiga.com\/en\/afere\/afera-doljevac\/","title":{"rendered":"Afera Doljevac"},"content":{"rendered":"<p>Klju\u010dni dokaz, snimak kamera sa naplatne rampe Doljevac na su\u0111enju za nesre\u0107u u kojoj je u\u010destvovalo vozilo u kom se nalazio v.d. direktora &#8222;Koridora Srbije&#8220; Zoran Babi\u0107 a kada je\u00a0<strong><a class=\"wsw__a\" href=\"https:\/\/www.slobodnaevropa.org\/a\/29743842.html\" target=\"_blank\" rel=\"noopener\">poginula Stanika Gligorijevi\u0107<\/a><\/strong>, trebalo bi da bude\u00a0<strong><a class=\"wsw__a\" href=\"https:\/\/www.slobodnaevropa.org\/a\/30431036.html\" target=\"_blank\" rel=\"noopener\">prikazan na ro\u010di\u0161tu u aprilu<\/a><\/strong>.<\/p>\n<p><iframe title=\"Snimak sa naplatne rampe Doljevac: Nisu snimljena dva minuta\" width=\"800\" height=\"450\" src=\"https:\/\/www.youtube.com\/embed\/n54sIWnJYdg?feature=oembed\" frameborder=\"0\" allow=\"accelerometer; autoplay; clipboard-write; encrypted-media; gyroscope; picture-in-picture; web-share\" allowfullscreen><\/iframe><\/p>\n<p>Postupaju\u0107i sudija najavio je na ro\u010di\u0161tu u sredu da \u0107e originalni snimci koje su tu\u017eila\u0161tvu dostavili &#8222;Putevi Srbije&#8220; biti prikazani na narednom su\u0111enju.<\/p>\n<p>&#8222;Mi se u ovom trenutku rvemo sa politi\u010dko-policijskim interesom koji krije dokaze&#8220;, ka\u017ee za Radio Slobodna Evropa (RSE) advokat o\u0161te\u0107enih Bo\u017eo Prelevi\u0107.<\/p>\n<p>On obja\u0161njava da tu\u017eila\u0161tvo i sud, kao i porodica, poku\u0161avaju da dobiju ono \u0161to bi moralo da se nalazi u predmetu.<\/p>\n<p>&#8222;Mi tra\u017eimo da vidimo originalni snimak kada je bio taj udarac, da se vidi ko je bio za volanom&#8220;, navodi za RSE sestra Stanike Gligorijevi\u0107, Mirjana Aleksi\u0107, koja je bila u automobilu u trenutku nesre\u0107e.<\/p>\n<p>Porodica Stanike Gligorijevi\u0107 je do sada vi\u0161e puta tra\u017eila objavljivanje snimaka sumnjaju\u0107i u zvani\u010dnu verziju ko je vozio automobil koji se velikom brzinom zakucao u njihov automobil.<\/p>\n<p>&#8222;Zanimljivo je da okrivljeni ne zna ni jedan detalj pre nego \u0161to je do udesa do\u0161lo, a da oba voza\u010da koja su bila u kolima ispred njega znaju sve detalje oko vremena, asfalta, brzine&#8220;, navodi Prelevi\u0107.<\/p>\n<div class=\"wsw__embed\">\n<figure class=\"media-image js-media-expand js-media-expand--ready\">\n<div class=\"img-wrap\">\n<div class=\"thumb\"><img decoding=\"async\" class=\"enhanced\" src=\"https:\/\/gdb.rferl.org\/66CAC178-1C6B-4069-845D-19B1505552B2_w650_r1.jpg\" alt=\"Vatrogasci poku\u0161avaju do\u0107i do \u017ertava o\u0161te\u0107enog automobila, Doljevac\" \/><\/div>\n<div>Vatrogasci poku\u0161avaju do\u0107i do \u017ertava o\u0161te\u0107enog automobila, Doljevac<\/div>\n<\/div>\n<\/figure>\n<\/div>\n<p>U ni\u0161kom Osnovnom sudu u toku je su\u0111enje Dejanu Stanojevi\u0107u, voza\u010du vozila u kome se nalazio v.d. direktora Koridora Srbije Zoran Babi\u0107, zbog nesre\u0107e u kojoj je 31. januara 2019. godine poginula Stanika Gligorijevi\u0107. Kako se navodi u optu\u017enom predlogu, Stanojevi\u0107 je u kanal za naplatu putarine u\u0161ao nedozvoljenom brzinom.<\/p>\n<p><img fetchpriority=\"high\" decoding=\"async\" class=\"alignnone wp-image-1717 size-full\" src=\"https:\/\/crnaknjiga.com\/wp-content\/uploads\/2024\/01\/download-1.jpeg\" alt=\"\" width=\"259\" height=\"194\" \/><\/p>\n<p>Zoran Babi\u0107, koji je u toj nesre\u0107i bio te\u0161ko povre\u0111en, na ro\u010di\u0161tu u sredu je ponovio da je u trenutku nesre\u0107e kod Doljevca sedeo na zadnjem sedi\u0161tu automobila.<\/p>\n<p>Kao svedoci na ro\u010di\u0161tu u sredu saslu\u0161ani su i Sr\u0111an i Mirjana Aleksi\u0107, zet i sestra nastradale Stanike Gligorijevi\u0107, koji su bili voza\u010d i suvoza\u010d u &#8222;opel astri&#8220; u koju je udario automobil Koridora Srbije dok su \u010dekali da plate putarinu.<\/p>\n<p>Mediji su preneli da je Sr\u0111an Aleksi\u0107 iskaz dat tu\u017eila\u0161tvu na ro\u010di\u0161tu delimi\u010dno izmenio. U medijskim izve\u0161tajima stoji da je sudija pro\u010ditao izjavu koju je ranije Aleksi\u0107 dao tu\u017eila\u0161tvu i da je u njoj rekao bi da bi mogao da prepozna voza\u010da, a da je sada naveo da to ipak ne bi mogao, jer nije siguran.<\/p>\n<p>Advokat Bo\u017eo Prelevi\u0107, me\u0111utim, ka\u017ee da nema protivure\u010dnosti u iskazu Aleksi\u0107a.<\/p>\n<p>&#8222;Jedna je stvar kada vi ka\u017eete ja sam video voza\u010da, druga je stvar da li ga mo\u017eete prepoznati. On nije promenio iskaz jer on ni u istrazi nije rekao da bi mogao da prepozna to lice. Ali rekao je da je video voza\u010da. S druge strane, opisao je voza\u010da, njegovu figuru&#8220;, navodi Prelevi\u0107.<\/p>\n<h2 class=\"wsw__h2\">\u0160ta je sa video snimkom sa nadzorne kamere?<\/h2>\n<p>U javnosti traje polemika oko video snimka sa nadzorne kamere s obzirom da do sada nije prikazan na su\u0111enju i zbog dileme da li na njemu nedostaje dva minuta u periodu sudara.<\/p>\n<p>Osnovno javno tu\u017eila\u0161tvo u Ni\u0161u je, krajem decembra, u odgovoru za portal Insajder navelo da je &#8222;doga\u0111aj od zna\u010daja za vo\u0111enje postupka zabele\u017een ba\u0161 u periodu koji na snimku nedostaje&#8220;, te da je re\u010d o 2 minuta. Ubrzo nakon objavljivanja ove informacije, isto tu\u017eila\u0161tvo saop\u0161tava da se radi o dva minuta tokom koja &#8222;nije bilo de\u0161avanja na naplatnoj rampi i pokreta u slici koji bi bio dovoljan da pre\u0111e prag potreban da bi se inicirao video zapis&#8220;.<\/p>\n<ul>\n<li><strong><a class=\"wsw__a\" href=\"https:\/\/www.slobodnaevropa.org\/a\/insajder-nedostaju-dva-minuta-snimka-nesre%C4%87e-vozila-koridora-srbije-\/30340805.html\" target=\"_blank\" rel=\"noopener\">Insajder: Nedostaju dva minuta snimka nesre\u0107e vozila Koridora Srbije<\/a><\/strong><\/li>\n<\/ul>\n<p>Iz Ministarstva unutra\u0161njih poslova Srbije su tako\u0111e saop\u0161tili da su novinari pogre\u0161no interpretirali tu\u017eila\u0161tvo.<\/p>\n<p>&#8222;Ja mislim da mi nikada ne\u0107emo videti originalan snimak jer neko ko je do sada namerio da se sprda sa pravosudnim organima sigurno ne\u0107e te snimke nikada pokazati&#8220;, ocenjuje Bo\u017eo Prelevi\u0107, advokat o\u0161te\u0107enih.<\/p>\n<h2 class=\"wsw__h2\">Vu\u010di\u0107 ve\u0107 video snimak<\/h2>\n<p>I dok je tu\u017eila\u0161tvo \u010dekalo da im putevi Srbije dostave snimak sa nadzorne kamere, a o\u0161te\u0107eni jo\u0161 uvek \u010dekaju da vide taj snimak, predsednik Srbije Aleksandar Vu\u010di\u0107 je, po sopstvenom priznanju tu priliku imao.<\/p>\n<p>&#8222;Nije Babi\u0107 vozio da znate. Imamo snimke, nije on vozio. Lagali su kao i obi\u010dno, ali sam ga branio&#8220;, rekao je Vu\u010di\u0107 u junu pro\u0161le godine na sednici Glavnog odbora Srpske napredne stranke, \u010diji je lider.<\/p>\n<p>U septembru je Vu\u010di\u0107 pozvao supruga poginule \u017eene da vidi snimak.<\/p>\n<p>&#8222;Upozorio sam ga da je snimak jeziv. Neko je ogromnom brzinom u\u0161ao u automobil u kojem je bila Stanika&#8220;, rekao je tada Vu\u010di\u0107 na TV Pink.<\/p>\n<div class=\"content-floated overlap-md\" data-owner-ct=\"Article\" data-inline=\"False\">\n<div class=\"media-block also-read also-read--aside\">\n<div class=\"media-block__content also-read__body also-read__body--aside also-read__body--aside-h\">\n<h4 class=\"media-block__title media-block__title--size-3 also-read__text p-0\">Afere koje su potresle Srbiju<\/h4>\n<\/div>\n<\/div>\n<\/div>\n<p>Kriminolog Dobrivoje Radovanovi\u0107 ka\u017ee za RSE da ceo proces izaziva velike sumnje u javnosti oko toga na kome je krivi\u010dna odgovornost za nesre\u0107u na naplatnoj rampi Doljevac.<\/p>\n<p>&#8222;Kada bismo mi imali nezavisno sudstvo onda bismo bili sigurni da je istraga po\u0161teno uradila svoj posao, ali ne mo\u017eemo biti sigurni zato \u0161to nezavisnost ni tu\u017eila\u0161tva ni sudova u Srbiji ne postoji&#8220;, ocenjuje Radovanovi\u0107.<\/p>\n<p>On smatra da je neophodno da se prika\u017ee kompletan snimak sa naplatne rampe \u010dime bi se otklonile sumnje ili sa visokog funkcionera vladaju\u0107e stranke ili sa samog procesa.<\/p>\n<p>&#8222;Ako dva minuta zaista nedostaju i ako ga ne obezbede osta\u0107e ve\u010diti utisak da je istraga name\u0161tena i da je presuda name\u0161tena&#8220;, dodaje Radovanovi\u0107.<\/p>\n<h2 class=\"wsw__h2\">I pored ostavke Zoran Babi\u0107 i dalje v.d. direktora &#8216;Koridora Srbije&#8217;<\/h2>\n<p>Visoki funkcioner SNS-a Zoran Babi\u0107 podneo je ostavku na funkciju v.d. direktora dr\u017eavnih &#8222;Koridora Srbije&#8220; 1. februara 2019. godine, dan nakon saobra\u0107ajne nesre\u0107e na naplatnoj rampi kod Doljevca.<\/p>\n<p>&#8222;Iako sam bio samo saputnik, za mene kao \u010doveka, to je dovoljan razlog da vi\u0161e ne obavljam funkciju vr\u0161ioca du\u017enosti direktora Koridora Srbije&#8220;, naveo je Babi\u0107 tada.<\/p>\n<p>Me\u0111utim, Babi\u0107 je zvani\u010dno i dalje na \u010delu Koridora. Na sajtu ovog privrednog dru\u0161tva upisano je njegovo ime kao v.d. direktora, a tako\u0111e se u Agenciji za privredne registre kao takav vodi za zakonskog zastupnika Koridora.<\/p>\n<p>Babi\u0107 se pojavljuje i na va\u017enim doga\u0111ajima, poput potpisivanja ugovora za\u00a0<strong><a class=\"wsw__a\" href=\"https:\/\/www.slobodnaevropa.org\/a\/30326583.html\" target=\"_blank\" rel=\"noopener\">Moravski koridor<\/a><\/strong>, gde se u decembru pojavio pored predsednika Srbije Aleksandra Vu\u010di\u0107a i potpredsednice Vlade i ministarske gra\u0111evinarstva, saobra\u0107aja i infrastrukture Zorane Mihajlovi\u0107.<\/p>\n<p>&#8222;To je uobi\u010dajen, na\u017ealost, postupak u njihovim redovima. Ostavke uvek obe\u0107aju, a nikad to ne urade&#8220;, navodi kriminolog Dobrivoje Radovanovi\u0107.<\/p>\n<div class=\"wsw__embed\">\n<figure class=\"media-image js-media-expand js-media-expand--ready\">\n<div class=\"img-wrap\">\n<div class=\"thumb\"><img decoding=\"async\" class=\"enhanced\" src=\"https:\/\/gdb.rferl.org\/5F21803B-BF26-43C2-BD5A-02866B6EE147_w650_r1.jpg\" alt=\"Putevi u Srbiji\" \/><\/div>\n<\/div><figcaption><span class=\"caption\">Putevi u Srbiji<\/span><\/figcaption><\/figure>\n<\/div>\n<p>Predsednik Srbije Aleksandar Vu\u010di\u0107 je na pitanje novinara za\u0161to je Babi\u0107 i dalje na \u010delu Koridora rekao da je to pitanje za Vladu.<\/p>\n<p>&#8222;To je pitanje za Vladu za\u0161to nije postavljen drugi direktor ili \u010dekaju da mu se mandat zavr\u0161i zbog zavr\u0161etka jednog koridora. Njegov je posao, dok ne bude postavljen neko drugi, da taj posao obavlja&#8220;, izjavio je Vu\u010di\u0107 u decembru.<\/p>\n<p>Poku\u0161aji medija da od Vlade Srbije dobiju odgovor zbog \u010dega je Babi\u0107 v.d. direktora Koridora, sada ve\u0107 godinu dana od podno\u0161enja ostavke, ostali su bezuspe\u0161ni.<\/p>\n<p>Potpredsednica vlade i ministarka Zorana Mihajlovi\u0107 izjavila je, tako\u0111e u decembru, da \u0107e vlada razgovarati o ostavci Babi\u0107a kada to &#8222;do\u0111e na red&#8220;. Odmah je dodala i &#8222;da je za vreme njegovog mandata pu\u0161teno vi\u0161e od 100 kilometara autoputeva&#8220;.<\/p>","protected":false},"featured_media":0,"template":"","class_list":["post-1673","afere","type-afere","status-publish","hentry"],"acf":[],"_links":{"self":[{"href":"https:\/\/crnaknjiga.com\/en\/wp-json\/wp\/v2\/afere\/1673","targetHints":{"allow":["GET"]}}],"collection":[{"href":"https:\/\/crnaknjiga.com\/en\/wp-json\/wp\/v2\/afere"}],"about":[{"href":"https:\/\/crnaknjiga.com\/en\/wp-json\/wp\/v2\/types\/afere"}],"wp:attachment":[{"href":"https:\/\/crnaknjiga.com\/en\/wp-json\/wp\/v2\/media?parent=1673"}],"curies":[{"name":"wp","href":"https:\/\/api.w.org\/{rel}","templated":true}]}}