{"id":1418,"date":"2023-03-07T20:19:44","date_gmt":"2023-03-07T20:19:44","guid":{"rendered":"https:\/\/crnaknjiga.com\/?post_type=afere&#038;p=1418"},"modified":"2023-03-07T20:19:44","modified_gmt":"2023-03-07T20:19:44","slug":"nikola-petrovic-sudar-sa-meklarenom","status":"publish","type":"afere","link":"https:\/\/crnaknjiga.com\/en\/afere\/nikola-petrovic-sudar-sa-meklarenom\/","title":{"rendered":"Nikola Petrovi\u0107 sudar sa MekLarenom"},"content":{"rendered":"<p>Policijski slu\u017ebenici Uprave saobra\u0107ajne policije izvr\u0161ili su uvi\u0111aj predmetne saobra\u0107ajne nezgode i obavestili de\u017eurnog zamenika javnog tu\u017eioca Prvog osnovnog javnog tu\u017eila\u0161tva u Beogradu, koji je nalo\u017eio da se protiv osumnji\u010denog podnese krivi\u010dna prijava zbog krivi\u010dnog dela Ugro\u017eavanje javnog saobra\u0107aja, navodi se u odgovoru na\u0161em portalu iz Prvog osnovnog javnog tu\u017eila\u0161tva u Beogradu.<\/p>\n<p>&nbsp;<\/p>\n<section class=\"uc-block-post-grid in-post-related-news width-100\" data-attribute-id=\"related-news\">\n<div class=\"uc-post-grid-block-header\"><\/div>\n<\/section>","protected":false},"featured_media":0,"template":"","class_list":["post-1418","afere","type-afere","status-publish","hentry"],"acf":[],"_links":{"self":[{"href":"https:\/\/crnaknjiga.com\/en\/wp-json\/wp\/v2\/afere\/1418","targetHints":{"allow":["GET"]}}],"collection":[{"href":"https:\/\/crnaknjiga.com\/en\/wp-json\/wp\/v2\/afere"}],"about":[{"href":"https:\/\/crnaknjiga.com\/en\/wp-json\/wp\/v2\/types\/afere"}],"wp:attachment":[{"href":"https:\/\/crnaknjiga.com\/en\/wp-json\/wp\/v2\/media?parent=1418"}],"curies":[{"name":"wp","href":"https:\/\/api.w.org\/{rel}","templated":true}]}}