{"id":1393,"date":"2023-02-04T00:50:17","date_gmt":"2023-02-04T00:50:17","guid":{"rendered":"https:\/\/crnaknjiga.com\/?post_type=afere&#038;p=1393"},"modified":"2023-02-04T14:11:45","modified_gmt":"2023-02-04T14:11:45","slug":"trgovina-ljudskim-organima-na-kosovu","status":"publish","type":"afere","link":"https:\/\/crnaknjiga.com\/en\/afere\/trgovina-ljudskim-organima-na-kosovu\/","title":{"rendered":"Trgovina ljudskim organima na Kosovu"},"content":{"rendered":"<div id=\"bodyContent\" class=\"vector-body\">\n<div id=\"mw-content-text\" class=\"mw-body-content mw-content-ltr\" dir=\"ltr\" lang=\"sh-Latn\">\n<div class=\"mw-parser-output\">\n<p><b>Trgovina ljudskim organima na Kosovu i Metohiji<\/b>\u00a0(ili\u00a0<i>slu\u010daj \u017duta ku\u0107a<\/i>) je naziv koji se u javnosti koristi za istragu o trgovini ljudskim organima u\u00a0<a title=\"Albanija\" href=\"https:\/\/sh.wikipedia.org\/wiki\/Albanija\">Albaniji<\/a>\u00a0i na\u00a0<a title=\"Kosovo\" href=\"https:\/\/sh.wikipedia.org\/wiki\/Kosovo\">Kosovu<\/a>\u00a0tokom\u00a0<a title=\"1999\" href=\"https:\/\/sh.wikipedia.org\/wiki\/1999\">1999<\/a>. godine. Prva je tvrdnje o trgovini ljudskim organima iznela u javnost biv\u0161a tu\u017eiteljka\u00a0<a title=\"Me\u0111unarodni krivi\u010dni sud za biv\u0161u Jugoslaviju\" href=\"https:\/\/sh.wikipedia.org\/wiki\/Me%C4%91unarodni_krivi%C4%8Dni_sud_za_biv%C5%A1u_Jugoslaviju\">Ha\u0161kog tribunala<\/a>\u00a0<a title=\"Carla Del Ponte\" href=\"https:\/\/sh.wikipedia.org\/wiki\/Carla_Del_Ponte\">Karla del Ponte<\/a>, u svojoj knjizi \u201e<a class=\"new\" title=\"Lov: Ja i ratni zlo\u010dinci (stranica ne postoji)\" href=\"https:\/\/sh.wikipedia.org\/w\/index.php?title=Lov:_Ja_i_ratni_zlo%C4%8Dinci&amp;action=edit&amp;redlink=1\">Lov: Ja i ratni zlo\u010dinci<\/a>\u201d, koju je objavila po odlasku sa du\u017enosti.<sup id=\"cite_ref-1\" class=\"reference\"><a href=\"https:\/\/sh.wikipedia.org\/wiki\/Trgovina_ljudskim_organima_na_Kosovu#cite_note-1\">[1]<\/a><\/sup>\u00a0U svojoj knjizi, Karla del Ponte je iznela podatke da je 1999. godine saznala od novinara da je oko 300\u00a0<a title=\"Srbi\" href=\"https:\/\/sh.wikipedia.org\/wiki\/Srbi\">Srba<\/a>\u00a0i drugih nealbanaca bilo oteto i transportovano u Albaniju, gde su im va\u0111eni organi, koji su zatim slani u\u00a0<a title=\"Italija\" href=\"https:\/\/sh.wikipedia.org\/wiki\/Italija\">Italiju<\/a>, odakle su distribuisani u klinike \u0161irom\u00a0<a title=\"Evropa\" href=\"https:\/\/sh.wikipedia.org\/wiki\/Evropa\">Evrope<\/a>. U knjizi ona spominje nasenje\u00a0<a class=\"new\" title=\"Burel (stranica ne postoji)\" href=\"https:\/\/sh.wikipedia.org\/w\/index.php?title=Burel&amp;action=edit&amp;redlink=1\">Burel<\/a>\u00a0u Albaniji, gde su \u017ertvama va\u0111eni organi u ku\u0107i koju ona u knjizi naziva\u00a0<i>\u017euta ku\u0107a<\/i>.<sup id=\"cite_ref-2\" class=\"reference\"><a href=\"https:\/\/sh.wikipedia.org\/wiki\/Trgovina_ljudskim_organima_na_Kosovu#cite_note-2\">[2]<\/a><\/sup><\/p>\n<p>Srpsko Tu\u017eila\u0161tvo, ali i me\u0111unarodna organizacija za za\u0161titu ljudskih prava\u00a0<a title=\"Human Rights Watch\" href=\"https:\/\/sh.wikipedia.org\/wiki\/Human_Rights_Watch\">Human Rights Watch<\/a><sup id=\"cite_ref-3\" class=\"reference\"><a href=\"https:\/\/sh.wikipedia.org\/wiki\/Trgovina_ljudskim_organima_na_Kosovu#cite_note-3\">[3]<\/a><\/sup>\u00a0tra\u017eili su od Albanije da pokrene istragu o navodima o trgovini organima otetih Srba.<\/p>\n<p>Prema izve\u0161taju\u00a0<a title=\"Savjet Evrope\" href=\"https:\/\/sh.wikipedia.org\/wiki\/Savjet_Evrope\">Saveta Evrope<\/a>\u00a0od 12. decembra 2010. godine organizator otimanja ljudi i trgovine ljudskim organima bio je\u00a0<a title=\"Hashim Tha\u00e7i\" href=\"https:\/\/sh.wikipedia.org\/wiki\/Hashim_Tha%C3%A7i\">Ha\u0161im Ta\u010di<\/a>\u00a0i Dreni\u010dka grupa.<sup id=\"cite_ref-4\" class=\"reference\"><a href=\"https:\/\/sh.wikipedia.org\/wiki\/Trgovina_ljudskim_organima_na_Kosovu#cite_note-4\">[4]<\/a><\/sup><\/p>\n<div id=\"toc\" class=\"toc\" role=\"navigation\" aria-labelledby=\"mw-toc-heading\">\n<div class=\"toctitle\" dir=\"ltr\" lang=\"sh-Latn\">\n<h2 id=\"mw-toc-heading\">Sadr\u017eaj<\/h2>\n<p>&nbsp;<\/p>\n<\/div>\n<ul>\n<li class=\"toclevel-1 tocsection-1\"><a href=\"https:\/\/sh.wikipedia.org\/wiki\/Trgovina_ljudskim_organima_na_Kosovu#%C5%BDuta_ku%C4%87a\"><span class=\"tocnumber\">1<\/span><span class=\"toctext\">\u017duta ku\u0107a<\/span><\/a><\/li>\n<li class=\"toclevel-1 tocsection-2\"><a href=\"https:\/\/sh.wikipedia.org\/wiki\/Trgovina_ljudskim_organima_na_Kosovu#Istraga_Ha%C5%A1kog_tribunala\"><span class=\"tocnumber\">2<\/span><span class=\"toctext\">Istraga Ha\u0161kog tribunala<\/span><\/a><\/li>\n<li class=\"toclevel-1 tocsection-3\"><a href=\"https:\/\/sh.wikipedia.org\/wiki\/Trgovina_ljudskim_organima_na_Kosovu#Istraga_srpskog_tu%C5%BEila%C5%A1tva_za_ratne_zlo%C4%8Dine\"><span class=\"tocnumber\">3<\/span><span class=\"toctext\">Istraga srpskog tu\u017eila\u0161tva za ratne zlo\u010dine<\/span><\/a><\/li>\n<li class=\"toclevel-1 tocsection-4\"><a href=\"https:\/\/sh.wikipedia.org\/wiki\/Trgovina_ljudskim_organima_na_Kosovu#Izve%C5%A1taj_Saveta_Evrope\"><span class=\"tocnumber\">4<\/span><span class=\"toctext\">Izve\u0161taj Saveta Evrope<\/span><\/a><\/li>\n<li class=\"toclevel-1 tocsection-5\"><a href=\"https:\/\/sh.wikipedia.org\/wiki\/Trgovina_ljudskim_organima_na_Kosovu#Euleksov_proces_protiv_trgovaca_ljudskim_organima\"><span class=\"tocnumber\">5<\/span><span class=\"toctext\">Euleksov proces protiv trgovaca ljudskim organima<\/span><\/a><\/li>\n<li class=\"toclevel-1 tocsection-6\"><a href=\"https:\/\/sh.wikipedia.org\/wiki\/Trgovina_ljudskim_organima_na_Kosovu#Reference\"><span class=\"tocnumber\">6<\/span><span class=\"toctext\">Reference<\/span><\/a><\/li>\n<li class=\"toclevel-1 tocsection-7\"><a href=\"https:\/\/sh.wikipedia.org\/wiki\/Trgovina_ljudskim_organima_na_Kosovu#Vidi_jo%C5%A1\"><span class=\"tocnumber\">7<\/span><span class=\"toctext\">Vidi jo\u0161<\/span><\/a><\/li>\n<li class=\"toclevel-1 tocsection-8\"><a href=\"https:\/\/sh.wikipedia.org\/wiki\/Trgovina_ljudskim_organima_na_Kosovu#Spolja%C5%A1nje_veze\"><span class=\"tocnumber\">8<\/span><span class=\"toctext\">Spolja\u0161nje veze<\/span><\/a><\/li>\n<\/ul>\n<\/div>\n<h2><span id=\"\u017duta_ku\u0107a\" class=\"mw-headline\">\u017duta ku\u0107a<\/span><\/h2>\n<p>\u201e\u017duta ku\u0107a\u201c se nalazi u selu\u00a0<a class=\"new\" title=\"Ribe (selo) (stranica ne postoji)\" href=\"https:\/\/sh.wikipedia.org\/w\/index.php?title=Ribe_(selo)&amp;action=edit&amp;redlink=1\">Ribe<\/a>, nedaleko od grada\u00a0<a class=\"new\" title=\"Burel (stranica ne postoji)\" href=\"https:\/\/sh.wikipedia.org\/w\/index.php?title=Burel&amp;action=edit&amp;redlink=1\">Burela<\/a>\u00a0na severu\u00a0<a title=\"Albanija\" href=\"https:\/\/sh.wikipedia.org\/wiki\/Albanija\">Albanije<\/a>.<sup id=\"cite_ref-RTS1_5-0\" class=\"reference\"><a href=\"https:\/\/sh.wikipedia.org\/wiki\/Trgovina_ljudskim_organima_na_Kosovu#cite_note-RTS1-5\">[5]<\/a><\/sup>\u00a0Ku\u0107a je danas bele boje, i u njoj \u017eive \u010dlanovi porodice Katu\u010di.<sup id=\"cite_ref-RTS1_5-1\" class=\"reference\"><a href=\"https:\/\/sh.wikipedia.org\/wiki\/Trgovina_ljudskim_organima_na_Kosovu#cite_note-RTS1-5\">[5]<\/a><\/sup>\u00a0Porodica negira da je njihova ku\u0107a ikada bila mesto na kome su zarobljenicima va\u0111eni organi. U po\u010detku su \u010dlanovi porodice Katu\u010di negirali i da je ku\u0107a bila \u017eute boje, me\u0111utim nakon \u0161to su istra\u017eioci ispod sada\u0161nje bele fasade prona\u0161li tragove \u017eute boje, porodica je promenila pri\u010du, tvrde\u0107i da je ku\u0107a ofarbana u \u017euto pred jednu svadbu.<sup id=\"cite_ref-RTS1_5-2\" class=\"reference\"><a href=\"https:\/\/sh.wikipedia.org\/wiki\/Trgovina_ljudskim_organima_na_Kosovu#cite_note-RTS1-5\">[5]<\/a><\/sup><sup id=\"cite_ref-SPIEGEL_6-0\" class=\"reference\"><a href=\"https:\/\/sh.wikipedia.org\/wiki\/Trgovina_ljudskim_organima_na_Kosovu#cite_note-SPIEGEL-6\">[6]<\/a><\/sup><\/p>\n<p>U blizini ku\u0107e prona\u0111ene su prazne fla\u0161e od infuzione te\u010dnosti, sa sredstvima za opu\u0161tanje mi\u0161i\u0107a, zavoji i igle.<sup id=\"cite_ref-RTS1_5-3\" class=\"reference\"><a href=\"https:\/\/sh.wikipedia.org\/wiki\/Trgovina_ljudskim_organima_na_Kosovu#cite_note-RTS1-5\">[5]<\/a><\/sup><\/p>\n<h2><span id=\"Istraga_Ha\u0161kog_tribunala\" class=\"mw-headline\">Istraga Ha\u0161kog tribunala<\/span><\/h2>\n<p>Ha\u0161ki Tribunal pokrenuo je\u00a0<a title=\"13. 1.\" href=\"https:\/\/sh.wikipedia.org\/wiki\/13._1.\">13. januara<\/a>\u00a0<a title=\"2005\" href=\"https:\/\/sh.wikipedia.org\/wiki\/2005\">2005<\/a>. godine istragu o trgovini organima, na osnovu predmeta koji su prona\u0111eni u\u00a0<i>\u017eutoj ku\u0107i<\/i>. Istraga je nosila naziv\u00a0<i>Don Kihot<\/i>. Istra\u017eioci Ha\u0161kog tribunala prona\u0161li su u\u00a0<i>\u017eutoj ku\u0107i<\/i>\u00a0razne predmete, za koje je postojala osnovana sumnja da su kori\u0161\u0107eni za va\u0111enje organa otetim Srbima i nealbancima. Me\u0111u predmetima koji su prona\u0111eni, nalazili su plasti\u010dne posude, prazne boce sa nazivima lekova koji se koriste pri hiru\u0161kim intervencijama (tranxene, chlooraphemical, cinarizine, biscopean, biscopean), i metalne krhotine koje su podse\u0107ale na ostatke hiru\u0161kih instrumenata.<\/p>\n<h2><span id=\"Istraga_srpskog_tu\u017eila\u0161tva_za_ratne_zlo\u010dine\" class=\"mw-headline\">Istraga srpskog tu\u017eila\u0161tva za ratne zlo\u010dine<\/span><\/h2>\n<p>Prema istrazi koju je sprovelo srpsko tu\u017eila\u0161tvo za ratne zlo\u010dine, hiru\u0161ki zahvati nad \u017ertvama trgovne organima izvo\u0111eni su u domovima zdravlja ili bolnicama koji su tokom rata kori\u0161\u0107eni za le\u010denje vojnika\u00a0<a title=\"Oslobodila\u010dka vojska Kosova\" href=\"https:\/\/sh.wikipedia.org\/wiki\/Oslobodila%C4%8Dka_vojska_Kosova\">OVK<\/a>. Za te potrebe kori\u0161\u0107eni su deo bolnice u kasarni \u201eBajram Curi\u201d, dom zdravlja u fabrici \u201eKoka-Kole\u201d u\u00a0<a title=\"Tirana\" href=\"https:\/\/sh.wikipedia.org\/wiki\/Tirana\">Tirani<\/a>, neuropsihijatrijska bolnica u zatvoru broj 320 u mestu Burelj i privatna ku\u0107a adaptirana u bolnicu u blizini mesta Tropoja, takozvana \u017euta ku\u0107a. Pored tih lokacija, srpsko tu\u017eila\u0161tvo raspola\u017ee podacima da je postojao i ilegalni zatvor u rudniku Deva koji se nalazi u pograni\u010dnom delu izme\u0111u Kosova i Albanije, jedan kraj tunela je na Kosovu, a drugi u Albaniji.<sup id=\"cite_ref-7\" class=\"reference\"><a href=\"https:\/\/sh.wikipedia.org\/wiki\/Trgovina_ljudskim_organima_na_Kosovu#cite_note-7\">[7]<\/a><\/sup><\/p>\n<h2><span id=\"Izve\u0161taj_Saveta_Evrope\" class=\"mw-headline\">Izve\u0161taj Saveta Evrope<\/span><\/h2>\n<p>Dana\u00a0<a title=\"12. 12.\" href=\"https:\/\/sh.wikipedia.org\/wiki\/12._12.\">12. decembra<\/a>\u00a0<a title=\"2010\" href=\"https:\/\/sh.wikipedia.org\/wiki\/2010\">2010<\/a>.\u00a0<a class=\"new\" title=\"Dik Marti (stranica ne postoji)\" href=\"https:\/\/sh.wikipedia.org\/w\/index.php?title=Dik_Marti&amp;action=edit&amp;redlink=1\">Dik Marti<\/a>\u00a0podneo je izvetaj\u00a0<a title=\"Savjet Evrope\" href=\"https:\/\/sh.wikipedia.org\/wiki\/Savjet_Evrope\">Savetu Evrope<\/a><sup id=\"cite_ref-8\" class=\"reference\"><a href=\"https:\/\/sh.wikipedia.org\/wiki\/Trgovina_ljudskim_organima_na_Kosovu#cite_note-8\">[8]<\/a><\/sup>\u00a0gde je\u00a0<a title=\"Hashim Tha\u00e7i\" href=\"https:\/\/sh.wikipedia.org\/wiki\/Hashim_Tha%C3%A7i\">Ha\u0161ima Ta\u010dija<\/a>\u00a0ozna\u010dio kao vo\u0111u mafija\u0161ke grupe odgovornu za trgovinu oru\u017ejem, droge i ljudskih organa.<sup id=\"cite_ref-9\" class=\"reference\"><a href=\"https:\/\/sh.wikipedia.org\/wiki\/Trgovina_ljudskim_organima_na_Kosovu#cite_note-9\">[9]<\/a><\/sup><\/p>\n<p>Kao odgovor,\u00a0<a title=\"Evropska unija\" href=\"https:\/\/sh.wikipedia.org\/wiki\/Evropska_unija\">EU<\/a>\u00a0i\u00a0<a class=\"mw-redirect\" title=\"Misija vladavine prava Evropske unije na Kosovu\" href=\"https:\/\/sh.wikipedia.org\/wiki\/Misija_vladavine_prava_Evropske_unije_na_Kosovu\">Euleks<\/a>\u00a0su izjavili da oni smatraju da je izve\u0161taj veoma ozbiljan i da tra\u017ee dokaze.<sup id=\"cite_ref-10\" class=\"reference\"><a href=\"https:\/\/sh.wikipedia.org\/wiki\/Trgovina_ljudskim_organima_na_Kosovu#cite_note-10\">[10]<\/a><\/sup><\/p>\n<p>Ta\u010di je opovrgao sve optu\u017ebe i najavio tu\u017ebu protiv Dika Martija.<sup id=\"cite_ref-11\" class=\"reference\"><a href=\"https:\/\/sh.wikipedia.org\/wiki\/Trgovina_ljudskim_organima_na_Kosovu#cite_note-11\">[11]<\/a><\/sup><\/p>\n<p>Dana 11. januara 2011. godine uhap\u0161en je\u00a0<a title=\"Istanbul\" href=\"https:\/\/sh.wikipedia.org\/wiki\/Istanbul\">Istanbulu<\/a>\u00a0doktor\u00a0<a class=\"new\" title=\"Jusuf Sonmez (stranica ne postoji)\" href=\"https:\/\/sh.wikipedia.org\/w\/index.php?title=Jusuf_Sonmez&amp;action=edit&amp;redlink=1\">Jusuf Sonmez<\/a>, \u201eglavni hirurg\u201c u operacijama va\u0111enja organa na Kosovu.<sup id=\"cite_ref-12\" class=\"reference\"><a href=\"https:\/\/sh.wikipedia.org\/wiki\/Trgovina_ljudskim_organima_na_Kosovu#cite_note-12\">[12]<\/a><\/sup><\/p>\n<h2><span id=\"Euleksov_proces_protiv_trgovaca_ljudskim_organima\" class=\"mw-headline\">Euleksov proces protiv trgovaca ljudskim organima<\/span><span class=\"mw-editsection\"><span class=\"mw-editsection-bracket\">[<\/span><a class=\"mw-editsection-visualeditor\" title=\"Uredi odjeljak Euleksov proces protiv trgovaca ljudskim organima\" href=\"https:\/\/sh.wikipedia.org\/w\/index.php?title=Trgovina_ljudskim_organima_na_Kosovu&amp;veaction=edit&amp;section=5\">uredi<\/a><span class=\"mw-editsection-divider\">\u00a0|\u00a0<\/span><a title=\"Uredi odjeljak Euleksov proces protiv trgovaca ljudskim organima\" href=\"https:\/\/sh.wikipedia.org\/w\/index.php?title=Trgovina_ljudskim_organima_na_Kosovu&amp;action=edit&amp;section=5\">uredi kod<\/a><span class=\"mw-editsection-bracket\">]<\/span><\/span><\/h2>\n<p><a class=\"mw-redirect\" title=\"Misija vladavine prava Evropske unije na Kosovu\" href=\"https:\/\/sh.wikipedia.org\/wiki\/Misija_vladavine_prava_Evropske_unije_na_Kosovu\">Euleks<\/a>\u00a0je 4. marta 2011. doneo odluku o pokretanju krivi\u010dnog procesa protiv optu\u017eenih za trgovinu ljudskim organima na Kosovu i Metohiji.<sup id=\"cite_ref-Euleks_otvara_proces_protiv_trgovaca_ljudskim_organima_13-0\" class=\"reference\"><a href=\"https:\/\/sh.wikipedia.org\/wiki\/Trgovina_ljudskim_organima_na_Kosovu#cite_note-Euleks_otvara_proces_protiv_trgovaca_ljudskim_organima-13\">[13]<\/a><\/sup>\u00a0Optu\u017enice su podnete protiv Luftija Dervi\u0161ija, Dritona D\u017eilte, Sokola Hajdinija i Ilira Re\u010daja vezano za njihove aktivnosti u pri\u0161tinskoj klinici \u201eMedikus\u201c.<sup id=\"cite_ref-Euleks_otvara_proces_protiv_trgovaca_ljudskim_organima_13-1\" class=\"reference\"><a href=\"https:\/\/sh.wikipedia.org\/wiki\/Trgovina_ljudskim_organima_na_Kosovu#cite_note-Euleks_otvara_proces_protiv_trgovaca_ljudskim_organima-13\">[13]<\/a><\/sup>\u00a0Me\u0111u osumnji\u010denima su i biv\u0161i sekretar za zdravstvo Re\u010daj koji je protivzakonito izdao licencu pri\u0161tinskoj klinici \u201eMedikus\u201c za transplantaciju ljudskih organa. Jedan od osumnji\u010denih je i Tur\u010din\u00a0<a class=\"new\" title=\"Jusuf Sonmez (stranica ne postoji)\" href=\"https:\/\/sh.wikipedia.org\/w\/index.php?title=Jusuf_Sonmez&amp;action=edit&amp;redlink=1\">Jusuf Sonmez<\/a>.<sup id=\"cite_ref-Euleks_otvara_proces_protiv_trgovaca_ljudskim_organima_13-2\" class=\"reference\"><a href=\"https:\/\/sh.wikipedia.org\/wiki\/Trgovina_ljudskim_organima_na_Kosovu#cite_note-Euleks_otvara_proces_protiv_trgovaca_ljudskim_organima-13\">[13]<\/a><\/sup><\/p>\n<h2><span id=\"Reference\" class=\"mw-headline\">Reference<\/span><span class=\"mw-editsection\"><span class=\"mw-editsection-bracket\">[<\/span><a class=\"mw-editsection-visualeditor\" title=\"Uredi odjeljak Reference\" href=\"https:\/\/sh.wikipedia.org\/w\/index.php?title=Trgovina_ljudskim_organima_na_Kosovu&amp;veaction=edit&amp;section=6\">uredi<\/a><span class=\"mw-editsection-divider\">\u00a0|\u00a0<\/span><a title=\"Uredi odjeljak Reference\" href=\"https:\/\/sh.wikipedia.org\/w\/index.php?title=Trgovina_ljudskim_organima_na_Kosovu&amp;action=edit&amp;section=6\">uredi kod<\/a><span class=\"mw-editsection-bracket\">]<\/span><\/span><\/h2>\n<div class=\"reflist reflist-columns references-column-width reflist-columns-2\">\n<ol class=\"references\">\n<li id=\"cite_note-1\"><span class=\"mw-cite-backlink\"><a title=\"Vrati se na vrh\" href=\"https:\/\/sh.wikipedia.org\/wiki\/Trgovina_ljudskim_organima_na_Kosovu#cite_ref-1\" aria-label=\"Vrati se na vrh\">\u2191<\/a><\/span>\u00a0<span class=\"reference-text\"><span class=\"citation web\"><a class=\"external text\" href=\"http:\/\/www.politika.rs\/rubrike\/vesti-dana\/Kushner-vredjao-novinara-zbog-zute-kuce.sr.html\" rel=\"nofollow\">\u201eKu\u0161ner vre\u0111ao novinara zbog \u201e\u017eute ku\u0107e\u201d\u201d<\/a>. Politika<span class=\"reference-accessdate\">. Pristupljeno 14. decembra 2010<\/span>.<\/span>\u00a0<span title=\"srpskohrvatski jezik\">(<kbd>sh<\/kbd>)<\/span><\/span><\/li>\n<li id=\"cite_note-2\"><span class=\"mw-cite-backlink\"><a title=\"Vrati se na vrh\" href=\"https:\/\/sh.wikipedia.org\/wiki\/Trgovina_ljudskim_organima_na_Kosovu#cite_ref-2\" aria-label=\"Vrati se na vrh\">\u2191<\/a><\/span>\u00a0<span class=\"reference-text\"><span class=\"citation web\"><a class=\"external text\" href=\"https:\/\/web.archive.org\/web\/20090901193243\/http:\/\/www.nspm.rs\/kosovo-i-metohija\/povodom-knjige-karle-del-ponte-qlov-ja-i-ratni-zlocinciq.html\" rel=\"nofollow\">\u201ePovodom knjige Karle del Ponte &#8222;Lov: ja i ratni zlo\u010dinci&#8220;\u201d<\/a>. NSPM. Arhivirano iz\u00a0<a class=\"external text\" href=\"http:\/\/www.nspm.rs\/kosovo-i-metohija\/povodom-knjige-karle-del-ponte-qlov-ja-i-ratni-zlocinciq.html\" rel=\"nofollow\">originala<\/a>\u00a0na datum 2009-09-01<span class=\"reference-accessdate\">. Pristupljeno 14. decembra 2010<\/span>.<\/span>\u00a0<span title=\"srpskohrvatski jezik\">(<kbd>sh<\/kbd>)<\/span><\/span><\/li>\n<li id=\"cite_note-3\"><span class=\"mw-cite-backlink\"><a title=\"Vrati se na vrh\" href=\"https:\/\/sh.wikipedia.org\/wiki\/Trgovina_ljudskim_organima_na_Kosovu#cite_ref-3\" aria-label=\"Vrati se na vrh\">\u2191<\/a><\/span>\u00a0<span class=\"reference-text\"><span class=\"citation web\"><a class=\"external text\" href=\"http:\/\/www.hrw.org\/en\/news\/2008\/05\/04\/kosovoalbania-investigate-postwar-abductions-transfers-albania\" rel=\"nofollow\">\u201eKosovo\/Albania: Investigate Postwar Abductions, Transfers to Albania\u201d<\/a>. HRW<span class=\"reference-accessdate\">. Pristupljeno 14. decembra 2010<\/span>.<\/span>\u00a0<span title=\"engleski jezik\">(<kbd>en<\/kbd>)<\/span><\/span><\/li>\n<li id=\"cite_note-4\"><span class=\"mw-cite-backlink\"><a title=\"Vrati se na vrh\" href=\"https:\/\/sh.wikipedia.org\/wiki\/Trgovina_ljudskim_organima_na_Kosovu#cite_ref-4\" aria-label=\"Vrati se na vrh\">\u2191<\/a><\/span>\u00a0<span class=\"reference-text\"><span class=\"citation web\"><a class=\"external text\" href=\"http:\/\/www.b92.net\/info\/vesti\/index.php?yyyy=2010&amp;mm=12&amp;dd=14&amp;nav_category=640&amp;nav_id=479256\" rel=\"nofollow\">\u201eTa\u010di i OVK iza trgovine organima\u201d<\/a>. B92<span class=\"reference-accessdate\">. Pristupljeno 14. decembra 2010<\/span>.<\/span>\u00a0<span title=\"srpskohrvatski jezik\">(<kbd>sh<\/kbd>)<\/span><\/span><\/li>\n<li id=\"cite_note-RTS1-5\"><span class=\"mw-cite-backlink\">\u2191\u00a0<sup><a href=\"https:\/\/sh.wikipedia.org\/wiki\/Trgovina_ljudskim_organima_na_Kosovu#cite_ref-RTS1_5-0\"><span class=\"cite-accessibility-label\">Vrati se na:<\/span>5,0<\/a><\/sup><sup><a href=\"https:\/\/sh.wikipedia.org\/wiki\/Trgovina_ljudskim_organima_na_Kosovu#cite_ref-RTS1_5-1\">5,1<\/a><\/sup><sup><a href=\"https:\/\/sh.wikipedia.org\/wiki\/Trgovina_ljudskim_organima_na_Kosovu#cite_ref-RTS1_5-2\">5,2<\/a><\/sup><sup><a href=\"https:\/\/sh.wikipedia.org\/wiki\/Trgovina_ljudskim_organima_na_Kosovu#cite_ref-RTS1_5-3\">5,3<\/a><\/sup><\/span>\u00a0<span class=\"reference-text\"><span class=\"citation web\"><a class=\"external text\" href=\"http:\/\/www.rts.rs\/page\/stories\/sr\/story\/135\/Hronika\/17930\/Albanija+-+%C5%BDuta+ku%C4%87a+na+kraju+ukletog+sela.html\" rel=\"nofollow\">\u201eAlbanija &#8211; \u017duta ku\u0107a na kraju ukletog sela\u201d<\/a>. RTS<span class=\"reference-accessdate\">. Pristupljeno 17. decembra 2010<\/span>.<\/span>\u00a0<span title=\"srpskohrvatski jezik\">(<kbd>sh<\/kbd>)<\/span><\/span><\/li>\n<li id=\"cite_note-SPIEGEL-6\"><span class=\"mw-cite-backlink\"><a title=\"Vrati se na vrh\" href=\"https:\/\/sh.wikipedia.org\/wiki\/Trgovina_ljudskim_organima_na_Kosovu#cite_ref-SPIEGEL_6-0\" aria-label=\"Vrati se na vrh\">\u2191<\/a><\/span>\u00a0<span class=\"reference-text\"><span class=\"citation web\"><a class=\"external text\" href=\"http:\/\/www.spiegel.de\/spiegel\/print\/d-60403594.html\" rel=\"nofollow\">\u201eDas Haus am Ende der Welt\u201d<\/a>. DER SPIEGEL<span class=\"reference-accessdate\">. Pristupljeno 17. decembra 2010<\/span>.<\/span>\u00a0<span title=\"n(j)ema\u010dki jezik\">(<kbd>de<\/kbd>)<\/span><\/span><\/li>\n<li id=\"cite_note-7\"><span class=\"mw-cite-backlink\"><a title=\"Vrati se na vrh\" href=\"https:\/\/sh.wikipedia.org\/wiki\/Trgovina_ljudskim_organima_na_Kosovu#cite_ref-7\" aria-label=\"Vrati se na vrh\">\u2191<\/a><\/span>\u00a0<span class=\"reference-text\"><a class=\"external free\" href=\"http:\/\/www.politika.rs\/rubrike\/dosije-Hasim-Taci\/Srtbija-o-Taciju\/Hirurg-Kodra-Presadjivali-smo-organe-u-bolnici-Majka-Tereza.sr.html\" rel=\"nofollow\">http:\/\/www.politika.rs\/rubrike\/dosije-Hasim-Taci\/Srtbija-o-Taciju\/Hirurg-Kodra-Presadjivali-smo-organe-u-bolnici-Majka-Tereza.sr.html<\/a>\u00a0Politika: Hirurg Kodra: Presa\u0111ivali smo organe u bolnici \u201eMajka Tereza\u201d, 25. decembar 2010.<\/span><\/li>\n<li id=\"cite_note-8\"><span class=\"mw-cite-backlink\"><a title=\"Vrati se na vrh\" href=\"https:\/\/sh.wikipedia.org\/wiki\/Trgovina_ljudskim_organima_na_Kosovu#cite_ref-8\" aria-label=\"Vrati se na vrh\">\u2191<\/a><\/span>\u00a0<span class=\"reference-text\"><a class=\"external free\" href=\"http:\/\/assembly.coe.int\/ASP\/APFeaturesManager\/defaultArtSiteView.asp?ID=964\" rel=\"nofollow\">http:\/\/assembly.coe.int\/ASP\/APFeaturesManager\/defaultArtSiteView.asp?ID=964<\/a><\/span><\/li>\n<li id=\"cite_note-9\"><span class=\"mw-cite-backlink\"><a title=\"Vrati se na vrh\" href=\"https:\/\/sh.wikipedia.org\/wiki\/Trgovina_ljudskim_organima_na_Kosovu#cite_ref-9\" aria-label=\"Vrati se na vrh\">\u2191<\/a><\/span>\u00a0<span class=\"reference-text\"><a class=\"external free\" href=\"http:\/\/www.guardian.co.uk\/world\/2010\/dec\/14\/kosovo-prime-minister-llike-mafia-boss\" rel=\"nofollow\">http:\/\/www.guardian.co.uk\/world\/2010\/dec\/14\/kosovo-prime-minister-llike-mafia-boss<\/a><\/span><\/li>\n<li id=\"cite_note-10\"><span class=\"mw-cite-backlink\"><a title=\"Vrati se na vrh\" href=\"https:\/\/sh.wikipedia.org\/wiki\/Trgovina_ljudskim_organima_na_Kosovu#cite_ref-10\" aria-label=\"Vrati se na vrh\">\u2191<\/a><\/span>\u00a0<span class=\"reference-text\"><a class=\"external free\" href=\"http:\/\/diepresse.com\/home\/politik\/aussenpolitik\/618705\/OrganhandelVorwurf-gegen-Thaci_EU-fordert-Beweise?_vl_backlink=%2Fhome%2Fpolitik%2Findex.do\" rel=\"nofollow\">http:\/\/diepresse.com\/home\/politik\/aussenpolitik\/618705\/OrganhandelVorwurf-gegen-Thaci_EU-fordert-Beweise?_vl_backlink=%2Fhome%2Fpolitik%2Findex.do<\/a><\/span><\/li>\n<li id=\"cite_note-11\"><span class=\"mw-cite-backlink\"><a title=\"Vrati se na vrh\" href=\"https:\/\/sh.wikipedia.org\/wiki\/Trgovina_ljudskim_organima_na_Kosovu#cite_ref-11\" aria-label=\"Vrati se na vrh\">\u2191<\/a><\/span>\u00a0<span class=\"reference-text\"><a class=\"external free\" href=\"http:\/\/zdravlje.b92.net\/eng\/news\/in_focus.php?id=91&amp;start=0&amp;nav_id=70827\" rel=\"nofollow\">http:\/\/zdravlje.b92.net\/eng\/news\/in_focus.php?id=91&amp;start=0&amp;nav_id=70827<\/a><\/span><\/li>\n<li id=\"cite_note-12\"><span class=\"mw-cite-backlink\"><a title=\"Vrati se na vrh\" href=\"https:\/\/sh.wikipedia.org\/wiki\/Trgovina_ljudskim_organima_na_Kosovu#cite_ref-12\" aria-label=\"Vrati se na vrh\">\u2191<\/a><\/span>\u00a0<span class=\"reference-text\"><a class=\"external text\" href=\"http:\/\/www.rts.rs\/page\/stories\/ci\/story\/134\/Hronika\/825110\/Uhap%C5%A1en+%22doktor+Franken%C5%A1tajn%22.html\" rel=\"nofollow\">RTS: Uhap\u0161en &#8222;doktor Franken\u0161tajn&#8220;, 11. januar 2011.<\/a><\/span><\/li>\n<li id=\"cite_note-Euleks_otvara_proces_protiv_trgovaca_ljudskim_organima-13\"><span class=\"mw-cite-backlink\">\u2191\u00a0<sup><a href=\"https:\/\/sh.wikipedia.org\/wiki\/Trgovina_ljudskim_organima_na_Kosovu#cite_ref-Euleks_otvara_proces_protiv_trgovaca_ljudskim_organima_13-0\"><span class=\"cite-accessibility-label\">Vrati se na:<\/span>13,0<\/a><\/sup><sup><a href=\"https:\/\/sh.wikipedia.org\/wiki\/Trgovina_ljudskim_organima_na_Kosovu#cite_ref-Euleks_otvara_proces_protiv_trgovaca_ljudskim_organima_13-1\">13,1<\/a><\/sup><sup><a href=\"https:\/\/sh.wikipedia.org\/wiki\/Trgovina_ljudskim_organima_na_Kosovu#cite_ref-Euleks_otvara_proces_protiv_trgovaca_ljudskim_organima_13-2\">13,2<\/a><\/sup><\/span>\u00a0<span class=\"reference-text\"><a class=\"external text\" href=\"http:\/\/rtrs.tv\/vijesti\/vijest.php?id=36644\" rel=\"nofollow\">Radio televizija Republike Srpske: Euleks otvara proces protiv trgovaca ljudskim organima, 4.3.2011.<\/a><span title=\"srpskohrvatski jezik\">(<kbd>sh<\/kbd>)<\/span><\/span><\/li>\n<\/ol>\n<\/div>\n<h2><span id=\"Vidi_jo\u0161\" class=\"mw-headline\">Vidi jo\u0161<\/span><\/h2>\n<ul>\n<li><a title=\"Ratni zlo\u010dini u Kosovskom ratu\" href=\"https:\/\/sh.wikipedia.org\/wiki\/Ratni_zlo%C4%8Dini_u_Kosovskom_ratu\">Ratni zlo\u010dini u Kosovskom ratu<\/a><\/li>\n<li><a title=\"Me\u0111unarodni krivi\u010dni sud za biv\u0161u Jugoslaviju\" href=\"https:\/\/sh.wikipedia.org\/wiki\/Me%C4%91unarodni_krivi%C4%8Dni_sud_za_biv%C5%A1u_Jugoslaviju\">Ha\u0161ki tribunal<\/a><\/li>\n<li><a title=\"Carla Del Ponte\" href=\"https:\/\/sh.wikipedia.org\/wiki\/Carla_Del_Ponte\">Karla del Ponte<\/a><\/li>\n<li><a class=\"new\" title=\"Dik Marti (stranica ne postoji)\" href=\"https:\/\/sh.wikipedia.org\/w\/index.php?title=Dik_Marti&amp;action=edit&amp;redlink=1\">Dik Marti<\/a><\/li>\n<li><a title=\"Hashim Tha\u00e7i\" href=\"https:\/\/sh.wikipedia.org\/wiki\/Hashim_Tha%C3%A7i\">Ha\u0161im Ta\u010di<\/a><\/li>\n<li><a class=\"new\" title=\"Lov: Ja i ratni zlo\u010dinci (stranica ne postoji)\" href=\"https:\/\/sh.wikipedia.org\/w\/index.php?title=Lov:_Ja_i_ratni_zlo%C4%8Dinci&amp;action=edit&amp;redlink=1\">Lov: Ja i ratni zlo\u010dinci<\/a><\/li>\n<\/ul>\n<h2><span id=\"Spolja\u0161nje_veze\" class=\"mw-headline\">Linkovi<\/span><\/h2>\n<ul>\n<li><a class=\"external text\" href=\"http:\/\/assembly.coe.int\/ASP\/APFeaturesManager\/defaultArtSiteView.asp?ID=964\" rel=\"nofollow\">Tekst izve\u0161taja 12. decembar 2010.<\/a>\u00a0<span title=\"engleski jezik\">(<kbd>en<\/kbd>)<\/span><\/li>\n<li><a class=\"external text\" href=\"http:\/\/www.rtrs.tv\/vijesti\/vijest.php?id=32862\" rel=\"nofollow\">Radio televizija Republike Srpske: OTETIM KOSOVSKIM SRBIMA ORGANI VA\u0110ENI U BOLNICAMA 17.12.2010.<\/a>\u00a0<span title=\"srpskohrvatski jezik\">(<kbd>sh<\/kbd>)<\/span><\/li>\n<li><a class=\"external text\" href=\"http:\/\/www.pecat.co.rs\/2010\/12\/smilja-avramov-repriza-ausvica-u-reziji-tacija\/\" rel=\"nofollow\">Pe\u010dat: Repriza Au\u0161vica u re\u017eiji Ta\u010dija<\/a>\u00a0<span title=\"srpskohrvatski jezik\">(<kbd>sh<\/kbd>)<\/span><\/li>\n<li><a class=\"external text\" href=\"http:\/\/www.rtrs.tv\/\/vijesti\/vijest.php?id=33264\" rel=\"nofollow\">Radio televizija Republike Srpske: ORGANI VA\u0110ENI U BOLNICAMA OVK 25.12.2010.<\/a>\u00a0<span title=\"srpskohrvatski jezik\">(<kbd>sh<\/kbd>)<\/span><\/li>\n<\/ul>\n<\/div>\n<\/div>\n<\/div>\n<p>&nbsp;<\/p>\n<p><iframe title=\"Marker: 2 dan sednice o Kosovu, o kosovskom Spec. ve\u0107u i tu\u017eila\u0161tvu i potrazi za zlatom (2.2.2023)\" width=\"800\" height=\"450\" src=\"https:\/\/www.youtube.com\/embed\/AkdFW_xUDlQ?start=400&#038;feature=oembed&#038;enablejsapi=1&#038;origin=https:\/\/crnaknjiga.com\" frameborder=\"0\" allow=\"accelerometer; autoplay; clipboard-write; encrypted-media; gyroscope; picture-in-picture; web-share\" allowfullscreen><\/iframe><\/p>\n<p><iframe title=\"\u010cetvrt veka posle zlo\u010dina bez optu\u017enice o trgovini organima u Albaniji\" width=\"800\" height=\"450\" src=\"https:\/\/www.youtube.com\/embed\/DyE0xcYnm3s?feature=oembed&#038;enablejsapi=1&#038;origin=https:\/\/crnaknjiga.com\" frameborder=\"0\" allow=\"accelerometer; autoplay; clipboard-write; encrypted-media; gyroscope; picture-in-picture; web-share\" allowfullscreen><\/iframe><\/p>","protected":false},"featured_media":1394,"template":"","class_list":["post-1393","afere","type-afere","status-publish","has-post-thumbnail","hentry"],"acf":[],"_links":{"self":[{"href":"https:\/\/crnaknjiga.com\/en\/wp-json\/wp\/v2\/afere\/1393","targetHints":{"allow":["GET"]}}],"collection":[{"href":"https:\/\/crnaknjiga.com\/en\/wp-json\/wp\/v2\/afere"}],"about":[{"href":"https:\/\/crnaknjiga.com\/en\/wp-json\/wp\/v2\/types\/afere"}],"wp:featuredmedia":[{"embeddable":true,"href":"https:\/\/crnaknjiga.com\/en\/wp-json\/wp\/v2\/media\/1394"}],"wp:attachment":[{"href":"https:\/\/crnaknjiga.com\/en\/wp-json\/wp\/v2\/media?parent=1393"}],"curies":[{"name":"wp","href":"https:\/\/api.w.org\/{rel}","templated":true}]}}